{"id":1010,"date":"2013-04-03T16:05:52","date_gmt":"2013-04-03T16:05:52","guid":{"rendered":"http:\/\/www.kriesi.at\/themes\/enfold\/?page_id=1010"},"modified":"2013-04-03T16:05:52","modified_gmt":"2013-04-03T16:05:52","slug":"blog-multi-author","status":"publish","type":"page","link":"https:\/\/www.andalusien-urlaub.eu\/blog\/blog\/blog-multi-author\/","title":{"rendered":"Blog Multi Author"},"content":{"rendered":"<div  class='av-alb-blogposts template-blog  av-blog-meta-author-disabled '  itemscope=\"itemscope\" itemtype=\"https:\/\/schema.org\/Blog\" ><article class=\"post-entry post-entry-type-standard post-entry-6132 post-loop-1 post-parity-odd multi-big with-slider post-6132 post type-post status-publish format-standard has-post-thumbnail hentry category-allgemein\"  itemscope=\"itemscope\" itemtype=\"https:\/\/schema.org\/BlogPosting\" ><div class=\"blog-meta\"><a href='https:\/\/www.andalusien-urlaub.eu\/blog\/author\/jamal\/' class='post-author-format-type'><span class='rounded-container'><img loading=\"lazy\" decoding=\"async\" alt='J\u00fcrgen' src=\"https:\/\/secure.gravatar.com\/avatar\/4d994b0f3a6eb417aae9a837d0e606617f5fd7ba92f306bb2028b6b5fb9d3d07?s=81&#038;d=blank&#038;r=g\" srcset='https:\/\/secure.gravatar.com\/avatar\/4d994b0f3a6eb417aae9a837d0e606617f5fd7ba92f306bb2028b6b5fb9d3d07?s=162&#038;d=blank&#038;r=g 2x' class='avatar avatar-81 photo' height=\"81\" width=\"81\" \/><span class='iconfont avia-svg-icon avia-font-svg_entypo-fontello' data-av_svg_icon='pencil' data-av_iconset='svg_entypo-fontello' ><svg version=\"1.1\" xmlns=\"http:\/\/www.w3.org\/2000\/svg\" width=\"25\" height=\"32\" viewBox=\"0 0 25 32\" preserveAspectRatio=\"xMidYMid meet\" role=\"graphics-symbol\" aria-hidden=\"true\">\n<path d=\"M22.976 5.44q1.024 1.024 1.504 2.048t0.48 1.536v0.512l-8.064 8.064-9.28 9.216-7.616 1.664 1.6-7.68 9.28-9.216 8.064-8.064q1.728-0.384 4.032 1.92zM7.168 25.92l0.768-0.768q-0.064-1.408-1.664-3.008-0.704-0.704-1.44-1.12t-1.12-0.416l-0.448-0.064-0.704 0.768-0.576 2.56q0.896 0.512 1.472 1.088 0.768 0.768 1.152 1.536z\"><\/path>\n<\/svg><\/span><\/span><\/a><\/div><div class='entry-content-wrapper clearfix standard-content'><header class=\"entry-content-header\" aria-label=\"Post: Wenn der Strafzettel aus Spanien nach Hause kommt\"><div class=\"av-heading-wrapper\"><h2 class='post-title entry-title '  itemprop=\"headline\" ><a href=\"https:\/\/www.andalusien-urlaub.eu\/blog\/allgemein\/wenn-der-strafzettel-aus-spanien-nach-hause-kommt\/\" rel=\"bookmark\" title=\"Permanenter Link zu: Wenn der Strafzettel aus Spanien nach Hause kommt\">Wenn der Strafzettel aus Spanien nach Hause kommt<span class=\"post-format-icon minor-meta\"><\/span><\/a><\/h2><span class=\"blog-categories minor-meta\"><a href=\"https:\/\/www.andalusien-urlaub.eu\/blog\/category\/allgemein\/\" rel=\"tag\">Andalusien<\/a><\/span><\/div><\/header><span class=\"av-vertical-delimiter\"><\/span><div class=\"big-preview multi-big\"  itemprop=\"image\" itemscope=\"itemscope\" itemtype=\"https:\/\/schema.org\/ImageObject\" ><a href=\"https:\/\/www.andalusien-urlaub.eu\/blog\/allgemein\/wenn-der-strafzettel-aus-spanien-nach-hause-kommt\/\"  title=\"DSC01513\" ><img decoding=\"async\" loading=\"lazy\" width=\"845\" height=\"321\" src=\"https:\/\/i0.wp.com\/www.andalusien-urlaub.eu\/blog\/wp-content\/uploads\/DSC01513.jpg?resize=845%2C321&amp;ssl=1\" class=\"wp-image-6151 avia-img-lazy-loading-6151 attachment-entry_with_sidebar size-entry_with_sidebar wp-post-image\" alt=\"\" data-attachment-id=\"6151\" data-permalink=\"https:\/\/www.andalusien-urlaub.eu\/blog\/allgemein\/wenn-der-strafzettel-aus-spanien-nach-hause-kommt\/attachment\/dsc01513\/\" data-orig-file=\"https:\/\/i0.wp.com\/www.andalusien-urlaub.eu\/blog\/wp-content\/uploads\/DSC01513.jpg?fit=1024%2C768&amp;ssl=1\" data-orig-size=\"1024,768\" data-comments-opened=\"1\" data-image-meta=\"{&quot;aperture&quot;:&quot;0&quot;,&quot;credit&quot;:&quot;&quot;,&quot;camera&quot;:&quot;&quot;,&quot;caption&quot;:&quot;&quot;,&quot;created_timestamp&quot;:&quot;1315067650&quot;,&quot;copyright&quot;:&quot;&quot;,&quot;focal_length&quot;:&quot;0&quot;,&quot;iso&quot;:&quot;0&quot;,&quot;shutter_speed&quot;:&quot;0&quot;,&quot;title&quot;:&quot;&quot;,&quot;orientation&quot;:&quot;1&quot;}\" data-image-title=\"DSC01513\" data-image-description=\"\" data-image-caption=\"\" data-medium-file=\"https:\/\/i0.wp.com\/www.andalusien-urlaub.eu\/blog\/wp-content\/uploads\/DSC01513.jpg?fit=600%2C450&amp;ssl=1\" data-large-file=\"https:\/\/i0.wp.com\/www.andalusien-urlaub.eu\/blog\/wp-content\/uploads\/DSC01513.jpg?fit=1024%2C768&amp;ssl=1\" \/><\/a><\/div><div class=\"entry-content\"  itemprop=\"text\" ><div class=\"read-more-link\"><a href=\"https:\/\/www.andalusien-urlaub.eu\/blog\/allgemein\/wenn-der-strafzettel-aus-spanien-nach-hause-kommt\/\" class=\"more-link\">Weiterlesen<span class='more-link-arrow avia-svg-icon avia-font-svg_entypo-fontello' data-av_svg_icon='right-open-big' data-av_iconset='svg_entypo-fontello'><svg version=\"1.1\" xmlns=\"http:\/\/www.w3.org\/2000\/svg\" width=\"15\" height=\"32\" viewBox=\"0 0 15 32\" preserveAspectRatio=\"xMidYMid meet\" role=\"graphics-symbol\" aria-hidden=\"true\">\n<path d=\"M0.416 27.84l11.456-11.84-11.456-11.904q-0.832-0.832 0-1.536 0.832-0.832 1.536 0l12.544 12.608q0.768 0.832 0 1.6l-12.544 12.608q-0.704 0.832-1.536 0-0.832-0.704 0-1.536z\"><\/path>\n<\/svg><\/span><\/a><\/div>\n<\/div><span class=\"post-meta-infos\"><time class=\"date-container minor-meta updated\"  itemprop=\"datePublished\" datetime=\"2026-02-18T16:07:47+01:00\" >18. Februar 2026<\/time><span class=\"text-sep\">\/<\/span><span class=\"comment-container minor-meta\"><a href=\"https:\/\/www.andalusien-urlaub.eu\/blog\/allgemein\/wenn-der-strafzettel-aus-spanien-nach-hause-kommt\/#respond\" class=\"comments-link\" >0 Kommentare<\/a><\/span><\/span><footer class=\"entry-footer\"><\/footer><div class='post_delimiter'><\/div><\/div><div class=\"post_author_timeline\"><\/div><span class='hidden'>\n\t\t\t\t<span class='av-structured-data'  itemprop=\"image\" itemscope=\"itemscope\" itemtype=\"https:\/\/schema.org\/ImageObject\" >\n\t\t\t\t\t\t<span itemprop='url'>https:\/\/i0.wp.com\/www.andalusien-urlaub.eu\/blog\/wp-content\/uploads\/DSC01513.jpg?fit=1024%2C768&ssl=1<\/span>\n\t\t\t\t\t\t<span itemprop='height'>768<\/span>\n\t\t\t\t\t\t<span itemprop='width'>1024<\/span>\n\t\t\t\t<\/span>\n\t\t\t\t<span class='av-structured-data'  itemprop=\"publisher\" itemtype=\"https:\/\/schema.org\/Organization\" itemscope=\"itemscope\" >\n\t\t\t\t\t\t<span itemprop='name'>J\u00fcrgen<\/span>\n\t\t\t\t\t\t<span itemprop='logo' itemscope itemtype='https:\/\/schema.org\/ImageObject'>\n\t\t\t\t\t\t\t<span itemprop='url'>https:\/\/www.andalusien-urlaub.eu\/images\/andalusien-entdecken.png<\/span>\n\t\t\t\t\t\t<\/span>\n\t\t\t\t<\/span><span class='av-structured-data'  itemprop=\"author\" itemscope=\"itemscope\" itemtype=\"https:\/\/schema.org\/Person\" ><span itemprop='name'>J\u00fcrgen<\/span><\/span><span class='av-structured-data'  itemprop=\"datePublished\" datetime=\"2026-02-18T16:07:47+01:00\" >2026-02-18 16:07:47<\/span><span class='av-structured-data'  itemprop=\"dateModified\" itemtype=\"https:\/\/schema.org\/dateModified\" >2026-02-20 16:03:19<\/span><span class='av-structured-data'  itemprop=\"mainEntityOfPage\" itemtype=\"https:\/\/schema.org\/mainEntityOfPage\" ><span itemprop='name'>Wenn der Strafzettel aus Spanien nach Hause kommt<\/span><\/span><\/span><\/article><article class=\"post-entry post-entry-type-standard post-entry-6109 post-loop-2 post-parity-even multi-big with-slider post-6109 post type-post status-publish format-standard has-post-thumbnail hentry category-allgemein category-malaga-3 category-malaga-stadt\"  itemscope=\"itemscope\" itemtype=\"https:\/\/schema.org\/BlogPosting\" ><div class=\"blog-meta\"><a href='https:\/\/www.andalusien-urlaub.eu\/blog\/author\/karina\/' class='post-author-format-type'><span class='rounded-container'><img loading=\"lazy\" decoding=\"async\" alt='Karina Heitmann' src=\"https:\/\/secure.gravatar.com\/avatar\/ee0e52b677ff2c4e334c9ef1d071d688b2e5323dab4e87258ce1449993c0b7b8?s=81&#038;d=blank&#038;r=g\" srcset='https:\/\/secure.gravatar.com\/avatar\/ee0e52b677ff2c4e334c9ef1d071d688b2e5323dab4e87258ce1449993c0b7b8?s=162&#038;d=blank&#038;r=g 2x' class='avatar avatar-81 photo' height=\"81\" width=\"81\" \/><span class='iconfont avia-svg-icon avia-font-svg_entypo-fontello' data-av_svg_icon='pencil' data-av_iconset='svg_entypo-fontello' ><svg version=\"1.1\" xmlns=\"http:\/\/www.w3.org\/2000\/svg\" width=\"25\" height=\"32\" viewBox=\"0 0 25 32\" preserveAspectRatio=\"xMidYMid meet\" role=\"graphics-symbol\" aria-hidden=\"true\">\n<path d=\"M22.976 5.44q1.024 1.024 1.504 2.048t0.48 1.536v0.512l-8.064 8.064-9.28 9.216-7.616 1.664 1.6-7.68 9.28-9.216 8.064-8.064q1.728-0.384 4.032 1.92zM7.168 25.92l0.768-0.768q-0.064-1.408-1.664-3.008-0.704-0.704-1.44-1.12t-1.12-0.416l-0.448-0.064-0.704 0.768-0.576 2.56q0.896 0.512 1.472 1.088 0.768 0.768 1.152 1.536z\"><\/path>\n<\/svg><\/span><\/span><\/a><\/div><div class='entry-content-wrapper clearfix standard-content'><header class=\"entry-content-header\" aria-label=\"Post: Historische Bauwerke M\u00e1lagas\"><div class=\"av-heading-wrapper\"><h2 class='post-title entry-title '  itemprop=\"headline\" ><a href=\"https:\/\/www.andalusien-urlaub.eu\/blog\/malaga-3\/malaga-stadt\/historische-bauwerke-malagas\/\" rel=\"bookmark\" title=\"Permanenter Link zu: Historische Bauwerke M\u00e1lagas\">Historische Bauwerke M\u00e1lagas<span class=\"post-format-icon minor-meta\"><\/span><\/a><\/h2><span class=\"blog-categories minor-meta\"><a href=\"https:\/\/www.andalusien-urlaub.eu\/blog\/category\/allgemein\/\" rel=\"tag\">Andalusien<\/a>, <a href=\"https:\/\/www.andalusien-urlaub.eu\/blog\/category\/malaga-3\/\" rel=\"tag\">M\u00e1laga<\/a>, <a href=\"https:\/\/www.andalusien-urlaub.eu\/blog\/category\/malaga-3\/malaga-stadt\/\" rel=\"tag\">M\u00e1laga Stadt<\/a><\/span><\/div><\/header><span class=\"av-vertical-delimiter\"><\/span><div class=\"big-preview multi-big\"  itemprop=\"image\" itemscope=\"itemscope\" itemtype=\"https:\/\/schema.org\/ImageObject\" ><a href=\"https:\/\/www.andalusien-urlaub.eu\/blog\/malaga-3\/malaga-stadt\/historische-bauwerke-malagas\/\"  title=\"Blick auf die Kathedrale und die Alcazaba\" ><img decoding=\"async\" loading=\"lazy\" width=\"845\" height=\"321\" src=\"https:\/\/i0.wp.com\/www.andalusien-urlaub.eu\/blog\/wp-content\/uploads\/20250212_114432.jpg?resize=845%2C321&amp;ssl=1\" class=\"wp-image-6155 avia-img-lazy-loading-6155 attachment-entry_with_sidebar size-entry_with_sidebar wp-post-image\" alt=\"M\u00e1laga\" data-attachment-id=\"6155\" data-permalink=\"https:\/\/www.andalusien-urlaub.eu\/blog\/?attachment_id=6155\" data-orig-file=\"https:\/\/i0.wp.com\/www.andalusien-urlaub.eu\/blog\/wp-content\/uploads\/20250212_114432.jpg?fit=1024%2C485&amp;ssl=1\" data-orig-size=\"1024,485\" data-comments-opened=\"1\" data-image-meta=\"{&quot;aperture&quot;:&quot;0&quot;,&quot;credit&quot;:&quot;&quot;,&quot;camera&quot;:&quot;&quot;,&quot;caption&quot;:&quot;&quot;,&quot;created_timestamp&quot;:&quot;1739360672&quot;,&quot;copyright&quot;:&quot;&quot;,&quot;focal_length&quot;:&quot;0&quot;,&quot;iso&quot;:&quot;0&quot;,&quot;shutter_speed&quot;:&quot;0&quot;,&quot;title&quot;:&quot;&quot;,&quot;orientation&quot;:&quot;1&quot;}\" data-image-title=\"20250212_114432\" data-image-description=\"\" data-image-caption=\"&lt;p&gt;Blick auf die Kathedrale und die Alcazaba&lt;\/p&gt;\n\" data-medium-file=\"https:\/\/i0.wp.com\/www.andalusien-urlaub.eu\/blog\/wp-content\/uploads\/20250212_114432.jpg?fit=600%2C284&amp;ssl=1\" data-large-file=\"https:\/\/i0.wp.com\/www.andalusien-urlaub.eu\/blog\/wp-content\/uploads\/20250212_114432.jpg?fit=1024%2C485&amp;ssl=1\" \/><\/a><\/div><div class=\"entry-content\"  itemprop=\"text\" >\n<p>Die vier gr\u00f6\u00dften historischen Geb\u00e4ude M\u00e1lagas befinden sich alle sehr nah beieinander und mitten im Zentrum von M\u00e1laga.<\/p>\n\n\n\n<h3 class=\"wp-block-heading\">Santa Iglesia Catedral Bas\u00edlica de la Encarnaci\u00f3n &#8211; Die Kathedrale von M\u00e1laga<\/h3>\n\n\n\n<p>Im Renaissance Stil auf den Ruinen einer ehemaligen Moschee ab 1528 erbaut, ist die <a href=\"https:\/\/malagacatedral.com\/cultural-visit\/\">Kathedrale von M\u00e1laga<\/a> bis heute unvollendet, da 1782 das Budget der Stadt ersch\u00f6pft war und der s\u00fcdliche Turm der Kathedrale nicht vollendet werden konnte. Die Bewohner M\u00e1lagas benannten sie daher mit der Verniedlichungsform von &#8222;die Einarmige&#8220; : La Manquita.&nbsp;&nbsp;<\/p>\n\n\n\n<figure class=\"wp-block-image size-full\"><img data-recalc-dims=\"1\" loading=\"lazy\" decoding=\"async\" width=\"376\" height=\"600\" data-attachment-id=\"6128\" data-permalink=\"https:\/\/www.andalusien-urlaub.eu\/blog\/malaga-3\/malaga-stadt\/historische-bauwerke-malagas\/attachment\/katerdrale-4\/\" data-orig-file=\"https:\/\/i0.wp.com\/www.andalusien-urlaub.eu\/blog\/wp-content\/uploads\/Katerdrale-1-2.jpg?fit=376%2C600&amp;ssl=1\" data-orig-size=\"376,600\" data-comments-opened=\"1\" data-image-meta=\"{&quot;aperture&quot;:&quot;2.4&quot;,&quot;credit&quot;:&quot;Picasa&quot;,&quot;camera&quot;:&quot;SM-G973F&quot;,&quot;caption&quot;:&quot;&quot;,&quot;created_timestamp&quot;:&quot;1739366052&quot;,&quot;copyright&quot;:&quot;&quot;,&quot;focal_length&quot;:&quot;4.32&quot;,&quot;iso&quot;:&quot;50&quot;,&quot;shutter_speed&quot;:&quot;0.0015290519877676&quot;,&quot;title&quot;:&quot;&quot;,&quot;orientation&quot;:&quot;0&quot;}\" data-image-title=\"Katerdrale-\" data-image-description=\"\" data-image-caption=\"\" data-medium-file=\"https:\/\/i0.wp.com\/www.andalusien-urlaub.eu\/blog\/wp-content\/uploads\/Katerdrale-1-2.jpg?fit=376%2C600&amp;ssl=1\" data-large-file=\"https:\/\/i0.wp.com\/www.andalusien-urlaub.eu\/blog\/wp-content\/uploads\/Katerdrale-1-2.jpg?fit=376%2C600&amp;ssl=1\" src=\"https:\/\/i0.wp.com\/www.andalusien-urlaub.eu\/blog\/wp-content\/uploads\/Katerdrale-1-2.jpg?resize=376%2C600&#038;ssl=1\" alt=\"\" class=\"wp-image-6128\" srcset=\"https:\/\/i0.wp.com\/www.andalusien-urlaub.eu\/blog\/wp-content\/uploads\/Katerdrale-1-2.jpg?w=376&amp;ssl=1 376w, https:\/\/i0.wp.com\/www.andalusien-urlaub.eu\/blog\/wp-content\/uploads\/Katerdrale-1-2.jpg?resize=50%2C80&amp;ssl=1 50w\" sizes=\"auto, (max-width: 376px) 100vw, 376px\" \/><\/figure>\n\n\n\n<p>Adresse: Calle Molina Lario, 9 \u2013 im Zentrum<\/p>\n\n\n\n<p>Ge\u00f6ffnet: Mo \u2013 Fr 10:00 \u2013 20 h, Sa 10:00 \u2013 18:00 h und So: 14:00 \u2013 18:00 h<\/p>\n\n\n\n<p>Eintritt 2024 inklusive Audioguide: 10,- Euro, Senioren 9,- Euro<\/p>\n\n\n\n<h3 class=\"wp-block-heading\"><strong>&nbsp;Die Alcazaba, die ehemalige Festung M\u00e1lagas<\/strong><\/h3>\n\n\n\n<figure class=\"wp-block-image size-full is-resized\"><img data-recalc-dims=\"1\" loading=\"lazy\" decoding=\"async\" width=\"1024\" height=\"484\" data-attachment-id=\"6120\" data-permalink=\"https:\/\/www.andalusien-urlaub.eu\/blog\/malaga-3\/malaga-stadt\/historische-bauwerke-malagas\/attachment\/alcazaba\/\" data-orig-file=\"https:\/\/i0.wp.com\/www.andalusien-urlaub.eu\/blog\/wp-content\/uploads\/Alcazaba.jpg?fit=1024%2C484&amp;ssl=1\" data-orig-size=\"1024,484\" data-comments-opened=\"1\" data-image-meta=\"{&quot;aperture&quot;:&quot;2.4&quot;,&quot;credit&quot;:&quot;&quot;,&quot;camera&quot;:&quot;SM-G973F&quot;,&quot;caption&quot;:&quot;&quot;,&quot;created_timestamp&quot;:&quot;1739360678&quot;,&quot;copyright&quot;:&quot;&quot;,&quot;focal_length&quot;:&quot;4.32&quot;,&quot;iso&quot;:&quot;50&quot;,&quot;shutter_speed&quot;:&quot;0.00059665871121718&quot;,&quot;title&quot;:&quot;&quot;,&quot;orientation&quot;:&quot;1&quot;}\" data-image-title=\"Alcazaba\" data-image-description=\"\" data-image-caption=\"\" data-medium-file=\"https:\/\/i0.wp.com\/www.andalusien-urlaub.eu\/blog\/wp-content\/uploads\/Alcazaba.jpg?fit=600%2C284&amp;ssl=1\" data-large-file=\"https:\/\/i0.wp.com\/www.andalusien-urlaub.eu\/blog\/wp-content\/uploads\/Alcazaba.jpg?fit=1024%2C484&amp;ssl=1\" src=\"https:\/\/i0.wp.com\/www.andalusien-urlaub.eu\/blog\/wp-content\/uploads\/Alcazaba.jpg?resize=1024%2C484&#038;ssl=1\" alt=\"\" class=\"wp-image-6120\" style=\"width:800px;height:auto\" srcset=\"https:\/\/i0.wp.com\/www.andalusien-urlaub.eu\/blog\/wp-content\/uploads\/Alcazaba.jpg?w=1024&amp;ssl=1 1024w, https:\/\/i0.wp.com\/www.andalusien-urlaub.eu\/blog\/wp-content\/uploads\/Alcazaba.jpg?resize=600%2C284&amp;ssl=1 600w, https:\/\/i0.wp.com\/www.andalusien-urlaub.eu\/blog\/wp-content\/uploads\/Alcazaba.jpg?resize=80%2C38&amp;ssl=1 80w, https:\/\/i0.wp.com\/www.andalusien-urlaub.eu\/blog\/wp-content\/uploads\/Alcazaba.jpg?resize=768%2C363&amp;ssl=1 768w, https:\/\/i0.wp.com\/www.andalusien-urlaub.eu\/blog\/wp-content\/uploads\/Alcazaba.jpg?resize=705%2C333&amp;ssl=1 705w\" sizes=\"auto, (max-width: 1024px) 100vw, 1024px\" \/><\/figure>\n\n\n\n<p>Die <a href=\"https:\/\/alcazabaygibralfaro.malaga.eu\/de\/visitas\/alcazaba\/\"><strong>Alcazaba <\/strong><\/a>wurde w\u00e4hrend der Regierungszeit des Maurensultans B\u0101d\u012bs errichtet. Als ehemalige Festung wurde sie zwischen dem 11. und 15. Jahrhundert auf den Resten einer ph\u00f6nizischen Burg erbaut. Heute befindet sich in der Burg ein Saal, in dem Keramiken aus der islamischen Zeit M\u00e1lagas ausgestellt sind.<\/p>\n\n\n\n<p><a href=\"https:\/\/maps.app.goo.gl\/hw1McYim1CHVondu8\">Adresse<\/a>: C\/ Alcazabilla, 2 \u2013 im Zentrum<\/p>\n\n\n\n<p>\u00d6ffnungszeiten:<\/p>\n\n\n\n<p>Vom 01. November bis zum 31.M\u00e4rz  Mo \u2013 Fr 09:00 \u2013 18:00 Uhr, letzter Einlass um 17:15 Uhr<\/p>\n\n\n\n<p>Vom 01. April bis zum 31. Oktober von 09:00 bis 20:00 Uhr, letzter Einlass um 19:15 Uhr<\/p>\n\n\n\n<p>Eintrittspreis Normaltarif 2025: 3,50 Euro<\/p>\n\n\n\n<h4 class=\"wp-block-heading\">Die <strong>Alcazaba<\/strong> geh\u00f6rt zusammen mit der <strong>Burg Gibralfaro <\/strong>(<strong>\u201eCastillo de Gibralfaro\u201c<\/strong>) und dem <strong>r\u00f6mischen Theater (\u201eTeatro Romano\u201c)<\/strong> zu den wichtigsten Denkm\u00e4lern der Stadt.<\/h4>\n\n\n\n<p><\/p>\n\n\n\n<h3 class=\"wp-block-heading\">Castillo del Gibralfaro &#8211; die Burg Gibralfaro<\/h3>\n\n\n\n<p>Die <strong><a href=\"https:\/\/alcazabaygibralfaro.malaga.eu\/de\/die-burg-von-gibralfaro\/geschichte\/\">Burg Gibralfaro<\/a><\/strong> befindet sich oberhalb der Alcazaba wurde 1998 im Geb\u00e4ude der ehemaligen Pulverkammer ein <a href=\"https:\/\/alcazabaygibralfaro.malaga.eu\/de\/die-burg-von-gibralfaro\/interpretationszentrum\/\">Interpretationszentrum<\/a> er\u00f6ffnet, in dem das Leben in der Burg als Milit\u00e4rquartier und K\u00fcstenwache zwischen 1487 bis 1925 erkl\u00e4rt wird.<\/p>\n\n\n\n<figure class=\"wp-block-image size-large\"><img data-recalc-dims=\"1\" loading=\"lazy\" decoding=\"async\" width=\"1030\" height=\"543\" data-attachment-id=\"6122\" data-permalink=\"https:\/\/www.andalusien-urlaub.eu\/blog\/malaga-3\/malaga-stadt\/historische-bauwerke-malagas\/attachment\/gibralfaro\/\" data-orig-file=\"https:\/\/i0.wp.com\/www.andalusien-urlaub.eu\/blog\/wp-content\/uploads\/Gibralfaro.jpg?fit=2309%2C1217&amp;ssl=1\" data-orig-size=\"2309,1217\" data-comments-opened=\"1\" data-image-meta=\"{&quot;aperture&quot;:&quot;2.4&quot;,&quot;credit&quot;:&quot;&quot;,&quot;camera&quot;:&quot;SM-G973F&quot;,&quot;caption&quot;:&quot;&quot;,&quot;created_timestamp&quot;:&quot;1739360090&quot;,&quot;copyright&quot;:&quot;&quot;,&quot;focal_length&quot;:&quot;6&quot;,&quot;iso&quot;:&quot;50&quot;,&quot;shutter_speed&quot;:&quot;0.0020703933747412&quot;,&quot;title&quot;:&quot;&quot;,&quot;orientation&quot;:&quot;1&quot;}\" data-image-title=\"Gibralfaro\" data-image-description=\"\" data-image-caption=\"\" data-medium-file=\"https:\/\/i0.wp.com\/www.andalusien-urlaub.eu\/blog\/wp-content\/uploads\/Gibralfaro.jpg?fit=600%2C316&amp;ssl=1\" data-large-file=\"https:\/\/i0.wp.com\/www.andalusien-urlaub.eu\/blog\/wp-content\/uploads\/Gibralfaro.jpg?fit=1030%2C543&amp;ssl=1\" src=\"https:\/\/i0.wp.com\/www.andalusien-urlaub.eu\/blog\/wp-content\/uploads\/Gibralfaro.jpg?resize=1030%2C543&#038;ssl=1\" alt=\"\" class=\"wp-image-6122\" srcset=\"https:\/\/i0.wp.com\/www.andalusien-urlaub.eu\/blog\/wp-content\/uploads\/Gibralfaro.jpg?resize=1030%2C543&amp;ssl=1 1030w, https:\/\/i0.wp.com\/www.andalusien-urlaub.eu\/blog\/wp-content\/uploads\/Gibralfaro.jpg?resize=600%2C316&amp;ssl=1 600w, https:\/\/i0.wp.com\/www.andalusien-urlaub.eu\/blog\/wp-content\/uploads\/Gibralfaro.jpg?resize=80%2C42&amp;ssl=1 80w, https:\/\/i0.wp.com\/www.andalusien-urlaub.eu\/blog\/wp-content\/uploads\/Gibralfaro.jpg?resize=768%2C405&amp;ssl=1 768w, https:\/\/i0.wp.com\/www.andalusien-urlaub.eu\/blog\/wp-content\/uploads\/Gibralfaro.jpg?resize=1536%2C810&amp;ssl=1 1536w, https:\/\/i0.wp.com\/www.andalusien-urlaub.eu\/blog\/wp-content\/uploads\/Gibralfaro.jpg?resize=2048%2C1079&amp;ssl=1 2048w, https:\/\/i0.wp.com\/www.andalusien-urlaub.eu\/blog\/wp-content\/uploads\/Gibralfaro.jpg?resize=1500%2C791&amp;ssl=1 1500w, https:\/\/i0.wp.com\/www.andalusien-urlaub.eu\/blog\/wp-content\/uploads\/Gibralfaro.jpg?resize=710%2C375&amp;ssl=1 710w, https:\/\/i0.wp.com\/www.andalusien-urlaub.eu\/blog\/wp-content\/uploads\/Gibralfaro.jpg?resize=705%2C372&amp;ssl=1 705w\" sizes=\"auto, (max-width: 1030px) 100vw, 1030px\" \/><\/figure>\n\n\n\n<p>Vom <a href=\"https:\/\/www.google.es\/maps\/dir\/Paseo+del+Parque,+Distrito+Centro,+M%C3%A1laga\/Castillo+de+Gibralfaro,+Camino+Gibralfaro,+M%C3%A1laga\/@36.7198037,-4.4162912,16z\/data=!3m1!5s0xd72f7c2426518c7:0x9f41d2c3fa6e5847!4m14!4m13!1m5!1m1!1s0xd72f7eae347e9bd:0x9f1f4beefe71c327!2m2!1d-4.4159281!2d36.7195135!1m5!1m1!1s0xd72f7c2d298c359:0xc4350594f8ef2191!2m2!1d-4.410563!2d36.7235379!3e3?hl=es&amp;entry=ttu\">Paseo del Parque<\/a> k\u00f6nnen Sie die Buslinie 35 zur Burg nehmen.<\/p>\n\n\n\n<p>Eintritt: 3,50 Euro <\/p>\n\n\n\n<p>Wenn Sie innerhalb von 48 Stunden die Alcazaba und auch die Burg Gibralfaro besuchen m\u00f6chten, kostet das Kombi-Ticket f\u00fcr beide Besuche 5,50 Euro. F\u00fcr Senioren: 1,50 \/ 2,50 Euro<\/p>\n\n\n\n<p><a href=\"https:\/\/maps.app.goo.gl\/aH7tbQ3dWaSgMVNg9\">Adresse<\/a>: C\/ Alcazabilla, 2 &#8211; im Zentrum<\/p>\n\n\n\n<p>\u00d6ffnungszeiten:<\/p>\n\n\n\n<p>Vom 01. November bis zum 31.M\u00e4rz  Mo \u2013 Fr 09:00 \u2013 18:00 Uhr, letzter Einlass um 17:15 Uhr<\/p>\n\n\n\n<div class=\"wp-block-group is-nowrap is-layout-flex wp-container-core-group-is-layout-ad2f72ca wp-block-group-is-layout-flex\">\n<p>Vom 01. April bis zum 31. Oktober von 09:00 bis 20:00 Uhr, letzter Einlass um 19:15 Uhr<\/p>\n<\/div>\n\n\n\n<p>Weitere Informationen auf Deutsch und fantastische Fotos von der Alcazaba und der Burg Gibralfaro finden Sie auf der Website der Stadtverwaltung<strong> <a href=\"https:\/\/alcazabaygibralfaro.malaga.eu\/de\/multimedia\/galerie-der-bilder\/?pageimagegallery=1\">Ayuntamiento de M\u00e1laga<\/a><\/strong><\/p>\n\n\n\n<h3 class=\"wp-block-heading\">Das r\u00f6mische Theater<\/h3>\n\n\n\n<p>Das <a href=\"https:\/\/www.juntadeandalucia.es\/cultura\/enclaves\/sites\/default\/files\/EA%20TEATRO%20ROMANO%20M%C3%81LAGA%20a4%20de%20ALEMAN.pdf\">r\u00f6mische Theater<\/a> besteht aus den Resten des Theaters der antiken Stadt Malaka und ist Zeugnis der r\u00f6mischen Pr\u00e4senz in M\u00e1laga. Es befindet sich im historischen Zentrum der Stadt am Fu\u00df des H\u00fcgels der Alcazaba.<\/p>\n\n\n\n<figure class=\"wp-block-gallery has-nested-images columns-default is-cropped wp-block-gallery-1 is-layout-flex wp-block-gallery-is-layout-flex\">\n<figure class=\"wp-block-image size-large\"><img data-recalc-dims=\"1\" loading=\"lazy\" decoding=\"async\" width=\"1024\" height=\"484\" data-attachment-id=\"6129\" data-permalink=\"https:\/\/www.andalusien-urlaub.eu\/blog\/malaga-3\/malaga-stadt\/historische-bauwerke-malagas\/attachment\/teatro2\/\" data-orig-file=\"https:\/\/i0.wp.com\/www.andalusien-urlaub.eu\/blog\/wp-content\/uploads\/Teatro2.jpg?fit=1024%2C484&amp;ssl=1\" data-orig-size=\"1024,484\" data-comments-opened=\"1\" data-image-meta=\"{&quot;aperture&quot;:&quot;2.4&quot;,&quot;credit&quot;:&quot;&quot;,&quot;camera&quot;:&quot;SM-G973F&quot;,&quot;caption&quot;:&quot;&quot;,&quot;created_timestamp&quot;:&quot;1739359353&quot;,&quot;copyright&quot;:&quot;&quot;,&quot;focal_length&quot;:&quot;4.32&quot;,&quot;iso&quot;:&quot;50&quot;,&quot;shutter_speed&quot;:&quot;0.0014577259475219&quot;,&quot;title&quot;:&quot;&quot;,&quot;orientation&quot;:&quot;1&quot;}\" data-image-title=\"Teatro2\" data-image-description=\"\" data-image-caption=\"\" data-medium-file=\"https:\/\/i0.wp.com\/www.andalusien-urlaub.eu\/blog\/wp-content\/uploads\/Teatro2.jpg?fit=600%2C284&amp;ssl=1\" data-large-file=\"https:\/\/i0.wp.com\/www.andalusien-urlaub.eu\/blog\/wp-content\/uploads\/Teatro2.jpg?fit=1024%2C484&amp;ssl=1\" data-id=\"6129\" src=\"https:\/\/i0.wp.com\/www.andalusien-urlaub.eu\/blog\/wp-content\/uploads\/Teatro2.jpg?resize=1024%2C484&#038;ssl=1\" alt=\"\" class=\"wp-image-6129\" srcset=\"https:\/\/i0.wp.com\/www.andalusien-urlaub.eu\/blog\/wp-content\/uploads\/Teatro2.jpg?w=1024&amp;ssl=1 1024w, https:\/\/i0.wp.com\/www.andalusien-urlaub.eu\/blog\/wp-content\/uploads\/Teatro2.jpg?resize=600%2C284&amp;ssl=1 600w, https:\/\/i0.wp.com\/www.andalusien-urlaub.eu\/blog\/wp-content\/uploads\/Teatro2.jpg?resize=80%2C38&amp;ssl=1 80w, https:\/\/i0.wp.com\/www.andalusien-urlaub.eu\/blog\/wp-content\/uploads\/Teatro2.jpg?resize=768%2C363&amp;ssl=1 768w, https:\/\/i0.wp.com\/www.andalusien-urlaub.eu\/blog\/wp-content\/uploads\/Teatro2.jpg?resize=705%2C333&amp;ssl=1 705w\" sizes=\"auto, (max-width: 1024px) 100vw, 1024px\" \/><\/figure>\n<\/figure>\n\n\n\n<p><\/p>\n\n\n\n<p><a href=\"https:\/\/maps.app.goo.gl\/auZojCfwQwu9rLbL6\">Adresse<\/a>: Calle Alcazabilla &#8211; im Zentrum<\/p>\n\n\n\n<p>\u00d6ffnungszeiten: <\/p>\n\n\n\n<p>dienstags bis samstags von 10:00 bis 18:00 Uhr,<\/p>\n\n\n\n<p>An Sonn- und Feiertagen von 10:00 Uhr bis 16:00 Uhr<\/p>\n\n\n\n<p>freier Eintritt<\/p>\n\n\n\n<p><\/p>\n<\/div><span class=\"post-meta-infos\"><time class=\"date-container minor-meta updated\"  itemprop=\"datePublished\" datetime=\"2025-02-07T17:37:57+01:00\" >7. Februar 2025<\/time><span class=\"text-sep\">\/<\/span><span class=\"comment-container minor-meta\"><a href=\"https:\/\/www.andalusien-urlaub.eu\/blog\/malaga-3\/malaga-stadt\/historische-bauwerke-malagas\/#respond\" class=\"comments-link\" >0 Kommentare<\/a><\/span><\/span><footer class=\"entry-footer\"><\/footer><div class='post_delimiter'><\/div><\/div><div class=\"post_author_timeline\"><\/div><span class='hidden'>\n\t\t\t\t<span class='av-structured-data'  itemprop=\"image\" itemscope=\"itemscope\" itemtype=\"https:\/\/schema.org\/ImageObject\" >\n\t\t\t\t\t\t<span itemprop='url'>https:\/\/i0.wp.com\/www.andalusien-urlaub.eu\/blog\/wp-content\/uploads\/20250212_114432.jpg?fit=1024%2C485&ssl=1<\/span>\n\t\t\t\t\t\t<span itemprop='height'>485<\/span>\n\t\t\t\t\t\t<span itemprop='width'>1024<\/span>\n\t\t\t\t<\/span>\n\t\t\t\t<span class='av-structured-data'  itemprop=\"publisher\" itemtype=\"https:\/\/schema.org\/Organization\" itemscope=\"itemscope\" >\n\t\t\t\t\t\t<span itemprop='name'>Karina Heitmann<\/span>\n\t\t\t\t\t\t<span itemprop='logo' itemscope itemtype='https:\/\/schema.org\/ImageObject'>\n\t\t\t\t\t\t\t<span itemprop='url'>https:\/\/www.andalusien-urlaub.eu\/images\/andalusien-entdecken.png<\/span>\n\t\t\t\t\t\t<\/span>\n\t\t\t\t<\/span><span class='av-structured-data'  itemprop=\"author\" itemscope=\"itemscope\" itemtype=\"https:\/\/schema.org\/Person\" ><span itemprop='name'>Karina Heitmann<\/span><\/span><span class='av-structured-data'  itemprop=\"datePublished\" datetime=\"2025-02-07T17:37:57+01:00\" >2025-02-07 17:37:57<\/span><span class='av-structured-data'  itemprop=\"dateModified\" itemtype=\"https:\/\/schema.org\/dateModified\" >2026-04-13 14:56:27<\/span><span class='av-structured-data'  itemprop=\"mainEntityOfPage\" itemtype=\"https:\/\/schema.org\/mainEntityOfPage\" ><span itemprop='name'>Historische Bauwerke M\u00e1lagas<\/span><\/span><\/span><\/article><article class=\"post-entry post-entry-type-standard post-entry-3146 post-loop-3 post-parity-odd multi-big with-slider post-3146 post type-post status-publish format-standard has-post-thumbnail hentry category-malaga-stadt category-naturfotografie category-wandern tag-caminito-del-rey tag-el-chorro tag-wandern\"  itemscope=\"itemscope\" itemtype=\"https:\/\/schema.org\/BlogPosting\" ><div class=\"blog-meta\"><a href='https:\/\/www.andalusien-urlaub.eu\/blog\/author\/jamal\/' class='post-author-format-type'><span class='rounded-container'><img loading=\"lazy\" decoding=\"async\" alt='J\u00fcrgen' src=\"https:\/\/secure.gravatar.com\/avatar\/4d994b0f3a6eb417aae9a837d0e606617f5fd7ba92f306bb2028b6b5fb9d3d07?s=81&#038;d=blank&#038;r=g\" srcset='https:\/\/secure.gravatar.com\/avatar\/4d994b0f3a6eb417aae9a837d0e606617f5fd7ba92f306bb2028b6b5fb9d3d07?s=162&#038;d=blank&#038;r=g 2x' class='avatar avatar-81 photo' height=\"81\" width=\"81\" \/><span class='iconfont avia-svg-icon avia-font-svg_entypo-fontello' data-av_svg_icon='pencil' data-av_iconset='svg_entypo-fontello' ><svg version=\"1.1\" xmlns=\"http:\/\/www.w3.org\/2000\/svg\" width=\"25\" height=\"32\" viewBox=\"0 0 25 32\" preserveAspectRatio=\"xMidYMid meet\" role=\"graphics-symbol\" aria-hidden=\"true\">\n<path d=\"M22.976 5.44q1.024 1.024 1.504 2.048t0.48 1.536v0.512l-8.064 8.064-9.28 9.216-7.616 1.664 1.6-7.68 9.28-9.216 8.064-8.064q1.728-0.384 4.032 1.92zM7.168 25.92l0.768-0.768q-0.064-1.408-1.664-3.008-0.704-0.704-1.44-1.12t-1.12-0.416l-0.448-0.064-0.704 0.768-0.576 2.56q0.896 0.512 1.472 1.088 0.768 0.768 1.152 1.536z\"><\/path>\n<\/svg><\/span><\/span><\/a><\/div><div class='entry-content-wrapper clearfix standard-content'><header class=\"entry-content-header\" aria-label=\"Post: Der Caminito del Rey\"><div class=\"av-heading-wrapper\"><h2 class='post-title entry-title '  itemprop=\"headline\" ><a href=\"https:\/\/www.andalusien-urlaub.eu\/blog\/malaga-3\/malaga-stadt\/der-neue-caminito-del-rey\/\" rel=\"bookmark\" title=\"Permanenter Link zu: Der Caminito del Rey\">Der Caminito del Rey<span class=\"post-format-icon minor-meta\"><\/span><\/a><\/h2><span class=\"blog-categories minor-meta\"><a href=\"https:\/\/www.andalusien-urlaub.eu\/blog\/category\/malaga-3\/malaga-stadt\/\" rel=\"tag\">M\u00e1laga Stadt<\/a>, <a href=\"https:\/\/www.andalusien-urlaub.eu\/blog\/category\/naturfotografie\/\" rel=\"tag\">Naturfotografie<\/a>, <a href=\"https:\/\/www.andalusien-urlaub.eu\/blog\/category\/wandern\/\" rel=\"tag\">Wandern<\/a><\/span><\/div><\/header><span class=\"av-vertical-delimiter\"><\/span><div class=\"big-preview multi-big\"  itemprop=\"image\" itemscope=\"itemscope\" itemtype=\"https:\/\/schema.org\/ImageObject\" ><a href=\"https:\/\/www.andalusien-urlaub.eu\/blog\/malaga-3\/malaga-stadt\/der-neue-caminito-del-rey\/\"  title=\"Caminito del Rey\" ><img decoding=\"async\" loading=\"lazy\" width=\"600\" height=\"300\" src=\"https:\/\/i0.wp.com\/www.andalusien-urlaub.eu\/blog\/wp-content\/uploads\/P3292221-2kl.jpg?resize=600%2C300&amp;ssl=1\" class=\"wp-image-3547 avia-img-lazy-loading-3547 attachment-entry_with_sidebar size-entry_with_sidebar wp-post-image\" alt=\"Caminito del Rey\" srcset=\"https:\/\/i0.wp.com\/www.andalusien-urlaub.eu\/blog\/wp-content\/uploads\/P3292221-2kl.jpg?w=600&amp;ssl=1 600w, https:\/\/i0.wp.com\/www.andalusien-urlaub.eu\/blog\/wp-content\/uploads\/P3292221-2kl.jpg?resize=90%2C45&amp;ssl=1 90w, https:\/\/i0.wp.com\/www.andalusien-urlaub.eu\/blog\/wp-content\/uploads\/P3292221-2kl.jpg?resize=390%2C195&amp;ssl=1 390w, https:\/\/i0.wp.com\/www.andalusien-urlaub.eu\/blog\/wp-content\/uploads\/P3292221-2kl.jpg?resize=500%2C250&amp;ssl=1 500w, https:\/\/i0.wp.com\/www.andalusien-urlaub.eu\/blog\/wp-content\/uploads\/P3292221-2kl.jpg?resize=300%2C150&amp;ssl=1 300w\" sizes=\"auto, (max-width: 600px) 100vw, 600px\" data-attachment-id=\"3547\" data-permalink=\"https:\/\/www.andalusien-urlaub.eu\/blog\/malaga-3\/malaga-stadt\/der-neue-caminito-del-rey\/attachment\/olympus-digital-camera-36\/\" data-orig-file=\"https:\/\/i0.wp.com\/www.andalusien-urlaub.eu\/blog\/wp-content\/uploads\/P3292221-2kl.jpg?fit=600%2C300&amp;ssl=1\" data-orig-size=\"600,300\" data-comments-opened=\"1\" data-image-meta=\"{&quot;aperture&quot;:&quot;8&quot;,&quot;credit&quot;:&quot;juhe&quot;,&quot;camera&quot;:&quot;E-PL5&quot;,&quot;caption&quot;:&quot;OLYMPUS DIGITAL CAMERA&quot;,&quot;created_timestamp&quot;:&quot;1427636729&quot;,&quot;copyright&quot;:&quot;juhe&quot;,&quot;focal_length&quot;:&quot;19&quot;,&quot;iso&quot;:&quot;200&quot;,&quot;shutter_speed&quot;:&quot;0.0015625&quot;,&quot;title&quot;:&quot;OLYMPUS DIGITAL CAMERA&quot;,&quot;orientation&quot;:&quot;1&quot;}\" data-image-title=\"Caminito del Rey\" data-image-description=\"\" data-image-caption=\"\" data-medium-file=\"https:\/\/i0.wp.com\/www.andalusien-urlaub.eu\/blog\/wp-content\/uploads\/P3292221-2kl.jpg?fit=390%2C195&amp;ssl=1\" data-large-file=\"https:\/\/i0.wp.com\/www.andalusien-urlaub.eu\/blog\/wp-content\/uploads\/P3292221-2kl.jpg?fit=500%2C250&amp;ssl=1\" \/><\/a><\/div><div class=\"entry-content\"  itemprop=\"text\" >\n<p>\u00dcberarbeitete Version 03.01.2025<\/p>\n\n\n\n<p>Am 28.03.2015 war&nbsp;es endlich soweit: <strong>Der Caminito del Rey wurde wiederer\u00f6ffnet<\/strong>. Ich selbst bin ihn&nbsp;zum ersten Mal am Tag danach gegangen. Hier ein paar n\u00fctzliche Informationen und mein Erfahrungsbericht.<\/p>\n\n\n\n<figure class=\"wp-block-gallery has-nested-images columns-default is-cropped wp-block-gallery-2 is-layout-flex wp-block-gallery-is-layout-flex\">\n<figure class=\"wp-block-image size-large\"><img data-recalc-dims=\"1\" loading=\"lazy\" decoding=\"async\" width=\"500\" height=\"375\" data-attachment-id=\"5444\" data-permalink=\"https:\/\/www.andalusien-urlaub.eu\/blog\/malaga-3\/malaga-stadt\/der-neue-caminito-del-rey\/attachment\/p3292243-bearbeitet\/\" data-orig-file=\"https:\/\/i0.wp.com\/www.andalusien-urlaub.eu\/blog\/wp-content\/uploads\/P3292243-Bearbeitet.jpg?fit=800%2C600&amp;ssl=1\" data-orig-size=\"800,600\" data-comments-opened=\"1\" data-image-meta=\"{&quot;aperture&quot;:&quot;8&quot;,&quot;credit&quot;:&quot;juhe59foto&quot;,&quot;camera&quot;:&quot;E-PL5&quot;,&quot;caption&quot;:&quot;&quot;,&quot;created_timestamp&quot;:&quot;1502226942&quot;,&quot;copyright&quot;:&quot;Juergen Heitmann&quot;,&quot;focal_length&quot;:&quot;14&quot;,&quot;iso&quot;:&quot;200&quot;,&quot;shutter_speed&quot;:&quot;0.00125&quot;,&quot;title&quot;:&quot;&quot;,&quot;orientation&quot;:&quot;0&quot;}\" data-image-title=\"Caminito del Rey\" data-image-description=\"\" data-image-caption=\"\" data-medium-file=\"https:\/\/i0.wp.com\/www.andalusien-urlaub.eu\/blog\/wp-content\/uploads\/P3292243-Bearbeitet.jpg?fit=347%2C260&amp;ssl=1\" data-large-file=\"https:\/\/i0.wp.com\/www.andalusien-urlaub.eu\/blog\/wp-content\/uploads\/P3292243-Bearbeitet.jpg?fit=500%2C375&amp;ssl=1\" data-id=\"5444\" src=\"https:\/\/i0.wp.com\/www.andalusien-urlaub.eu\/blog\/wp-content\/uploads\/P3292243-Bearbeitet.jpg?resize=500%2C375&#038;ssl=1\" alt=\"\" class=\"wp-image-5444\" srcset=\"https:\/\/i0.wp.com\/www.andalusien-urlaub.eu\/blog\/wp-content\/uploads\/P3292243-Bearbeitet.jpg?resize=500%2C375&amp;ssl=1 500w, https:\/\/i0.wp.com\/www.andalusien-urlaub.eu\/blog\/wp-content\/uploads\/P3292243-Bearbeitet.jpg?resize=80%2C60&amp;ssl=1 80w, https:\/\/i0.wp.com\/www.andalusien-urlaub.eu\/blog\/wp-content\/uploads\/P3292243-Bearbeitet.jpg?resize=347%2C260&amp;ssl=1 347w, https:\/\/i0.wp.com\/www.andalusien-urlaub.eu\/blog\/wp-content\/uploads\/P3292243-Bearbeitet.jpg?resize=768%2C576&amp;ssl=1 768w, https:\/\/i0.wp.com\/www.andalusien-urlaub.eu\/blog\/wp-content\/uploads\/P3292243-Bearbeitet.jpg?w=800&amp;ssl=1 800w\" sizes=\"auto, (max-width: 500px) 100vw, 500px\" \/><\/figure>\n\n\n\n<figure class=\"wp-block-image size-large\"><img data-recalc-dims=\"1\" loading=\"lazy\" decoding=\"async\" width=\"500\" height=\"375\" data-attachment-id=\"5445\" data-permalink=\"https:\/\/www.andalusien-urlaub.eu\/blog\/malaga-3\/malaga-stadt\/der-neue-caminito-del-rey\/attachment\/p3292267-1\/\" data-orig-file=\"https:\/\/i0.wp.com\/www.andalusien-urlaub.eu\/blog\/wp-content\/uploads\/P3292267-1.jpg?fit=800%2C600&amp;ssl=1\" data-orig-size=\"800,600\" data-comments-opened=\"1\" data-image-meta=\"{&quot;aperture&quot;:&quot;8&quot;,&quot;credit&quot;:&quot;Juergen Heitmann&quot;,&quot;camera&quot;:&quot;E-PL5&quot;,&quot;caption&quot;:&quot;&quot;,&quot;created_timestamp&quot;:&quot;1502226942&quot;,&quot;copyright&quot;:&quot;Juergen Heitmann&quot;,&quot;focal_length&quot;:&quot;15&quot;,&quot;iso&quot;:&quot;200&quot;,&quot;shutter_speed&quot;:&quot;0.003125&quot;,&quot;title&quot;:&quot;&quot;,&quot;orientation&quot;:&quot;0&quot;}\" data-image-title=\"Caminito del Rey\" data-image-description=\"\" data-image-caption=\"\" data-medium-file=\"https:\/\/i0.wp.com\/www.andalusien-urlaub.eu\/blog\/wp-content\/uploads\/P3292267-1.jpg?fit=347%2C260&amp;ssl=1\" data-large-file=\"https:\/\/i0.wp.com\/www.andalusien-urlaub.eu\/blog\/wp-content\/uploads\/P3292267-1.jpg?fit=500%2C375&amp;ssl=1\" data-id=\"5445\" src=\"https:\/\/i0.wp.com\/www.andalusien-urlaub.eu\/blog\/wp-content\/uploads\/P3292267-1.jpg?resize=500%2C375&#038;ssl=1\" alt=\"\" class=\"wp-image-5445\" srcset=\"https:\/\/i0.wp.com\/www.andalusien-urlaub.eu\/blog\/wp-content\/uploads\/P3292267-1.jpg?resize=500%2C375&amp;ssl=1 500w, https:\/\/i0.wp.com\/www.andalusien-urlaub.eu\/blog\/wp-content\/uploads\/P3292267-1.jpg?resize=80%2C60&amp;ssl=1 80w, https:\/\/i0.wp.com\/www.andalusien-urlaub.eu\/blog\/wp-content\/uploads\/P3292267-1.jpg?resize=347%2C260&amp;ssl=1 347w, https:\/\/i0.wp.com\/www.andalusien-urlaub.eu\/blog\/wp-content\/uploads\/P3292267-1.jpg?resize=768%2C576&amp;ssl=1 768w, https:\/\/i0.wp.com\/www.andalusien-urlaub.eu\/blog\/wp-content\/uploads\/P3292267-1.jpg?w=800&amp;ssl=1 800w\" sizes=\"auto, (max-width: 500px) 100vw, 500px\" \/><\/figure>\n\n\n\n<figure class=\"wp-block-image size-large\"><img data-recalc-dims=\"1\" loading=\"lazy\" decoding=\"async\" width=\"500\" height=\"375\" data-attachment-id=\"5446\" data-permalink=\"https:\/\/www.andalusien-urlaub.eu\/blog\/malaga-3\/malaga-stadt\/der-neue-caminito-del-rey\/attachment\/p3292340\/\" data-orig-file=\"https:\/\/i0.wp.com\/www.andalusien-urlaub.eu\/blog\/wp-content\/uploads\/P3292340.jpg?fit=800%2C600&amp;ssl=1\" data-orig-size=\"800,600\" data-comments-opened=\"1\" data-image-meta=\"{&quot;aperture&quot;:&quot;7.1&quot;,&quot;credit&quot;:&quot;juhe59foto&quot;,&quot;camera&quot;:&quot;E-PL5&quot;,&quot;caption&quot;:&quot;&quot;,&quot;created_timestamp&quot;:&quot;1502226942&quot;,&quot;copyright&quot;:&quot;Juergen Heitmann&quot;,&quot;focal_length&quot;:&quot;40&quot;,&quot;iso&quot;:&quot;200&quot;,&quot;shutter_speed&quot;:&quot;0.025&quot;,&quot;title&quot;:&quot;&quot;,&quot;orientation&quot;:&quot;0&quot;}\" data-image-title=\"Caminito del Rey\" data-image-description=\"\" data-image-caption=\"\" data-medium-file=\"https:\/\/i0.wp.com\/www.andalusien-urlaub.eu\/blog\/wp-content\/uploads\/P3292340.jpg?fit=347%2C260&amp;ssl=1\" data-large-file=\"https:\/\/i0.wp.com\/www.andalusien-urlaub.eu\/blog\/wp-content\/uploads\/P3292340.jpg?fit=500%2C375&amp;ssl=1\" data-id=\"5446\" src=\"https:\/\/i0.wp.com\/www.andalusien-urlaub.eu\/blog\/wp-content\/uploads\/P3292340.jpg?resize=500%2C375&#038;ssl=1\" alt=\"\" class=\"wp-image-5446\" srcset=\"https:\/\/i0.wp.com\/www.andalusien-urlaub.eu\/blog\/wp-content\/uploads\/P3292340.jpg?resize=500%2C375&amp;ssl=1 500w, https:\/\/i0.wp.com\/www.andalusien-urlaub.eu\/blog\/wp-content\/uploads\/P3292340.jpg?resize=80%2C60&amp;ssl=1 80w, https:\/\/i0.wp.com\/www.andalusien-urlaub.eu\/blog\/wp-content\/uploads\/P3292340.jpg?resize=347%2C260&amp;ssl=1 347w, https:\/\/i0.wp.com\/www.andalusien-urlaub.eu\/blog\/wp-content\/uploads\/P3292340.jpg?resize=768%2C576&amp;ssl=1 768w, https:\/\/i0.wp.com\/www.andalusien-urlaub.eu\/blog\/wp-content\/uploads\/P3292340.jpg?w=800&amp;ssl=1 800w\" sizes=\"auto, (max-width: 500px) 100vw, 500px\" \/><\/figure>\n\n\n\n<figure class=\"wp-block-image size-large\"><img data-recalc-dims=\"1\" loading=\"lazy\" decoding=\"async\" width=\"500\" height=\"375\" data-attachment-id=\"5447\" data-permalink=\"https:\/\/www.andalusien-urlaub.eu\/blog\/malaga-3\/malaga-stadt\/der-neue-caminito-del-rey\/attachment\/p9211127\/\" data-orig-file=\"https:\/\/i0.wp.com\/www.andalusien-urlaub.eu\/blog\/wp-content\/uploads\/P9211127.jpg?fit=800%2C600&amp;ssl=1\" data-orig-size=\"800,600\" data-comments-opened=\"1\" data-image-meta=\"{&quot;aperture&quot;:&quot;4.5&quot;,&quot;credit&quot;:&quot;juhe59foto&quot;,&quot;camera&quot;:&quot;E-M5MarkII&quot;,&quot;caption&quot;:&quot;&quot;,&quot;created_timestamp&quot;:&quot;1502226942&quot;,&quot;copyright&quot;:&quot;Juergen Heitmann&quot;,&quot;focal_length&quot;:&quot;12&quot;,&quot;iso&quot;:&quot;200&quot;,&quot;shutter_speed&quot;:&quot;0.0015625&quot;,&quot;title&quot;:&quot;&quot;,&quot;orientation&quot;:&quot;0&quot;}\" data-image-title=\"Caminito del Rey\" data-image-description=\"\" data-image-caption=\"\" data-medium-file=\"https:\/\/i0.wp.com\/www.andalusien-urlaub.eu\/blog\/wp-content\/uploads\/P9211127.jpg?fit=347%2C260&amp;ssl=1\" data-large-file=\"https:\/\/i0.wp.com\/www.andalusien-urlaub.eu\/blog\/wp-content\/uploads\/P9211127.jpg?fit=500%2C375&amp;ssl=1\" data-id=\"5447\" src=\"https:\/\/i0.wp.com\/www.andalusien-urlaub.eu\/blog\/wp-content\/uploads\/P9211127.jpg?resize=500%2C375&#038;ssl=1\" alt=\"\" class=\"wp-image-5447\" srcset=\"https:\/\/i0.wp.com\/www.andalusien-urlaub.eu\/blog\/wp-content\/uploads\/P9211127.jpg?resize=500%2C375&amp;ssl=1 500w, https:\/\/i0.wp.com\/www.andalusien-urlaub.eu\/blog\/wp-content\/uploads\/P9211127.jpg?resize=80%2C60&amp;ssl=1 80w, https:\/\/i0.wp.com\/www.andalusien-urlaub.eu\/blog\/wp-content\/uploads\/P9211127.jpg?resize=347%2C260&amp;ssl=1 347w, https:\/\/i0.wp.com\/www.andalusien-urlaub.eu\/blog\/wp-content\/uploads\/P9211127.jpg?resize=768%2C576&amp;ssl=1 768w, https:\/\/i0.wp.com\/www.andalusien-urlaub.eu\/blog\/wp-content\/uploads\/P9211127.jpg?w=800&amp;ssl=1 800w\" sizes=\"auto, (max-width: 500px) 100vw, 500px\" \/><\/figure>\n\n\n\n<figure class=\"wp-block-image size-large\"><img data-recalc-dims=\"1\" loading=\"lazy\" decoding=\"async\" width=\"500\" height=\"375\" data-attachment-id=\"5448\" data-permalink=\"https:\/\/www.andalusien-urlaub.eu\/blog\/malaga-3\/malaga-stadt\/der-neue-caminito-del-rey\/attachment\/p9236329\/\" data-orig-file=\"https:\/\/i0.wp.com\/www.andalusien-urlaub.eu\/blog\/wp-content\/uploads\/P9236329.jpg?fit=800%2C600&amp;ssl=1\" data-orig-size=\"800,600\" data-comments-opened=\"1\" data-image-meta=\"{&quot;aperture&quot;:&quot;5&quot;,&quot;credit&quot;:&quot;juhe59foto&quot;,&quot;camera&quot;:&quot;E-PL5&quot;,&quot;caption&quot;:&quot;&quot;,&quot;created_timestamp&quot;:&quot;1502226942&quot;,&quot;copyright&quot;:&quot;Juergen Heitmann&quot;,&quot;focal_length&quot;:&quot;18&quot;,&quot;iso&quot;:&quot;200&quot;,&quot;shutter_speed&quot;:&quot;0.0015625&quot;,&quot;title&quot;:&quot;&quot;,&quot;orientation&quot;:&quot;0&quot;}\" data-image-title=\"Caminito del Rey\" data-image-description=\"\" data-image-caption=\"\" data-medium-file=\"https:\/\/i0.wp.com\/www.andalusien-urlaub.eu\/blog\/wp-content\/uploads\/P9236329.jpg?fit=347%2C260&amp;ssl=1\" data-large-file=\"https:\/\/i0.wp.com\/www.andalusien-urlaub.eu\/blog\/wp-content\/uploads\/P9236329.jpg?fit=500%2C375&amp;ssl=1\" data-id=\"5448\" src=\"https:\/\/i0.wp.com\/www.andalusien-urlaub.eu\/blog\/wp-content\/uploads\/P9236329.jpg?resize=500%2C375&#038;ssl=1\" alt=\"\" class=\"wp-image-5448\" srcset=\"https:\/\/i0.wp.com\/www.andalusien-urlaub.eu\/blog\/wp-content\/uploads\/P9236329.jpg?resize=500%2C375&amp;ssl=1 500w, https:\/\/i0.wp.com\/www.andalusien-urlaub.eu\/blog\/wp-content\/uploads\/P9236329.jpg?resize=80%2C60&amp;ssl=1 80w, https:\/\/i0.wp.com\/www.andalusien-urlaub.eu\/blog\/wp-content\/uploads\/P9236329.jpg?resize=347%2C260&amp;ssl=1 347w, https:\/\/i0.wp.com\/www.andalusien-urlaub.eu\/blog\/wp-content\/uploads\/P9236329.jpg?resize=768%2C576&amp;ssl=1 768w, https:\/\/i0.wp.com\/www.andalusien-urlaub.eu\/blog\/wp-content\/uploads\/P9236329.jpg?w=800&amp;ssl=1 800w\" sizes=\"auto, (max-width: 500px) 100vw, 500px\" \/><\/figure>\n<\/figure>\n\n\n\n<h2 class=\"wp-block-heading\">Eintrittskarten und \u00d6ffnungszeiten<\/h2>\n\n\n\n<p>Betreten kann den Caminito nur, wer vorab ein Ticket reserviert hat. Ohne Ticket kein Zugang. Kaufen kann man diese  online \u00fcber die Webseite <a href=\"https:\/\/www.caminitodelrey.info\/en\" target=\"_blank\" rel=\"noreferrer noopener nofollow\">caminitodelrey.info<\/a>, die sich auf spanisch und auf englisch anzeigen l\u00e4sst. Manchmal kann man auch noch Karten direkt am Eingang f\u00fcr den aktuellen Tag erstehen, ist aber nicht garantiert. Die \u00d6ffnungszeit des Gel\u00e4ndes und der Zutritt zum Wanderweg ist von dienstags bis sonntags von 09:30 bis 15:00 Uhr (w\u00e4hrend der Winterzeit) und von 09:30 bis 17:00 Uhr (w\u00e4hrend der Sommerzeit).<\/p>\n\n\n\n<p>Falls Sie auf der offiziellen Seite keine Tickets mehr bekommen, k\u00f6nnen Sie es auch hier bei <a href=\"https:\/\/www.getyourguide.de\/caminito-del-rey-l89646\/\">GetYourGuide<\/a> versuchen oder hier bei <a href=\"https:\/\/www.tiqets.com\/de\/el-caminito-del-rey-tickets-l172573\/?partner=andalusien-urlaub\">Tiqets <\/a>k\u00f6nnen Sie Eintrittskarten mit F\u00fchrung auf deutsch bekommen.<\/p>\n\n\n\n<p>Die Anzahl der Besucher ist begrenzt, weshalb es an&nbsp;bestimmten Tagen, gerade Wochenende, zu Engp\u00e4ssen kommen wird. Also, wer kann, sollte lieber unter der Woche gehen.<\/p>\n\n\n\n<p>Der Preis der Eintrittskarten ohne F\u00fchrung betr\u00e4gt auf der Website des <a href=\"https:\/\/www.caminitodelrey.info\/en\">Caminito<\/a> 10 .- \u20ac plus 1,50 Bearbeitungsgeb\u00fchr pro Person, die Tickets mit F\u00fchrung 18,- plus 1,50 Bearbeitungsgeb\u00fchr Euro pro Person. Tickets f\u00fcr den Parkplatz und f\u00fcr den Pendelbus k\u00f6nnen Sie auf der offiziellen Website gleich mitbuchen.<\/p>\n\n\n\n<p>Wenn Sie ein Ticket gekauft haben, ist es empfehlenswert den Telegram Kanal des Caminito del Rey zu abonnieren. Sie werden dann informiert, wenn er wegen gro\u00dfer Hitze oder schlechtem Wetter geschlossen wird.<\/p>\n\n\n\n<h2 class=\"wp-block-heading\">Ablauf und Regeln<\/h2>\n\n\n\n<p>Bevor Sie Tickets buchen, sollten Sie sich unbedingt mit den <a href=\"https:\/\/www.caminitodelrey.info\/en\/your-visit\/mandatory-standards\" rel=\"nofollow\">Nutzungsregeln<\/a> vertraut machen. Hier einige wichtige Regeln vorab:<\/p>\n\n\n\n<p>&#8211; Mindestalter ist 8 Jahre. Kinder unter 8 Jahren haben keine Zutritt (Ausweis mitnehmen!!!).<br>&#8211; Auch Hunde etc. haben keinen Zutritt.<br>&#8211; Es gibt keine Toiletten unterwegs!<br>&#8211; Kein Regenschirm, Stativ, Selfiestick etc. &#8230;<\/p>\n\n\n\n<h2 class=\"wp-block-heading\">Die&nbsp;Strecke<\/h2>\n\n\n\n<p>Der Eingang befindet sich&nbsp;im Norden (Acceso Norte) beim Stausee&nbsp;&#8222;Pantano Conde de Guadalhorce&#8220; (siehe meinen <a title=\"Nordzugang Caminito del Rey\" href=\"https:\/\/www.andalusien-urlaub.eu\/blog\/malaga\/wanderung-mirador-de-las-buitreras\/\">Beitrag<\/a>) Man kann die Strecke nur in einer Richtung gehen und mit dem Shuttle-Bus wieder zum Startpunkt zur\u00fcckkehren. Dieser f\u00e4hrt alle 30 Minuten. Wir waren ca. 2 Std. 40 Minuten zu Fu\u00df unterwegs. Mitgerechnet ein kurzes Picknick auf halber Strecke im Tal, wo es auch ein paar B\u00e4nke zum Ausruhen gibt. Nach meiner Aufzeichnung (siehe <a title=\"Caminito del Rey\" href=\"https:\/\/www.komoot.de\/tour\/4466816\" target=\"_blank\" rel=\"nofollow noopener noreferrer\">hier<\/a>) betr\u00e4gt die Strecke 6,44 Km. Zuerst geht es \u00fcber den Laufsteg in ca. 150 Metern H\u00f6he durch die erste Schlucht, dann durch das eingeschlossene Tal \u00fcber einen Wanderweg und zuletzt wieder \u00fcber einen Laufsteg (diesmal nicht ganz so hoch) durch die n\u00e4chste Schlucht. In den Felsw\u00e4nden der n\u00f6rdlichen Schlucht nisten G\u00e4nsegeier und nicht selten sieht man sie dort ihre Kreise ziehen&nbsp;(siehe auch <a title=\"Wanderung zum Mirador de las Buitreras\" href=\"https:\/\/www.andalusien-urlaub.eu\/blog\/malaga\/wanderung-mirador-de-las-buitreras\/\">Mirador de las Buitreras<\/a>).<\/p>\n\n\n\n<p>Der neue Caminito ist sehr sicher und man f\u00fchlt sich auch sicher. Also eher ein angenehmer Spaziergang f\u00fcr Jung und Alt. <\/p>\n\n\n\n<h2 class=\"wp-block-heading\">Parken am Caminito del Rey<\/h2>\n\n\n\n<p>Am <a href=\"https:\/\/www.caminitodelrey.info\/en\/your-visit\/location-and-hours-crv\">Besucherzentrum<\/a> des Caminito del Rey f\u00fcr 2,- Euro. Sie sollten dann eine Stunde vorher dort sein.<\/p>\n\n\n\n<p>Vom Stausee bis zum Eingang des Caminitos sind es ca. 20-30 Minuten Fu\u00dfmarsch. Es gibt einen bewachten, kostenpflichtigen Parkplatz.&nbsp;Man kann (derzeit noch) seinen Wagen auch am Stra\u00dfenrand parken.<\/p>\n\n\n\n<p>Einen weiteren Parkplatz gibt es am Ausgang in El Chorro (Acceso Sur). Man kann seinen Wagen auch dort abstellen und mit dem Shuttle-Bus zum Eingang (bzw. bis zum Stausee) fahren. Der erste Bus f\u00e4hrt um 9:00 Uhr von S\u00fcd nach Nord.<\/p>\n\n\n\n<h2 class=\"wp-block-heading\">Naturreservat Caminito del Rey<\/h2>\n\n\n\n<p>Die Schlucht, welche der Caminito del Rey durchquert, ist ein Naturreservat der besonderen Art. Hier nisten und br\u00fcten u.a.&nbsp;seltene Vogelarten&nbsp;und nicht selten kann man Geier am Himmel kreisen sehen.&nbsp;Da ist es selbstverst\u00e4ndlich, dass man dieses mit dem n\u00f6tigen Respekt und Anstand betritt, keinen M\u00fcll oder sonstiges hinterl\u00e4sst und sich auch m\u00f6glichst ruhig verh\u00e4lt.<\/p>\n\n\n<div data-gyg-href=\"https:\/\/widget.getyourguide.com\/default\/activities.frame\" data-gyg-locale-code=\"de-DE\" data-gyg-widget=\"activities\" data-gyg-number-of-items=\"3\" data-gyg-partner-id=\"38C7232\" data-gyg-placement=\"content-end\" data-gyg-q=\"malaga\"><\/div>\n\n\n<p><iframe loading=\"lazy\" src=\"https:\/\/www.google.com\/maps\/embed?pb=!1m14!1m8!1m3!1d12759.727532968229!2d-4.772185!3d36.91589299999999!3m2!1i1024!2i768!4f13.1!3m3!1m2!1s0x0%3A0x6f64784826a6d762!2sCaminito+del+Rey!5e0!3m2!1sde!2ses!4v1417265897550\" width=\"400\" height=\"300\" frameborder=\"0\" style=\"border:0\"><\/iframe><\/p>\n<\/div><span class=\"post-meta-infos\"><time class=\"date-container minor-meta updated\"  itemprop=\"datePublished\" datetime=\"2025-01-03T18:00:00+01:00\" >3. Januar 2025<\/time><span class=\"text-sep\">\/<\/span><span class=\"comment-container minor-meta\"><a href=\"https:\/\/www.andalusien-urlaub.eu\/blog\/malaga-3\/malaga-stadt\/der-neue-caminito-del-rey\/#comments\" class=\"comments-link\" >31 Kommentare<\/a><\/span><\/span><footer class=\"entry-footer\"><\/footer><div class='post_delimiter'><\/div><\/div><div class=\"post_author_timeline\"><\/div><span class='hidden'>\n\t\t\t\t<span class='av-structured-data'  itemprop=\"image\" itemscope=\"itemscope\" itemtype=\"https:\/\/schema.org\/ImageObject\" >\n\t\t\t\t\t\t<span itemprop='url'>https:\/\/i0.wp.com\/www.andalusien-urlaub.eu\/blog\/wp-content\/uploads\/P3292221-2kl.jpg?fit=600%2C300&ssl=1<\/span>\n\t\t\t\t\t\t<span itemprop='height'>300<\/span>\n\t\t\t\t\t\t<span itemprop='width'>600<\/span>\n\t\t\t\t<\/span>\n\t\t\t\t<span class='av-structured-data'  itemprop=\"publisher\" itemtype=\"https:\/\/schema.org\/Organization\" itemscope=\"itemscope\" >\n\t\t\t\t\t\t<span itemprop='name'>J\u00fcrgen<\/span>\n\t\t\t\t\t\t<span itemprop='logo' itemscope itemtype='https:\/\/schema.org\/ImageObject'>\n\t\t\t\t\t\t\t<span itemprop='url'>https:\/\/www.andalusien-urlaub.eu\/images\/andalusien-entdecken.png<\/span>\n\t\t\t\t\t\t<\/span>\n\t\t\t\t<\/span><span class='av-structured-data'  itemprop=\"author\" itemscope=\"itemscope\" itemtype=\"https:\/\/schema.org\/Person\" ><span itemprop='name'>J\u00fcrgen<\/span><\/span><span class='av-structured-data'  itemprop=\"datePublished\" datetime=\"2025-01-03T18:00:00+01:00\" >2025-01-03 18:00:00<\/span><span class='av-structured-data'  itemprop=\"dateModified\" itemtype=\"https:\/\/schema.org\/dateModified\" >2025-02-07 10:53:17<\/span><span class='av-structured-data'  itemprop=\"mainEntityOfPage\" itemtype=\"https:\/\/schema.org\/mainEntityOfPage\" ><span itemprop='name'>Der Caminito del Rey<\/span><\/span><\/span><\/article><article class=\"post-entry post-entry-type-standard post-entry-5919 post-loop-4 post-parity-even multi-big with-slider post-5919 post type-post status-publish format-standard has-post-thumbnail hentry category-allgemein category-verkehr tag-tempolimit\"  itemscope=\"itemscope\" itemtype=\"https:\/\/schema.org\/BlogPosting\" ><div class=\"blog-meta\"><a href='https:\/\/www.andalusien-urlaub.eu\/blog\/author\/jamal\/' class='post-author-format-type'><span class='rounded-container'><img loading=\"lazy\" decoding=\"async\" alt='J\u00fcrgen' src=\"https:\/\/secure.gravatar.com\/avatar\/4d994b0f3a6eb417aae9a837d0e606617f5fd7ba92f306bb2028b6b5fb9d3d07?s=81&#038;d=blank&#038;r=g\" srcset='https:\/\/secure.gravatar.com\/avatar\/4d994b0f3a6eb417aae9a837d0e606617f5fd7ba92f306bb2028b6b5fb9d3d07?s=162&#038;d=blank&#038;r=g 2x' class='avatar avatar-81 photo' height=\"81\" width=\"81\" \/><span class='iconfont avia-svg-icon avia-font-svg_entypo-fontello' data-av_svg_icon='pencil' data-av_iconset='svg_entypo-fontello' ><svg version=\"1.1\" xmlns=\"http:\/\/www.w3.org\/2000\/svg\" width=\"25\" height=\"32\" viewBox=\"0 0 25 32\" preserveAspectRatio=\"xMidYMid meet\" role=\"graphics-symbol\" aria-hidden=\"true\">\n<path d=\"M22.976 5.44q1.024 1.024 1.504 2.048t0.48 1.536v0.512l-8.064 8.064-9.28 9.216-7.616 1.664 1.6-7.68 9.28-9.216 8.064-8.064q1.728-0.384 4.032 1.92zM7.168 25.92l0.768-0.768q-0.064-1.408-1.664-3.008-0.704-0.704-1.44-1.12t-1.12-0.416l-0.448-0.064-0.704 0.768-0.576 2.56q0.896 0.512 1.472 1.088 0.768 0.768 1.152 1.536z\"><\/path>\n<\/svg><\/span><\/span><\/a><\/div><div class='entry-content-wrapper clearfix standard-content'><header class=\"entry-content-header\" aria-label=\"Post: Tempolimit auf Spaniens Stra\u00dfen\"><div class=\"av-heading-wrapper\"><h2 class='post-title entry-title '  itemprop=\"headline\" ><a href=\"https:\/\/www.andalusien-urlaub.eu\/blog\/allgemein\/tempolimit-verkehr\/\" rel=\"bookmark\" title=\"Permanenter Link zu: Tempolimit auf Spaniens Stra\u00dfen\">Tempolimit auf Spaniens Stra\u00dfen<span class=\"post-format-icon minor-meta\"><\/span><\/a><\/h2><span class=\"blog-categories minor-meta\"><a href=\"https:\/\/www.andalusien-urlaub.eu\/blog\/category\/allgemein\/\" rel=\"tag\">Andalusien<\/a>, <a href=\"https:\/\/www.andalusien-urlaub.eu\/blog\/category\/verkehr\/\" rel=\"tag\">Verkehr<\/a><\/span><\/div><\/header><span class=\"av-vertical-delimiter\"><\/span><div class=\"big-preview multi-big\"  itemprop=\"image\" itemscope=\"itemscope\" itemtype=\"https:\/\/schema.org\/ImageObject\" ><a href=\"https:\/\/www.andalusien-urlaub.eu\/blog\/allgemein\/tempolimit-verkehr\/\"  title=\"20231207_115504-1-2\" ><img decoding=\"async\" loading=\"lazy\" width=\"845\" height=\"321\" src=\"https:\/\/i0.wp.com\/www.andalusien-urlaub.eu\/blog\/wp-content\/uploads\/20231207_115504-1-2.jpg?resize=845%2C321&amp;ssl=1\" class=\"wp-image-6038 avia-img-lazy-loading-6038 attachment-entry_with_sidebar size-entry_with_sidebar wp-post-image\" alt=\"\" data-attachment-id=\"6038\" data-permalink=\"https:\/\/www.andalusien-urlaub.eu\/blog\/allgemein\/tempolimit-verkehr\/attachment\/20231207_115504-1-2\/\" data-orig-file=\"https:\/\/i0.wp.com\/www.andalusien-urlaub.eu\/blog\/wp-content\/uploads\/20231207_115504-1-2.jpg?fit=1452%2C1089&amp;ssl=1\" data-orig-size=\"1452,1089\" data-comments-opened=\"1\" data-image-meta=\"{&quot;aperture&quot;:&quot;2.4&quot;,&quot;credit&quot;:&quot;&quot;,&quot;camera&quot;:&quot;SM-G973F&quot;,&quot;caption&quot;:&quot;&quot;,&quot;created_timestamp&quot;:&quot;1701950104&quot;,&quot;copyright&quot;:&quot;&quot;,&quot;focal_length&quot;:&quot;4.32&quot;,&quot;iso&quot;:&quot;50&quot;,&quot;shutter_speed&quot;:&quot;0.00081168831168831&quot;,&quot;title&quot;:&quot;&quot;,&quot;orientation&quot;:&quot;1&quot;}\" data-image-title=\"20231207_115504-1-2\" data-image-description=\"\" data-image-caption=\"\" data-medium-file=\"https:\/\/i0.wp.com\/www.andalusien-urlaub.eu\/blog\/wp-content\/uploads\/20231207_115504-1-2.jpg?fit=600%2C450&amp;ssl=1\" data-large-file=\"https:\/\/i0.wp.com\/www.andalusien-urlaub.eu\/blog\/wp-content\/uploads\/20231207_115504-1-2.jpg?fit=1030%2C773&amp;ssl=1\" \/><\/a><\/div><div class=\"entry-content\"  itemprop=\"text\" >\n<p><\/p>\n\n\n\n<p>Spanien ist das erste Land, das das <strong>allgemeine Tempolimit innerhalb von St\u00e4dten<\/strong> und Ortschaften <strong>von 50 km\/h auf 30 km\/h herabgesetzt<\/strong> hat (Verordnung g\u00fcltig ab dem 11.05.2021). Davon betroffen sind alle Stra\u00dfen, die in beide Fahrtrichtung jeweils nur eine Spur haben.<\/p>\n\n\n\n<p>Auf Stra\u00dfen mit nur einer Spur f\u00fcr beide Richtungen gilt ab sofort 20 km\/h.<\/p>\n\n\n\n<p>Nur auf Stra\u00dfen, die pro Fahrtrichtung mehr als eine Spur haben, darf weiterhin mit 50km\/h gefahren werden.<\/p>\n\n\n\n<p>Mit dieser Ma\u00dfnahme versucht man, die Zahl der Unfalltoten innerhalb der St\u00e4dte zu reduzieren. Au\u00dferdem hofft man, dass dies zu einem besseren &#8222;Miteinander&#8220; im Verkehr f\u00fchrt.<\/p>\n\n\n\n<h2 class=\"wp-block-heading\">Bu\u00dfgelder bei \u00dcberschreiten der H\u00f6chstgeschwindigkeit<\/h2>\n\n\n\n<p>Das \u00dcberschreiten des Tempolimit kann schnell sehr teuer werden, das gilt auch f\u00fcr Touristen. In der Regel kassiert die Polizei direkt vor Ort in Bar oder per Kreditkarte. Zudem k\u00f6nnen Strafen aus dem EU-Ausland auch in Deutschland vollstreckt werden.<\/p>\n\n\n\n<p>Wer 20 km\/h zu schnell f\u00e4hrt, muss mit einem Bu\u00dfgeld von mindestens 100 \u20ac rechnen. Bei einer \u00dcberschreitung von 50 km\/h fallen mindestens 600\u20ac an. <\/p>\n\n\n\n<p>F\u00fcr weitere Informationen \u00fcber Verkehrsregeln in Spanien k\u00f6nnen Sie die Website des <a href=\"https:\/\/www.adac.de\/reise-freizeit\/reiseplanung\/reiseziele\/spanien\/fahrzeug\/\">ADAC <\/a>besuchen .<\/p>\n<\/div><span class=\"post-meta-infos\"><time class=\"date-container minor-meta updated\"  itemprop=\"datePublished\" datetime=\"2024-07-22T16:29:56+01:00\" >22. Juli 2024<\/time><span class=\"text-sep\">\/<\/span><span class=\"comment-container minor-meta\"><a href=\"https:\/\/www.andalusien-urlaub.eu\/blog\/allgemein\/tempolimit-verkehr\/#respond\" class=\"comments-link\" >0 Kommentare<\/a><\/span><\/span><footer class=\"entry-footer\"><\/footer><div class='post_delimiter'><\/div><\/div><div class=\"post_author_timeline\"><\/div><span class='hidden'>\n\t\t\t\t<span class='av-structured-data'  itemprop=\"image\" itemscope=\"itemscope\" itemtype=\"https:\/\/schema.org\/ImageObject\" >\n\t\t\t\t\t\t<span itemprop='url'>https:\/\/i0.wp.com\/www.andalusien-urlaub.eu\/blog\/wp-content\/uploads\/20231207_115504-1-2.jpg?fit=1452%2C1089&ssl=1<\/span>\n\t\t\t\t\t\t<span itemprop='height'>1089<\/span>\n\t\t\t\t\t\t<span itemprop='width'>1452<\/span>\n\t\t\t\t<\/span>\n\t\t\t\t<span class='av-structured-data'  itemprop=\"publisher\" itemtype=\"https:\/\/schema.org\/Organization\" itemscope=\"itemscope\" >\n\t\t\t\t\t\t<span itemprop='name'>J\u00fcrgen<\/span>\n\t\t\t\t\t\t<span itemprop='logo' itemscope itemtype='https:\/\/schema.org\/ImageObject'>\n\t\t\t\t\t\t\t<span itemprop='url'>https:\/\/www.andalusien-urlaub.eu\/images\/andalusien-entdecken.png<\/span>\n\t\t\t\t\t\t<\/span>\n\t\t\t\t<\/span><span class='av-structured-data'  itemprop=\"author\" itemscope=\"itemscope\" itemtype=\"https:\/\/schema.org\/Person\" ><span itemprop='name'>J\u00fcrgen<\/span><\/span><span class='av-structured-data'  itemprop=\"datePublished\" datetime=\"2024-07-22T16:29:56+01:00\" >2024-07-22 16:29:56<\/span><span class='av-structured-data'  itemprop=\"dateModified\" itemtype=\"https:\/\/schema.org\/dateModified\" >2024-07-24 10:43:10<\/span><span class='av-structured-data'  itemprop=\"mainEntityOfPage\" itemtype=\"https:\/\/schema.org\/mainEntityOfPage\" ><span itemprop='name'>Tempolimit auf Spaniens Stra\u00dfen<\/span><\/span><\/span><\/article><article class=\"post-entry post-entry-type-standard post-entry-5961 post-loop-5 post-parity-odd multi-big with-slider post-5961 post type-post status-publish format-standard has-post-thumbnail hentry category-malaga-provinz category-wandern tag-ausflug tag-axarquia tag-el-saltillo tag-wandern\"  itemscope=\"itemscope\" itemtype=\"https:\/\/schema.org\/BlogPosting\" ><div class=\"blog-meta\"><a href='https:\/\/www.andalusien-urlaub.eu\/blog\/author\/jamal\/' class='post-author-format-type'><span class='rounded-container'><img loading=\"lazy\" decoding=\"async\" alt='J\u00fcrgen' src=\"https:\/\/secure.gravatar.com\/avatar\/4d994b0f3a6eb417aae9a837d0e606617f5fd7ba92f306bb2028b6b5fb9d3d07?s=81&#038;d=blank&#038;r=g\" srcset='https:\/\/secure.gravatar.com\/avatar\/4d994b0f3a6eb417aae9a837d0e606617f5fd7ba92f306bb2028b6b5fb9d3d07?s=162&#038;d=blank&#038;r=g 2x' class='avatar avatar-81 photo' height=\"81\" width=\"81\" \/><span class='iconfont avia-svg-icon avia-font-svg_entypo-fontello' data-av_svg_icon='pencil' data-av_iconset='svg_entypo-fontello' ><svg version=\"1.1\" xmlns=\"http:\/\/www.w3.org\/2000\/svg\" width=\"25\" height=\"32\" viewBox=\"0 0 25 32\" preserveAspectRatio=\"xMidYMid meet\" role=\"graphics-symbol\" aria-hidden=\"true\">\n<path d=\"M22.976 5.44q1.024 1.024 1.504 2.048t0.48 1.536v0.512l-8.064 8.064-9.28 9.216-7.616 1.664 1.6-7.68 9.28-9.216 8.064-8.064q1.728-0.384 4.032 1.92zM7.168 25.92l0.768-0.768q-0.064-1.408-1.664-3.008-0.704-0.704-1.44-1.12t-1.12-0.416l-0.448-0.064-0.704 0.768-0.576 2.56q0.896 0.512 1.472 1.088 0.768 0.768 1.152 1.536z\"><\/path>\n<\/svg><\/span><\/span><\/a><\/div><div class='entry-content-wrapper clearfix standard-content'><header class=\"entry-content-header\" aria-label=\"Post: El Saltillo bei Canillas de Aceituno\"><div class=\"av-heading-wrapper\"><h2 class='post-title entry-title '  itemprop=\"headline\" ><a href=\"https:\/\/www.andalusien-urlaub.eu\/blog\/wandern\/wanderweg-in-der-axarquiael-saltillobei-canillas-de-aceituno\/\" rel=\"bookmark\" title=\"Permanenter Link zu: El Saltillo bei Canillas de Aceituno\">El Saltillo bei Canillas de Aceituno<span class=\"post-format-icon minor-meta\"><\/span><\/a><\/h2><span class=\"blog-categories minor-meta\"><a href=\"https:\/\/www.andalusien-urlaub.eu\/blog\/category\/malaga-3\/malaga-provinz\/\" rel=\"tag\">M\u00e1laga - Provinz<\/a>, <a href=\"https:\/\/www.andalusien-urlaub.eu\/blog\/category\/wandern\/\" rel=\"tag\">Wandern<\/a><\/span><\/div><\/header><span class=\"av-vertical-delimiter\"><\/span><div class=\"big-preview multi-big\"  itemprop=\"image\" itemscope=\"itemscope\" itemtype=\"https:\/\/schema.org\/ImageObject\" ><a href=\"https:\/\/www.andalusien-urlaub.eu\/blog\/wandern\/wanderweg-in-der-axarquiael-saltillobei-canillas-de-aceituno\/\"  title=\"El Saltillo\" ><img decoding=\"async\" loading=\"lazy\" width=\"845\" height=\"321\" src=\"https:\/\/i0.wp.com\/www.andalusien-urlaub.eu\/blog\/wp-content\/uploads\/elsaltilloblog.jpeg?resize=845%2C321&amp;ssl=1\" class=\"wp-image-5962 avia-img-lazy-loading-5962 attachment-entry_with_sidebar size-entry_with_sidebar wp-post-image\" alt=\"\" data-attachment-id=\"5962\" data-permalink=\"https:\/\/www.andalusien-urlaub.eu\/blog\/wandern\/wanderweg-in-der-axarquiael-saltillobei-canillas-de-aceituno\/attachment\/elsaltilloblog\/\" data-orig-file=\"https:\/\/i0.wp.com\/www.andalusien-urlaub.eu\/blog\/wp-content\/uploads\/elsaltilloblog.jpeg?fit=1017%2C763&amp;ssl=1\" data-orig-size=\"1017,763\" data-comments-opened=\"1\" data-image-meta=\"{&quot;aperture&quot;:&quot;0&quot;,&quot;credit&quot;:&quot;&quot;,&quot;camera&quot;:&quot;&quot;,&quot;caption&quot;:&quot;&quot;,&quot;created_timestamp&quot;:&quot;0&quot;,&quot;copyright&quot;:&quot;&quot;,&quot;focal_length&quot;:&quot;0&quot;,&quot;iso&quot;:&quot;0&quot;,&quot;shutter_speed&quot;:&quot;0&quot;,&quot;title&quot;:&quot;&quot;,&quot;orientation&quot;:&quot;1&quot;}\" data-image-title=\"El Saltillo\" data-image-description=\"\" data-image-caption=\"\" data-medium-file=\"https:\/\/i0.wp.com\/www.andalusien-urlaub.eu\/blog\/wp-content\/uploads\/elsaltilloblog.jpeg?fit=600%2C450&amp;ssl=1\" data-large-file=\"https:\/\/i0.wp.com\/www.andalusien-urlaub.eu\/blog\/wp-content\/uploads\/elsaltilloblog.jpeg?fit=1017%2C763&amp;ssl=1\" \/><\/a><\/div><div class=\"entry-content\"  itemprop=\"text\" >\n<p>Dieser spektakul\u00e4re Wanderweg liegt in der Sierra Tejeda, in der Axarqu\u00eda, einer Bergregion \u00f6stlich von M\u00e1laga. El Saltillo wird auch gerne mit dem <a href=\"https:\/\/www.andalusien-urlaub.eu\/blog\/malaga\/der-neue-caminito-del-rey\/\">Caminito del Rey<\/a> verglichen. Der Weg hat den <strong>Schwierigkeitsgrad mittel bis hoch<\/strong> und man sollte trittsicher und schwindelfrei sein. Ausgangspunkt ist das Dorfzentrum von Canillas de Aceituno. Von dort an ist der Weg gekennzeichnet. Es geht steil durch die engen Gassen des D\u00f6rfchens bergauf bis wir zur Acequia (Bew\u00e4sserungsgraben) gelangen, die uns fast den gesamten Weg lang begleitet.<\/p>\n\n\n\n<p>Wir wandern zun\u00e4chst entlang an Kleing\u00e4rten und genie\u00dfen eine spektakul\u00e4re Aussicht, vom h\u00f6chsten Gipfel, dem Maroma \u00fcber die gesamte Region bis hinunter zur K\u00fcste. Nach circa einer halben Stunde Fu\u00dfmarsch kommen wir am El Alberc\u00f3n vorbei, einem Wasserauffangbecken noch aus der Zeit der Araber, das heute noch die Landwirtschaft mit Wasser versorgt.<\/p>\n\n\n\n<p>Wir folgen weiterhin dem Bew\u00e4sserungsgraben und kommen bald an ein k\u00fcrzlich gebautes H\u00e4uschen, worin sich eine Entkalkungsanlage befindet. Nach einer weiteren Weile Fu\u00dfmarsch kommen wir an die Schlucht des Flusses Almanchares. Kurze Zeit sp\u00e4ter verzweigt sich der Weg. Entweder man geht den Weg weiter und kommt, teils \u00fcber einen Laufsteg, weiter hinein in die Schlucht. Oder man geht hinunter zur H\u00e4ngebr\u00fccke.<\/p>\n\n\n\n<p>Auf der anderen Seite der H\u00e4ngebr\u00fccke geht es weiter in das \u00d6rtchen Sedella. Dieser Teil des El Saltillo ist allerdings sehr anspruchsvoll und hat den Schwierigkeitsgrad hoch. Oder ihr macht es wie ich und geht den Weg wieder zur\u00fcck nach Canillas de Aceituno.<\/p>\n\n\n\n<p>L\u00e4nge: ca. 8 km, Dauer hin und zur\u00fcck ca. 4 Std.<\/p>\n\n\n\n<figure class=\"wp-block-embed is-type-video is-provider-youtube wp-block-embed-youtube wp-embed-aspect-16-9 wp-has-aspect-ratio\"><div class=\"wp-block-embed__wrapper\">\n<div class='avia-iframe-wrap'><iframe loading=\"lazy\" title=\"#24 \u25b6\ufe0f El Saltillo - Wandern in der Axarqu\u00eda &amp; Stellplatz-Review (Insta360 ONE X2 Aufnahmen)\" width=\"1500\" height=\"844\" src=\"https:\/\/www.youtube.com\/embed\/hgHFyA54R_g?feature=oembed\" frameborder=\"0\" allow=\"accelerometer; autoplay; clipboard-write; encrypted-media; gyroscope; picture-in-picture; web-share\" referrerpolicy=\"strict-origin-when-cross-origin\" allowfullscreen><\/iframe><\/div>\n<\/div><\/figure>\n\n\n\n<p>B<\/p>\n<\/div><span class=\"post-meta-infos\"><time class=\"date-container minor-meta updated\"  itemprop=\"datePublished\" datetime=\"2022-01-24T07:36:40+01:00\" >24. Januar 2022<\/time><span class=\"text-sep\">\/<\/span><span class=\"comment-container minor-meta\"><a href=\"https:\/\/www.andalusien-urlaub.eu\/blog\/wandern\/wanderweg-in-der-axarquiael-saltillobei-canillas-de-aceituno\/#respond\" class=\"comments-link\" >0 Kommentare<\/a><\/span><\/span><footer class=\"entry-footer\"><\/footer><div class='post_delimiter'><\/div><\/div><div class=\"post_author_timeline\"><\/div><span class='hidden'>\n\t\t\t\t<span class='av-structured-data'  itemprop=\"image\" itemscope=\"itemscope\" itemtype=\"https:\/\/schema.org\/ImageObject\" >\n\t\t\t\t\t\t<span itemprop='url'>https:\/\/i0.wp.com\/www.andalusien-urlaub.eu\/blog\/wp-content\/uploads\/elsaltilloblog.jpeg?fit=1017%2C763&ssl=1<\/span>\n\t\t\t\t\t\t<span itemprop='height'>763<\/span>\n\t\t\t\t\t\t<span itemprop='width'>1017<\/span>\n\t\t\t\t<\/span>\n\t\t\t\t<span class='av-structured-data'  itemprop=\"publisher\" itemtype=\"https:\/\/schema.org\/Organization\" itemscope=\"itemscope\" >\n\t\t\t\t\t\t<span itemprop='name'>J\u00fcrgen<\/span>\n\t\t\t\t\t\t<span itemprop='logo' itemscope itemtype='https:\/\/schema.org\/ImageObject'>\n\t\t\t\t\t\t\t<span itemprop='url'>https:\/\/www.andalusien-urlaub.eu\/images\/andalusien-entdecken.png<\/span>\n\t\t\t\t\t\t<\/span>\n\t\t\t\t<\/span><span class='av-structured-data'  itemprop=\"author\" itemscope=\"itemscope\" itemtype=\"https:\/\/schema.org\/Person\" ><span itemprop='name'>J\u00fcrgen<\/span><\/span><span class='av-structured-data'  itemprop=\"datePublished\" datetime=\"2022-01-24T07:36:40+01:00\" >2022-01-24 07:36:40<\/span><span class='av-structured-data'  itemprop=\"dateModified\" itemtype=\"https:\/\/schema.org\/dateModified\" >2024-07-29 11:43:35<\/span><span class='av-structured-data'  itemprop=\"mainEntityOfPage\" itemtype=\"https:\/\/schema.org\/mainEntityOfPage\" ><span itemprop='name'>El Saltillo bei Canillas de Aceituno<\/span><\/span><\/span><\/article><article class=\"post-entry post-entry-type-standard post-entry-5935 post-loop-6 post-parity-even post-entry-last multi-big with-slider post-5935 post type-post status-publish format-standard has-post-thumbnail hentry category-granada tag-alhambra tag-granada tag-granada-app tag-tickets\"  itemscope=\"itemscope\" itemtype=\"https:\/\/schema.org\/BlogPosting\" ><div class=\"blog-meta\"><a href='https:\/\/www.andalusien-urlaub.eu\/blog\/author\/jamal\/' class='post-author-format-type'><span class='rounded-container'><img loading=\"lazy\" decoding=\"async\" alt='J\u00fcrgen' src=\"https:\/\/secure.gravatar.com\/avatar\/4d994b0f3a6eb417aae9a837d0e606617f5fd7ba92f306bb2028b6b5fb9d3d07?s=81&#038;d=blank&#038;r=g\" srcset='https:\/\/secure.gravatar.com\/avatar\/4d994b0f3a6eb417aae9a837d0e606617f5fd7ba92f306bb2028b6b5fb9d3d07?s=162&#038;d=blank&#038;r=g 2x' class='avatar avatar-81 photo' height=\"81\" width=\"81\" \/><span class='iconfont avia-svg-icon avia-font-svg_entypo-fontello' data-av_svg_icon='pencil' data-av_iconset='svg_entypo-fontello' ><svg version=\"1.1\" xmlns=\"http:\/\/www.w3.org\/2000\/svg\" width=\"25\" height=\"32\" viewBox=\"0 0 25 32\" preserveAspectRatio=\"xMidYMid meet\" role=\"graphics-symbol\" aria-hidden=\"true\">\n<path d=\"M22.976 5.44q1.024 1.024 1.504 2.048t0.48 1.536v0.512l-8.064 8.064-9.28 9.216-7.616 1.664 1.6-7.68 9.28-9.216 8.064-8.064q1.728-0.384 4.032 1.92zM7.168 25.92l0.768-0.768q-0.064-1.408-1.664-3.008-0.704-0.704-1.44-1.12t-1.12-0.416l-0.448-0.064-0.704 0.768-0.576 2.56q0.896 0.512 1.472 1.088 0.768 0.768 1.152 1.536z\"><\/path>\n<\/svg><\/span><\/span><\/a><\/div><div class='entry-content-wrapper clearfix standard-content'><header class=\"entry-content-header\" aria-label=\"Post: Der digitale Alhambra Pass\"><div class=\"av-heading-wrapper\"><h2 class='post-title entry-title '  itemprop=\"headline\" ><a href=\"https:\/\/www.andalusien-urlaub.eu\/blog\/granada\/der-digitale-alhambra-pass\/\" rel=\"bookmark\" title=\"Permanenter Link zu: Der digitale Alhambra Pass\">Der digitale Alhambra Pass<span class=\"post-format-icon minor-meta\"><\/span><\/a><\/h2><span class=\"blog-categories minor-meta\"><a href=\"https:\/\/www.andalusien-urlaub.eu\/blog\/category\/granada\/\" rel=\"tag\">Granada<\/a><\/span><\/div><\/header><span class=\"av-vertical-delimiter\"><\/span><div class=\"big-preview multi-big\"  itemprop=\"image\" itemscope=\"itemscope\" itemtype=\"https:\/\/schema.org\/ImageObject\" ><a href=\"https:\/\/www.andalusien-urlaub.eu\/blog\/granada\/der-digitale-alhambra-pass\/\"  title=\"alhambra-pass\" ><img decoding=\"async\" loading=\"lazy\" width=\"845\" height=\"321\" src=\"https:\/\/i0.wp.com\/www.andalusien-urlaub.eu\/blog\/wp-content\/uploads\/alhambra-pass.jpg?resize=845%2C321&amp;ssl=1\" class=\"wp-image-5936 avia-img-lazy-loading-5936 attachment-entry_with_sidebar size-entry_with_sidebar wp-post-image\" alt=\"\" data-attachment-id=\"5936\" data-permalink=\"https:\/\/www.andalusien-urlaub.eu\/blog\/granada\/der-digitale-alhambra-pass\/attachment\/alhambra-pass\/\" data-orig-file=\"https:\/\/i0.wp.com\/www.andalusien-urlaub.eu\/blog\/wp-content\/uploads\/alhambra-pass.jpg?fit=1024%2C768&amp;ssl=1\" data-orig-size=\"1024,768\" data-comments-opened=\"1\" data-image-meta=\"{&quot;aperture&quot;:&quot;0&quot;,&quot;credit&quot;:&quot;&quot;,&quot;camera&quot;:&quot;&quot;,&quot;caption&quot;:&quot;&quot;,&quot;created_timestamp&quot;:&quot;0&quot;,&quot;copyright&quot;:&quot;&quot;,&quot;focal_length&quot;:&quot;0&quot;,&quot;iso&quot;:&quot;0&quot;,&quot;shutter_speed&quot;:&quot;0&quot;,&quot;title&quot;:&quot;&quot;,&quot;orientation&quot;:&quot;0&quot;}\" data-image-title=\"alhambra-pass\" data-image-description=\"\" data-image-caption=\"\" data-medium-file=\"https:\/\/i0.wp.com\/www.andalusien-urlaub.eu\/blog\/wp-content\/uploads\/alhambra-pass.jpg?fit=600%2C450&amp;ssl=1\" data-large-file=\"https:\/\/i0.wp.com\/www.andalusien-urlaub.eu\/blog\/wp-content\/uploads\/alhambra-pass.jpg?fit=1024%2C768&amp;ssl=1\" \/><\/a><\/div><div class=\"entry-content\"  itemprop=\"text\" >\n<p>\u00dcberarbeitete Version 17.07.2024<\/p>\n\n\n\n<p>Der digitale <a href=\"https:\/\/www.tiqets.com\/de\/granada-attractions-c66003\/alhambra-pass-p1012625\/?partner=granada-online\" target=\"_blank\" rel=\"noreferrer noopener nofollow\">Alhambra Pass<\/a>, beinhaltet:<\/p>\n\n\n\n<ul class=\"wp-block-list\">\n<li>Eintrittskarten f\u00fcr die Alhambra ohne Anstehen mit oder ohne Nasridenpal\u00e4ste<\/li>\n\n\n\n<li>1 Tag Hopp -on hopp-off Zug Granada mit Audioguide<\/li>\n\n\n\n<li>Granada City Audioguide App f\u00fcr Ihr Smartphone. Audioguide-App mit \u00fcber 20 Sehensw\u00fcrdigkeiten in der Stadt, Bildmaterial, Beschreibungen und Audiokommentare von lokalen Experten, Offline, interaktive digitale Karten und Navigation<\/li>\n<\/ul>\n\n\n\n<p><\/p>\n\n\n\n<p>Hier zu buchen: <a href=\"https:\/\/www.tiqets.com\/de\/granada-attractions-c66003\/alhambra-pass-p1012625\/?partner=granada-online\" target=\"_blank\" rel=\"noreferrer noopener nofollow\">Digitaler Alhambra Pass<\/a><\/p>\n\n\n<div data-tiqets-widget=\"discovery\" data-currency=\"EUR\" data-language=\"de\" data-cards-layout=\"responsive\" data-content-type=\"product\" data-partner=\"granada-online\" data-content-ids=\"1012625\"><\/div>\n<p><script defer src=\"https:\/\/widgets.tiqets.com\/loader.js\"><\/script><\/p>\n<\/div><span class=\"post-meta-infos\"><time class=\"date-container minor-meta updated\"  itemprop=\"datePublished\" datetime=\"2021-08-24T12:45:29+01:00\" >24. August 2021<\/time><span class=\"text-sep\">\/<\/span><span class=\"comment-container minor-meta\"><a href=\"https:\/\/www.andalusien-urlaub.eu\/blog\/granada\/der-digitale-alhambra-pass\/#respond\" class=\"comments-link\" >0 Kommentare<\/a><\/span><\/span><footer class=\"entry-footer\"><\/footer><div class='post_delimiter'><\/div><\/div><div class=\"post_author_timeline\"><\/div><span class='hidden'>\n\t\t\t\t<span class='av-structured-data'  itemprop=\"image\" itemscope=\"itemscope\" itemtype=\"https:\/\/schema.org\/ImageObject\" >\n\t\t\t\t\t\t<span itemprop='url'>https:\/\/i0.wp.com\/www.andalusien-urlaub.eu\/blog\/wp-content\/uploads\/alhambra-pass.jpg?fit=1024%2C768&ssl=1<\/span>\n\t\t\t\t\t\t<span itemprop='height'>768<\/span>\n\t\t\t\t\t\t<span itemprop='width'>1024<\/span>\n\t\t\t\t<\/span>\n\t\t\t\t<span class='av-structured-data'  itemprop=\"publisher\" itemtype=\"https:\/\/schema.org\/Organization\" itemscope=\"itemscope\" >\n\t\t\t\t\t\t<span itemprop='name'>J\u00fcrgen<\/span>\n\t\t\t\t\t\t<span itemprop='logo' itemscope itemtype='https:\/\/schema.org\/ImageObject'>\n\t\t\t\t\t\t\t<span itemprop='url'>https:\/\/www.andalusien-urlaub.eu\/images\/andalusien-entdecken.png<\/span>\n\t\t\t\t\t\t<\/span>\n\t\t\t\t<\/span><span class='av-structured-data'  itemprop=\"author\" itemscope=\"itemscope\" itemtype=\"https:\/\/schema.org\/Person\" ><span itemprop='name'>J\u00fcrgen<\/span><\/span><span class='av-structured-data'  itemprop=\"datePublished\" datetime=\"2021-08-24T12:45:29+01:00\" >2021-08-24 12:45:29<\/span><span class='av-structured-data'  itemprop=\"dateModified\" itemtype=\"https:\/\/schema.org\/dateModified\" >2024-07-25 11:48:32<\/span><span class='av-structured-data'  itemprop=\"mainEntityOfPage\" itemtype=\"https:\/\/schema.org\/mainEntityOfPage\" ><span itemprop='name'>Der digitale Alhambra Pass<\/span><\/span><\/span><\/article><div class='multi-big'><nav class='pagination'><span class='pagination-meta'>Seite 1 von 14<\/span><span class='current'>1<\/span><a href='https:\/\/www.andalusien-urlaub.eu\/blog\/wp-json\/wp\/v2\/pages\/1010\/page\/2\/' class='inactive next_page' >2<\/a><a href='https:\/\/www.andalusien-urlaub.eu\/blog\/wp-json\/wp\/v2\/pages\/1010\/page\/3\/' class='inactive' >3<\/a><a href='https:\/\/www.andalusien-urlaub.eu\/blog\/wp-json\/wp\/v2\/pages\/1010\/page\/2\/'>&rsaquo;<\/a><a href='https:\/\/www.andalusien-urlaub.eu\/blog\/wp-json\/wp\/v2\/pages\/1010\/page\/14\/'>&raquo;<\/a><\/nav>\n<\/div><\/div>\n","protected":false},"excerpt":{"rendered":"","protected":false},"author":1,"featured_media":0,"parent":731,"menu_order":0,"comment_status":"open","ping_status":"open","template":"","meta":{"jetpack_post_was_ever_published":false,"footnotes":""},"class_list":["post-1010","page","type-page","status-publish","hentry"],"yoast_head":"<!-- This site is optimized with the Yoast SEO plugin v27.0 - https:\/\/yoast.com\/product\/yoast-seo-wordpress\/ -->\n<title>Blog Multi Author - Andalusien entdecken<\/title>\n<meta name=\"robots\" content=\"index, follow, max-snippet:-1, max-image-preview:large, max-video-preview:-1\" \/>\n<link rel=\"canonical\" href=\"https:\/\/www.andalusien-urlaub.eu\/blog\/blog\/blog-multi-author\/\" \/>\n<meta property=\"og:locale\" content=\"de_DE\" \/>\n<meta property=\"og:type\" content=\"article\" \/>\n<meta property=\"og:title\" content=\"Blog Multi Author - Andalusien entdecken\" \/>\n<meta property=\"og:url\" content=\"https:\/\/www.andalusien-urlaub.eu\/blog\/blog\/blog-multi-author\/\" \/>\n<meta property=\"og:site_name\" content=\"Andalusien entdecken\" \/>\n<meta property=\"article:publisher\" content=\"https:\/\/www.facebook.com\/abnachandalusien\" \/>\n<meta name=\"twitter:card\" content=\"summary_large_image\" \/>\n<meta name=\"twitter:site\" content=\"@granadareisen\" \/>\n<script type=\"application\/ld+json\" class=\"yoast-schema-graph\">{\"@context\":\"https:\/\/schema.org\",\"@graph\":[{\"@type\":\"WebPage\",\"@id\":\"https:\/\/www.andalusien-urlaub.eu\/blog\/blog\/blog-multi-author\/\",\"url\":\"https:\/\/www.andalusien-urlaub.eu\/blog\/blog\/blog-multi-author\/\",\"name\":\"Blog Multi Author - Andalusien entdecken\",\"isPartOf\":{\"@id\":\"https:\/\/www.andalusien-urlaub.eu\/blog\/#website\"},\"datePublished\":\"2013-04-03T16:05:52+00:00\",\"breadcrumb\":{\"@id\":\"https:\/\/www.andalusien-urlaub.eu\/blog\/blog\/blog-multi-author\/#breadcrumb\"},\"inLanguage\":\"de\",\"potentialAction\":[{\"@type\":\"ReadAction\",\"target\":[\"https:\/\/www.andalusien-urlaub.eu\/blog\/blog\/blog-multi-author\/\"]}]},{\"@type\":\"BreadcrumbList\",\"@id\":\"https:\/\/www.andalusien-urlaub.eu\/blog\/blog\/blog-multi-author\/#breadcrumb\",\"itemListElement\":[{\"@type\":\"ListItem\",\"position\":1,\"name\":\"Home\",\"item\":\"https:\/\/www.andalusien-urlaub.eu\/blog\/homepage\/\"},{\"@type\":\"ListItem\",\"position\":2,\"name\":\"Blog\",\"item\":\"https:\/\/www.andalusien-urlaub.eu\/blog\/blog\/\"},{\"@type\":\"ListItem\",\"position\":3,\"name\":\"Blog Multi Author\"}]},{\"@type\":\"WebSite\",\"@id\":\"https:\/\/www.andalusien-urlaub.eu\/blog\/#website\",\"url\":\"https:\/\/www.andalusien-urlaub.eu\/blog\/\",\"name\":\"Andalusien entdecken\",\"description\":\"Auf Entdeckungsreise in Andalusien\",\"publisher\":{\"@id\":\"https:\/\/www.andalusien-urlaub.eu\/blog\/#organization\"},\"potentialAction\":[{\"@type\":\"SearchAction\",\"target\":{\"@type\":\"EntryPoint\",\"urlTemplate\":\"https:\/\/www.andalusien-urlaub.eu\/blog\/?s={search_term_string}\"},\"query-input\":{\"@type\":\"PropertyValueSpecification\",\"valueRequired\":true,\"valueName\":\"search_term_string\"}}],\"inLanguage\":\"de\"},{\"@type\":\"Organization\",\"@id\":\"https:\/\/www.andalusien-urlaub.eu\/blog\/#organization\",\"name\":\"Andalusien entdecken\",\"url\":\"https:\/\/www.andalusien-urlaub.eu\/blog\/\",\"logo\":{\"@type\":\"ImageObject\",\"inLanguage\":\"de\",\"@id\":\"https:\/\/www.andalusien-urlaub.eu\/blog\/#\/schema\/logo\/image\/\",\"url\":\"https:\/\/i2.wp.com\/www.andalusien-urlaub.eu\/blog\/wp-content\/uploads\/Logo_Final_PNG_kl.png?fit=300%2C127&ssl=1\",\"contentUrl\":\"https:\/\/i2.wp.com\/www.andalusien-urlaub.eu\/blog\/wp-content\/uploads\/Logo_Final_PNG_kl.png?fit=300%2C127&ssl=1\",\"width\":300,\"height\":127,\"caption\":\"Andalusien entdecken\"},\"image\":{\"@id\":\"https:\/\/www.andalusien-urlaub.eu\/blog\/#\/schema\/logo\/image\/\"},\"sameAs\":[\"https:\/\/www.facebook.com\/abnachandalusien\",\"https:\/\/x.com\/granadareisen\"]}]}<\/script>\n<!-- \/ Yoast SEO plugin. -->","yoast_head_json":{"title":"Blog Multi Author - Andalusien entdecken","robots":{"index":"index","follow":"follow","max-snippet":"max-snippet:-1","max-image-preview":"max-image-preview:large","max-video-preview":"max-video-preview:-1"},"canonical":"https:\/\/www.andalusien-urlaub.eu\/blog\/blog\/blog-multi-author\/","og_locale":"de_DE","og_type":"article","og_title":"Blog Multi Author - Andalusien entdecken","og_url":"https:\/\/www.andalusien-urlaub.eu\/blog\/blog\/blog-multi-author\/","og_site_name":"Andalusien entdecken","article_publisher":"https:\/\/www.facebook.com\/abnachandalusien","twitter_card":"summary_large_image","twitter_site":"@granadareisen","schema":{"@context":"https:\/\/schema.org","@graph":[{"@type":"WebPage","@id":"https:\/\/www.andalusien-urlaub.eu\/blog\/blog\/blog-multi-author\/","url":"https:\/\/www.andalusien-urlaub.eu\/blog\/blog\/blog-multi-author\/","name":"Blog Multi Author - Andalusien entdecken","isPartOf":{"@id":"https:\/\/www.andalusien-urlaub.eu\/blog\/#website"},"datePublished":"2013-04-03T16:05:52+00:00","breadcrumb":{"@id":"https:\/\/www.andalusien-urlaub.eu\/blog\/blog\/blog-multi-author\/#breadcrumb"},"inLanguage":"de","potentialAction":[{"@type":"ReadAction","target":["https:\/\/www.andalusien-urlaub.eu\/blog\/blog\/blog-multi-author\/"]}]},{"@type":"BreadcrumbList","@id":"https:\/\/www.andalusien-urlaub.eu\/blog\/blog\/blog-multi-author\/#breadcrumb","itemListElement":[{"@type":"ListItem","position":1,"name":"Home","item":"https:\/\/www.andalusien-urlaub.eu\/blog\/homepage\/"},{"@type":"ListItem","position":2,"name":"Blog","item":"https:\/\/www.andalusien-urlaub.eu\/blog\/blog\/"},{"@type":"ListItem","position":3,"name":"Blog Multi Author"}]},{"@type":"WebSite","@id":"https:\/\/www.andalusien-urlaub.eu\/blog\/#website","url":"https:\/\/www.andalusien-urlaub.eu\/blog\/","name":"Andalusien entdecken","description":"Auf Entdeckungsreise in Andalusien","publisher":{"@id":"https:\/\/www.andalusien-urlaub.eu\/blog\/#organization"},"potentialAction":[{"@type":"SearchAction","target":{"@type":"EntryPoint","urlTemplate":"https:\/\/www.andalusien-urlaub.eu\/blog\/?s={search_term_string}"},"query-input":{"@type":"PropertyValueSpecification","valueRequired":true,"valueName":"search_term_string"}}],"inLanguage":"de"},{"@type":"Organization","@id":"https:\/\/www.andalusien-urlaub.eu\/blog\/#organization","name":"Andalusien entdecken","url":"https:\/\/www.andalusien-urlaub.eu\/blog\/","logo":{"@type":"ImageObject","inLanguage":"de","@id":"https:\/\/www.andalusien-urlaub.eu\/blog\/#\/schema\/logo\/image\/","url":"https:\/\/i2.wp.com\/www.andalusien-urlaub.eu\/blog\/wp-content\/uploads\/Logo_Final_PNG_kl.png?fit=300%2C127&ssl=1","contentUrl":"https:\/\/i2.wp.com\/www.andalusien-urlaub.eu\/blog\/wp-content\/uploads\/Logo_Final_PNG_kl.png?fit=300%2C127&ssl=1","width":300,"height":127,"caption":"Andalusien entdecken"},"image":{"@id":"https:\/\/www.andalusien-urlaub.eu\/blog\/#\/schema\/logo\/image\/"},"sameAs":["https:\/\/www.facebook.com\/abnachandalusien","https:\/\/x.com\/granadareisen"]}]}},"jetpack_shortlink":"https:\/\/wp.me\/P4SCDV-gi","jetpack_sharing_enabled":true,"_links":{"self":[{"href":"https:\/\/www.andalusien-urlaub.eu\/blog\/wp-json\/wp\/v2\/pages\/1010","targetHints":{"allow":["GET"]}}],"collection":[{"href":"https:\/\/www.andalusien-urlaub.eu\/blog\/wp-json\/wp\/v2\/pages"}],"about":[{"href":"https:\/\/www.andalusien-urlaub.eu\/blog\/wp-json\/wp\/v2\/types\/page"}],"author":[{"embeddable":true,"href":"https:\/\/www.andalusien-urlaub.eu\/blog\/wp-json\/wp\/v2\/users\/1"}],"replies":[{"embeddable":true,"href":"https:\/\/www.andalusien-urlaub.eu\/blog\/wp-json\/wp\/v2\/comments?post=1010"}],"version-history":[{"count":0,"href":"https:\/\/www.andalusien-urlaub.eu\/blog\/wp-json\/wp\/v2\/pages\/1010\/revisions"}],"up":[{"embeddable":true,"href":"https:\/\/www.andalusien-urlaub.eu\/blog\/wp-json\/wp\/v2\/pages\/731"}],"wp:attachment":[{"href":"https:\/\/www.andalusien-urlaub.eu\/blog\/wp-json\/wp\/v2\/media?parent=1010"}],"curies":[{"name":"wp","href":"https:\/\/api.w.org\/{rel}","templated":true}]}}