{"id":1336,"date":"2013-04-07T21:13:52","date_gmt":"2013-04-07T21:13:52","guid":{"rendered":"http:\/\/www.kriesi.at\/themes\/enfold\/?page_id=1336"},"modified":"2013-04-07T21:13:52","modified_gmt":"2013-04-07T21:13:52","slug":"blog-grid","status":"publish","type":"page","link":"https:\/\/www.andalusien-urlaub.eu\/blog\/blog\/blog-grid\/","title":{"rendered":"Blog Grid"},"content":{"rendered":"<div  data-slideshow-options=\"{&quot;animation&quot;:&quot;fade&quot;,&quot;autoplay&quot;:false,&quot;loop_autoplay&quot;:&quot;once&quot;,&quot;interval&quot;:5,&quot;loop_manual&quot;:&quot;manual-endless&quot;,&quot;autoplay_stopper&quot;:false,&quot;noNavigation&quot;:false,&quot;show_slide_delay&quot;:90}\" class='avia-content-slider avia-content-grid-active avia-content-slider1 avia-content-slider-odd  avia-builder-el-0  avia-builder-el-no-sibling  av-slideshow-ui av-control-default   av-no-slider-navigation av-slideshow-manual av-loop-once av-loop-manual-endless '  itemscope=\"itemscope\" itemtype=\"https:\/\/schema.org\/Blog\" ><div class=\"avia-content-slider-inner\"><div class=\"slide-entry-wrap\"><article class='slide-entry flex_column  post-entry post-entry-6132 slide-entry-overview slide-loop-1 slide-parity-odd  av_one_third first real-thumbnail posttype-post post-format-standard'  itemscope=\"itemscope\" itemtype=\"https:\/\/schema.org\/CreativeWork\" ><a href='https:\/\/www.andalusien-urlaub.eu\/blog\/allgemein\/wenn-der-strafzettel-aus-spanien-nach-hause-kommt\/' data-rel='slide-1' class='slide-image' title='Wenn der Strafzettel aus Spanien nach Hause kommt'><img decoding=\"async\" fetchpriority=\"high\" width=\"495\" height=\"400\" src=\"https:\/\/i0.wp.com\/www.andalusien-urlaub.eu\/blog\/wp-content\/uploads\/DSC01513.jpg?resize=495%2C400&amp;ssl=1\" class=\"wp-image-6151 avia-img-lazy-loading-not-6151 attachment-portfolio size-portfolio wp-post-image\" alt=\"\" srcset=\"https:\/\/i0.wp.com\/www.andalusien-urlaub.eu\/blog\/wp-content\/uploads\/DSC01513.jpg?resize=495%2C400&amp;ssl=1 495w, https:\/\/i0.wp.com\/www.andalusien-urlaub.eu\/blog\/wp-content\/uploads\/DSC01513.jpg?resize=845%2C684&amp;ssl=1 845w, https:\/\/i0.wp.com\/www.andalusien-urlaub.eu\/blog\/wp-content\/uploads\/DSC01513.jpg?zoom=2&amp;resize=495%2C400&amp;ssl=1 990w\" sizes=\"(max-width: 495px) 100vw, 495px\" data-attachment-id=\"6151\" data-permalink=\"https:\/\/www.andalusien-urlaub.eu\/blog\/allgemein\/wenn-der-strafzettel-aus-spanien-nach-hause-kommt\/attachment\/dsc01513\/\" data-orig-file=\"https:\/\/i0.wp.com\/www.andalusien-urlaub.eu\/blog\/wp-content\/uploads\/DSC01513.jpg?fit=1024%2C768&amp;ssl=1\" data-orig-size=\"1024,768\" data-comments-opened=\"1\" data-image-meta=\"{&quot;aperture&quot;:&quot;0&quot;,&quot;credit&quot;:&quot;&quot;,&quot;camera&quot;:&quot;&quot;,&quot;caption&quot;:&quot;&quot;,&quot;created_timestamp&quot;:&quot;1315067650&quot;,&quot;copyright&quot;:&quot;&quot;,&quot;focal_length&quot;:&quot;0&quot;,&quot;iso&quot;:&quot;0&quot;,&quot;shutter_speed&quot;:&quot;0&quot;,&quot;title&quot;:&quot;&quot;,&quot;orientation&quot;:&quot;1&quot;}\" data-image-title=\"DSC01513\" data-image-description=\"\" data-image-caption=\"\" data-medium-file=\"https:\/\/i0.wp.com\/www.andalusien-urlaub.eu\/blog\/wp-content\/uploads\/DSC01513.jpg?fit=600%2C450&amp;ssl=1\" data-large-file=\"https:\/\/i0.wp.com\/www.andalusien-urlaub.eu\/blog\/wp-content\/uploads\/DSC01513.jpg?fit=1024%2C768&amp;ssl=1\" \/><\/a><div class=\"slide-content\"><header class=\"entry-content-header\" aria-label=\"Slide: Wenn der Strafzettel aus Spanien nach Hause kommt\"><h3 class='slide-entry-title entry-title '  itemprop=\"headline\" ><a href='https:\/\/www.andalusien-urlaub.eu\/blog\/allgemein\/wenn-der-strafzettel-aus-spanien-nach-hause-kommt\/' title='Wenn der Strafzettel aus Spanien nach Hause kommt'>Wenn der Strafzettel aus Spanien nach Hause kommt<\/a><\/h3><span class=\"blog-categories minor-meta\"><a href=\"https:\/\/www.andalusien-urlaub.eu\/blog\/category\/allgemein\/\" rel=\"tag\">Andalusien<\/a> <\/span><span class=\"av-vertical-delimiter\"><\/span><\/header><div class='slide-entry-excerpt entry-content'  itemprop=\"text\" >\n\n\n\n\n\n<\/div><\/div><footer class=\"entry-footer\"><div class=\"slide-meta\"><time class='slide-meta-time updated'  itemprop=\"datePublished\" datetime=\"2026-02-18T16:07:47+01:00\" >18. Februar 2026<\/time><div class=\"slide-meta-del\">\/<\/div><div class=\"slide-meta-comments\"><a href='https:\/\/www.andalusien-urlaub.eu\/blog\/allgemein\/wenn-der-strafzettel-aus-spanien-nach-hause-kommt\/#respond'>0 Kommentare<\/a><\/div><\/div><\/footer><span class='hidden'>\n\t\t\t\t<span class='av-structured-data'  itemprop=\"image\" itemscope=\"itemscope\" itemtype=\"https:\/\/schema.org\/ImageObject\" >\n\t\t\t\t\t\t<span itemprop='url'>https:\/\/i0.wp.com\/www.andalusien-urlaub.eu\/blog\/wp-content\/uploads\/DSC01513.jpg?fit=1024%2C768&ssl=1<\/span>\n\t\t\t\t\t\t<span itemprop='height'>768<\/span>\n\t\t\t\t\t\t<span itemprop='width'>1024<\/span>\n\t\t\t\t<\/span>\n\t\t\t\t<span class='av-structured-data'  itemprop=\"publisher\" itemtype=\"https:\/\/schema.org\/Organization\" itemscope=\"itemscope\" >\n\t\t\t\t\t\t<span itemprop='name'>J\u00fcrgen<\/span>\n\t\t\t\t\t\t<span itemprop='logo' itemscope itemtype='https:\/\/schema.org\/ImageObject'>\n\t\t\t\t\t\t\t<span itemprop='url'>https:\/\/www.andalusien-urlaub.eu\/images\/andalusien-entdecken.png<\/span>\n\t\t\t\t\t\t<\/span>\n\t\t\t\t<\/span><span class='av-structured-data'  itemprop=\"author\" itemscope=\"itemscope\" itemtype=\"https:\/\/schema.org\/Person\" ><span itemprop='name'>J\u00fcrgen<\/span><\/span><span class='av-structured-data'  itemprop=\"datePublished\" datetime=\"2013-04-07T21:13:52+01:00\" >2026-02-18 16:07:47<\/span><span class='av-structured-data'  itemprop=\"dateModified\" itemtype=\"https:\/\/schema.org\/dateModified\" >2026-02-20 16:03:19<\/span><span class='av-structured-data'  itemprop=\"mainEntityOfPage\" itemtype=\"https:\/\/schema.org\/mainEntityOfPage\" ><span itemprop='name'>Wenn der Strafzettel aus Spanien nach Hause kommt<\/span><\/span><\/span><\/article><article class='slide-entry flex_column  post-entry post-entry-6109 slide-entry-overview slide-loop-2 slide-parity-even  av_one_third  real-thumbnail posttype-post post-format-standard'  itemscope=\"itemscope\" itemtype=\"https:\/\/schema.org\/CreativeWork\" ><a href='https:\/\/www.andalusien-urlaub.eu\/blog\/malaga-3\/malaga-stadt\/historische-bauwerke-malagas\/' data-rel='slide-1' class='slide-image' title='Historische Bauwerke M\u00e1lagas'><img decoding=\"async\" fetchpriority=\"high\" width=\"495\" height=\"400\" src=\"https:\/\/i0.wp.com\/www.andalusien-urlaub.eu\/blog\/wp-content\/uploads\/20250212_114432.jpg?resize=495%2C400&amp;ssl=1\" class=\"wp-image-6155 avia-img-lazy-loading-not-6155 attachment-portfolio size-portfolio wp-post-image\" alt=\"M\u00e1laga\" srcset=\"https:\/\/i0.wp.com\/www.andalusien-urlaub.eu\/blog\/wp-content\/uploads\/20250212_114432.jpg?resize=495%2C400&amp;ssl=1 495w, https:\/\/i0.wp.com\/www.andalusien-urlaub.eu\/blog\/wp-content\/uploads\/20250212_114432.jpg?zoom=2&amp;resize=495%2C400&amp;ssl=1 990w\" sizes=\"(max-width: 495px) 100vw, 495px\" data-attachment-id=\"6155\" data-permalink=\"https:\/\/www.andalusien-urlaub.eu\/blog\/?attachment_id=6155\" data-orig-file=\"https:\/\/i0.wp.com\/www.andalusien-urlaub.eu\/blog\/wp-content\/uploads\/20250212_114432.jpg?fit=1024%2C485&amp;ssl=1\" data-orig-size=\"1024,485\" data-comments-opened=\"1\" data-image-meta=\"{&quot;aperture&quot;:&quot;0&quot;,&quot;credit&quot;:&quot;&quot;,&quot;camera&quot;:&quot;&quot;,&quot;caption&quot;:&quot;&quot;,&quot;created_timestamp&quot;:&quot;1739360672&quot;,&quot;copyright&quot;:&quot;&quot;,&quot;focal_length&quot;:&quot;0&quot;,&quot;iso&quot;:&quot;0&quot;,&quot;shutter_speed&quot;:&quot;0&quot;,&quot;title&quot;:&quot;&quot;,&quot;orientation&quot;:&quot;1&quot;}\" data-image-title=\"20250212_114432\" data-image-description=\"\" data-image-caption=\"&lt;p&gt;Blick auf die Kathedrale und die Alcazaba&lt;\/p&gt;\n\" data-medium-file=\"https:\/\/i0.wp.com\/www.andalusien-urlaub.eu\/blog\/wp-content\/uploads\/20250212_114432.jpg?fit=600%2C284&amp;ssl=1\" data-large-file=\"https:\/\/i0.wp.com\/www.andalusien-urlaub.eu\/blog\/wp-content\/uploads\/20250212_114432.jpg?fit=1024%2C485&amp;ssl=1\" \/><\/a><div class=\"slide-content\"><header class=\"entry-content-header\" aria-label=\"Slide: Historische Bauwerke M\u00e1lagas\"><h3 class='slide-entry-title entry-title '  itemprop=\"headline\" ><a href='https:\/\/www.andalusien-urlaub.eu\/blog\/malaga-3\/malaga-stadt\/historische-bauwerke-malagas\/' title='Historische Bauwerke M\u00e1lagas'>Historische Bauwerke M\u00e1lagas<\/a><\/h3><span class=\"blog-categories minor-meta\"><a href=\"https:\/\/www.andalusien-urlaub.eu\/blog\/category\/allgemein\/\" rel=\"tag\">Andalusien<\/a>, <a href=\"https:\/\/www.andalusien-urlaub.eu\/blog\/category\/malaga-3\/\" rel=\"tag\">M\u00e1laga<\/a>, <a href=\"https:\/\/www.andalusien-urlaub.eu\/blog\/category\/malaga-3\/malaga-stadt\/\" rel=\"tag\">M\u00e1laga Stadt<\/a> <\/span><span class=\"av-vertical-delimiter\"><\/span><\/header><div class='slide-entry-excerpt entry-content'  itemprop=\"text\" >\nDie vier gr\u00f6\u00dften historischen Geb\u00e4ude M\u00e1lagas befinden sich alle sehr nah beieinander und mitten im Zentrum von M\u00e1laga.\n\n\n\nSanta Iglesia Catedral Bas\u00edlica de la Encarnaci\u00f3n - Die Kathedrale von M\u00e1laga\n\n\n\nIm Renaissance Stil auf den\u2026<\/div><\/div><footer class=\"entry-footer\"><div class=\"slide-meta\"><time class='slide-meta-time updated'  itemprop=\"datePublished\" datetime=\"2025-02-07T17:37:57+01:00\" >7. Februar 2025<\/time><div class=\"slide-meta-del\">\/<\/div><div class=\"slide-meta-comments\"><a href='https:\/\/www.andalusien-urlaub.eu\/blog\/malaga-3\/malaga-stadt\/historische-bauwerke-malagas\/#respond'>0 Kommentare<\/a><\/div><\/div><\/footer><span class='hidden'>\n\t\t\t\t<span class='av-structured-data'  itemprop=\"image\" itemscope=\"itemscope\" itemtype=\"https:\/\/schema.org\/ImageObject\" >\n\t\t\t\t\t\t<span itemprop='url'>https:\/\/i0.wp.com\/www.andalusien-urlaub.eu\/blog\/wp-content\/uploads\/20250212_114432.jpg?fit=1024%2C485&ssl=1<\/span>\n\t\t\t\t\t\t<span itemprop='height'>485<\/span>\n\t\t\t\t\t\t<span itemprop='width'>1024<\/span>\n\t\t\t\t<\/span>\n\t\t\t\t<span class='av-structured-data'  itemprop=\"publisher\" itemtype=\"https:\/\/schema.org\/Organization\" itemscope=\"itemscope\" >\n\t\t\t\t\t\t<span itemprop='name'>Karina Heitmann<\/span>\n\t\t\t\t\t\t<span itemprop='logo' itemscope itemtype='https:\/\/schema.org\/ImageObject'>\n\t\t\t\t\t\t\t<span itemprop='url'>https:\/\/www.andalusien-urlaub.eu\/images\/andalusien-entdecken.png<\/span>\n\t\t\t\t\t\t<\/span>\n\t\t\t\t<\/span><span class='av-structured-data'  itemprop=\"author\" itemscope=\"itemscope\" itemtype=\"https:\/\/schema.org\/Person\" ><span itemprop='name'>Karina Heitmann<\/span><\/span><span class='av-structured-data'  itemprop=\"datePublished\" datetime=\"2013-04-07T21:13:52+01:00\" >2025-02-07 17:37:57<\/span><span class='av-structured-data'  itemprop=\"dateModified\" itemtype=\"https:\/\/schema.org\/dateModified\" >2026-04-13 14:56:27<\/span><span class='av-structured-data'  itemprop=\"mainEntityOfPage\" itemtype=\"https:\/\/schema.org\/mainEntityOfPage\" ><span itemprop='name'>Historische Bauwerke M\u00e1lagas<\/span><\/span><\/span><\/article><article class='slide-entry flex_column  post-entry post-entry-3146 slide-entry-overview slide-loop-3 slide-parity-odd  av_one_third  real-thumbnail posttype-post post-format-standard'  itemscope=\"itemscope\" itemtype=\"https:\/\/schema.org\/CreativeWork\" ><a href='https:\/\/www.andalusien-urlaub.eu\/blog\/malaga-3\/malaga-stadt\/der-neue-caminito-del-rey\/' data-rel='slide-1' class='slide-image' title='Der Caminito del Rey'><img decoding=\"async\" fetchpriority=\"high\" width=\"495\" height=\"300\" src=\"https:\/\/i0.wp.com\/www.andalusien-urlaub.eu\/blog\/wp-content\/uploads\/P3292221-2kl.jpg?resize=495%2C300&amp;ssl=1\" class=\"wp-image-3547 avia-img-lazy-loading-not-3547 attachment-portfolio size-portfolio wp-post-image\" alt=\"Caminito del Rey\" data-attachment-id=\"3547\" data-permalink=\"https:\/\/www.andalusien-urlaub.eu\/blog\/malaga-3\/malaga-stadt\/der-neue-caminito-del-rey\/attachment\/olympus-digital-camera-36\/\" data-orig-file=\"https:\/\/i0.wp.com\/www.andalusien-urlaub.eu\/blog\/wp-content\/uploads\/P3292221-2kl.jpg?fit=600%2C300&amp;ssl=1\" data-orig-size=\"600,300\" data-comments-opened=\"1\" data-image-meta=\"{&quot;aperture&quot;:&quot;8&quot;,&quot;credit&quot;:&quot;juhe&quot;,&quot;camera&quot;:&quot;E-PL5&quot;,&quot;caption&quot;:&quot;OLYMPUS DIGITAL CAMERA&quot;,&quot;created_timestamp&quot;:&quot;1427636729&quot;,&quot;copyright&quot;:&quot;juhe&quot;,&quot;focal_length&quot;:&quot;19&quot;,&quot;iso&quot;:&quot;200&quot;,&quot;shutter_speed&quot;:&quot;0.0015625&quot;,&quot;title&quot;:&quot;OLYMPUS DIGITAL CAMERA&quot;,&quot;orientation&quot;:&quot;1&quot;}\" data-image-title=\"Caminito del Rey\" data-image-description=\"\" data-image-caption=\"\" data-medium-file=\"https:\/\/i0.wp.com\/www.andalusien-urlaub.eu\/blog\/wp-content\/uploads\/P3292221-2kl.jpg?fit=390%2C195&amp;ssl=1\" data-large-file=\"https:\/\/i0.wp.com\/www.andalusien-urlaub.eu\/blog\/wp-content\/uploads\/P3292221-2kl.jpg?fit=500%2C250&amp;ssl=1\" \/><\/a><div class=\"slide-content\"><header class=\"entry-content-header\" aria-label=\"Slide: Der Caminito del Rey\"><h3 class='slide-entry-title entry-title '  itemprop=\"headline\" ><a href='https:\/\/www.andalusien-urlaub.eu\/blog\/malaga-3\/malaga-stadt\/der-neue-caminito-del-rey\/' title='Der Caminito del Rey'>Der Caminito del Rey<\/a><\/h3><span class=\"blog-categories minor-meta\"><a href=\"https:\/\/www.andalusien-urlaub.eu\/blog\/category\/malaga-3\/malaga-stadt\/\" rel=\"tag\">M\u00e1laga Stadt<\/a>, <a href=\"https:\/\/www.andalusien-urlaub.eu\/blog\/category\/naturfotografie\/\" rel=\"tag\">Naturfotografie<\/a>, <a href=\"https:\/\/www.andalusien-urlaub.eu\/blog\/category\/wandern\/\" rel=\"tag\">Wandern<\/a> <\/span><span class=\"av-vertical-delimiter\"><\/span><\/header><div class='slide-entry-excerpt entry-content'  itemprop=\"text\" >\n\u00dcberarbeitete Version 03.01.2025\n\n\n\nAm 28.03.2015 war&nbsp;es endlich soweit: Der Caminito del Rey wurde wiederer\u00f6ffnet. Ich selbst bin ihn&nbsp;zum ersten Mal am Tag danach gegangen. Hier ein paar n\u00fctzliche Informationen und mein Erfahrungsbericht.\n\n\n\n\n\n\n\n\n\n\n\n\n\n\n\n\n\n\n\n\n\n\n\n\n\nEintrittskarten\u2026<\/div><\/div><footer class=\"entry-footer\"><div class=\"slide-meta\"><time class='slide-meta-time updated'  itemprop=\"datePublished\" datetime=\"2025-01-03T18:00:00+01:00\" >3. Januar 2025<\/time><div class=\"slide-meta-del\">\/<\/div><div class=\"slide-meta-comments\"><a href='https:\/\/www.andalusien-urlaub.eu\/blog\/malaga-3\/malaga-stadt\/der-neue-caminito-del-rey\/#comments'>31 Kommentare<\/a><\/div><\/div><\/footer><span class='hidden'>\n\t\t\t\t<span class='av-structured-data'  itemprop=\"image\" itemscope=\"itemscope\" itemtype=\"https:\/\/schema.org\/ImageObject\" >\n\t\t\t\t\t\t<span itemprop='url'>https:\/\/i0.wp.com\/www.andalusien-urlaub.eu\/blog\/wp-content\/uploads\/P3292221-2kl.jpg?fit=600%2C300&ssl=1<\/span>\n\t\t\t\t\t\t<span itemprop='height'>300<\/span>\n\t\t\t\t\t\t<span itemprop='width'>600<\/span>\n\t\t\t\t<\/span>\n\t\t\t\t<span class='av-structured-data'  itemprop=\"publisher\" itemtype=\"https:\/\/schema.org\/Organization\" itemscope=\"itemscope\" >\n\t\t\t\t\t\t<span itemprop='name'>J\u00fcrgen<\/span>\n\t\t\t\t\t\t<span itemprop='logo' itemscope itemtype='https:\/\/schema.org\/ImageObject'>\n\t\t\t\t\t\t\t<span itemprop='url'>https:\/\/www.andalusien-urlaub.eu\/images\/andalusien-entdecken.png<\/span>\n\t\t\t\t\t\t<\/span>\n\t\t\t\t<\/span><span class='av-structured-data'  itemprop=\"author\" itemscope=\"itemscope\" itemtype=\"https:\/\/schema.org\/Person\" ><span itemprop='name'>J\u00fcrgen<\/span><\/span><span class='av-structured-data'  itemprop=\"datePublished\" datetime=\"2013-04-07T21:13:52+01:00\" >2025-01-03 18:00:00<\/span><span class='av-structured-data'  itemprop=\"dateModified\" itemtype=\"https:\/\/schema.org\/dateModified\" >2025-02-07 10:53:17<\/span><span class='av-structured-data'  itemprop=\"mainEntityOfPage\" itemtype=\"https:\/\/schema.org\/mainEntityOfPage\" ><span itemprop='name'>Der Caminito del Rey<\/span><\/span><\/span><\/article><\/div><div class=\"slide-entry-wrap\"><article class='slide-entry flex_column  post-entry post-entry-5919 slide-entry-overview slide-loop-4 slide-parity-odd  av_one_third first real-thumbnail posttype-post post-format-standard'  itemscope=\"itemscope\" itemtype=\"https:\/\/schema.org\/CreativeWork\" ><a href='https:\/\/www.andalusien-urlaub.eu\/blog\/allgemein\/tempolimit-verkehr\/' data-rel='slide-1' class='slide-image' title='Tempolimit auf Spaniens Stra\u00dfen'><img decoding=\"async\" fetchpriority=\"high\" width=\"495\" height=\"400\" src=\"https:\/\/i0.wp.com\/www.andalusien-urlaub.eu\/blog\/wp-content\/uploads\/20231207_115504-1-2.jpg?resize=495%2C400&amp;ssl=1\" class=\"wp-image-6038 avia-img-lazy-loading-not-6038 attachment-portfolio size-portfolio wp-post-image\" alt=\"\" srcset=\"https:\/\/i0.wp.com\/www.andalusien-urlaub.eu\/blog\/wp-content\/uploads\/20231207_115504-1-2.jpg?resize=495%2C400&amp;ssl=1 495w, https:\/\/i0.wp.com\/www.andalusien-urlaub.eu\/blog\/wp-content\/uploads\/20231207_115504-1-2.jpg?resize=845%2C684&amp;ssl=1 845w, https:\/\/i0.wp.com\/www.andalusien-urlaub.eu\/blog\/wp-content\/uploads\/20231207_115504-1-2.jpg?zoom=2&amp;resize=495%2C400&amp;ssl=1 990w\" sizes=\"(max-width: 495px) 100vw, 495px\" data-attachment-id=\"6038\" data-permalink=\"https:\/\/www.andalusien-urlaub.eu\/blog\/allgemein\/tempolimit-verkehr\/attachment\/20231207_115504-1-2\/\" data-orig-file=\"https:\/\/i0.wp.com\/www.andalusien-urlaub.eu\/blog\/wp-content\/uploads\/20231207_115504-1-2.jpg?fit=1452%2C1089&amp;ssl=1\" data-orig-size=\"1452,1089\" data-comments-opened=\"1\" data-image-meta=\"{&quot;aperture&quot;:&quot;2.4&quot;,&quot;credit&quot;:&quot;&quot;,&quot;camera&quot;:&quot;SM-G973F&quot;,&quot;caption&quot;:&quot;&quot;,&quot;created_timestamp&quot;:&quot;1701950104&quot;,&quot;copyright&quot;:&quot;&quot;,&quot;focal_length&quot;:&quot;4.32&quot;,&quot;iso&quot;:&quot;50&quot;,&quot;shutter_speed&quot;:&quot;0.00081168831168831&quot;,&quot;title&quot;:&quot;&quot;,&quot;orientation&quot;:&quot;1&quot;}\" data-image-title=\"20231207_115504-1-2\" data-image-description=\"\" data-image-caption=\"\" data-medium-file=\"https:\/\/i0.wp.com\/www.andalusien-urlaub.eu\/blog\/wp-content\/uploads\/20231207_115504-1-2.jpg?fit=600%2C450&amp;ssl=1\" data-large-file=\"https:\/\/i0.wp.com\/www.andalusien-urlaub.eu\/blog\/wp-content\/uploads\/20231207_115504-1-2.jpg?fit=1030%2C773&amp;ssl=1\" \/><\/a><div class=\"slide-content\"><header class=\"entry-content-header\" aria-label=\"Slide: Tempolimit auf Spaniens Stra\u00dfen\"><h3 class='slide-entry-title entry-title '  itemprop=\"headline\" ><a href='https:\/\/www.andalusien-urlaub.eu\/blog\/allgemein\/tempolimit-verkehr\/' title='Tempolimit auf Spaniens Stra\u00dfen'>Tempolimit auf Spaniens Stra\u00dfen<\/a><\/h3><span class=\"blog-categories minor-meta\"><a href=\"https:\/\/www.andalusien-urlaub.eu\/blog\/category\/allgemein\/\" rel=\"tag\">Andalusien<\/a>, <a href=\"https:\/\/www.andalusien-urlaub.eu\/blog\/category\/verkehr\/\" rel=\"tag\">Verkehr<\/a> <\/span><span class=\"av-vertical-delimiter\"><\/span><\/header><div class='slide-entry-excerpt entry-content'  itemprop=\"text\" >\n\n\n\n\nSpanien ist das erste Land, das das allgemeine Tempolimit innerhalb von St\u00e4dten und Ortschaften von 50 km\/h auf 30 km\/h herabgesetzt hat (Verordnung g\u00fcltig ab dem 11.05.2021). Davon betroffen sind alle Stra\u00dfen, die in beide Fahrtrichtung\u2026<\/div><\/div><footer class=\"entry-footer\"><div class=\"slide-meta\"><time class='slide-meta-time updated'  itemprop=\"datePublished\" datetime=\"2024-07-22T16:29:56+01:00\" >22. Juli 2024<\/time><div class=\"slide-meta-del\">\/<\/div><div class=\"slide-meta-comments\"><a href='https:\/\/www.andalusien-urlaub.eu\/blog\/allgemein\/tempolimit-verkehr\/#respond'>0 Kommentare<\/a><\/div><\/div><\/footer><span class='hidden'>\n\t\t\t\t<span class='av-structured-data'  itemprop=\"image\" itemscope=\"itemscope\" itemtype=\"https:\/\/schema.org\/ImageObject\" >\n\t\t\t\t\t\t<span itemprop='url'>https:\/\/i0.wp.com\/www.andalusien-urlaub.eu\/blog\/wp-content\/uploads\/20231207_115504-1-2.jpg?fit=1452%2C1089&ssl=1<\/span>\n\t\t\t\t\t\t<span itemprop='height'>1089<\/span>\n\t\t\t\t\t\t<span itemprop='width'>1452<\/span>\n\t\t\t\t<\/span>\n\t\t\t\t<span class='av-structured-data'  itemprop=\"publisher\" itemtype=\"https:\/\/schema.org\/Organization\" itemscope=\"itemscope\" >\n\t\t\t\t\t\t<span itemprop='name'>J\u00fcrgen<\/span>\n\t\t\t\t\t\t<span itemprop='logo' itemscope itemtype='https:\/\/schema.org\/ImageObject'>\n\t\t\t\t\t\t\t<span itemprop='url'>https:\/\/www.andalusien-urlaub.eu\/images\/andalusien-entdecken.png<\/span>\n\t\t\t\t\t\t<\/span>\n\t\t\t\t<\/span><span class='av-structured-data'  itemprop=\"author\" itemscope=\"itemscope\" itemtype=\"https:\/\/schema.org\/Person\" ><span itemprop='name'>J\u00fcrgen<\/span><\/span><span class='av-structured-data'  itemprop=\"datePublished\" datetime=\"2013-04-07T21:13:52+01:00\" >2024-07-22 16:29:56<\/span><span class='av-structured-data'  itemprop=\"dateModified\" itemtype=\"https:\/\/schema.org\/dateModified\" >2024-07-24 10:43:10<\/span><span class='av-structured-data'  itemprop=\"mainEntityOfPage\" itemtype=\"https:\/\/schema.org\/mainEntityOfPage\" ><span itemprop='name'>Tempolimit auf Spaniens Stra\u00dfen<\/span><\/span><\/span><\/article><article class='slide-entry flex_column  post-entry post-entry-5961 slide-entry-overview slide-loop-5 slide-parity-even  av_one_third  real-thumbnail posttype-post post-format-standard'  itemscope=\"itemscope\" itemtype=\"https:\/\/schema.org\/CreativeWork\" ><a href='https:\/\/www.andalusien-urlaub.eu\/blog\/wandern\/wanderweg-in-der-axarquiael-saltillobei-canillas-de-aceituno\/' data-rel='slide-1' class='slide-image' title='El Saltillo bei Canillas de Aceituno'><img decoding=\"async\" fetchpriority=\"high\" width=\"495\" height=\"400\" src=\"https:\/\/i0.wp.com\/www.andalusien-urlaub.eu\/blog\/wp-content\/uploads\/elsaltilloblog.jpeg?resize=495%2C400&amp;ssl=1\" class=\"wp-image-5962 avia-img-lazy-loading-not-5962 attachment-portfolio size-portfolio wp-post-image\" alt=\"\" srcset=\"https:\/\/i0.wp.com\/www.andalusien-urlaub.eu\/blog\/wp-content\/uploads\/elsaltilloblog.jpeg?resize=495%2C400&amp;ssl=1 495w, https:\/\/i0.wp.com\/www.andalusien-urlaub.eu\/blog\/wp-content\/uploads\/elsaltilloblog.jpeg?resize=845%2C684&amp;ssl=1 845w, https:\/\/i0.wp.com\/www.andalusien-urlaub.eu\/blog\/wp-content\/uploads\/elsaltilloblog.jpeg?zoom=2&amp;resize=495%2C400&amp;ssl=1 990w\" sizes=\"(max-width: 495px) 100vw, 495px\" data-attachment-id=\"5962\" data-permalink=\"https:\/\/www.andalusien-urlaub.eu\/blog\/wandern\/wanderweg-in-der-axarquiael-saltillobei-canillas-de-aceituno\/attachment\/elsaltilloblog\/\" data-orig-file=\"https:\/\/i0.wp.com\/www.andalusien-urlaub.eu\/blog\/wp-content\/uploads\/elsaltilloblog.jpeg?fit=1017%2C763&amp;ssl=1\" data-orig-size=\"1017,763\" data-comments-opened=\"1\" data-image-meta=\"{&quot;aperture&quot;:&quot;0&quot;,&quot;credit&quot;:&quot;&quot;,&quot;camera&quot;:&quot;&quot;,&quot;caption&quot;:&quot;&quot;,&quot;created_timestamp&quot;:&quot;0&quot;,&quot;copyright&quot;:&quot;&quot;,&quot;focal_length&quot;:&quot;0&quot;,&quot;iso&quot;:&quot;0&quot;,&quot;shutter_speed&quot;:&quot;0&quot;,&quot;title&quot;:&quot;&quot;,&quot;orientation&quot;:&quot;1&quot;}\" data-image-title=\"El Saltillo\" data-image-description=\"\" data-image-caption=\"\" data-medium-file=\"https:\/\/i0.wp.com\/www.andalusien-urlaub.eu\/blog\/wp-content\/uploads\/elsaltilloblog.jpeg?fit=600%2C450&amp;ssl=1\" data-large-file=\"https:\/\/i0.wp.com\/www.andalusien-urlaub.eu\/blog\/wp-content\/uploads\/elsaltilloblog.jpeg?fit=1017%2C763&amp;ssl=1\" \/><\/a><div class=\"slide-content\"><header class=\"entry-content-header\" aria-label=\"Slide: El Saltillo bei Canillas de Aceituno\"><h3 class='slide-entry-title entry-title '  itemprop=\"headline\" ><a href='https:\/\/www.andalusien-urlaub.eu\/blog\/wandern\/wanderweg-in-der-axarquiael-saltillobei-canillas-de-aceituno\/' title='El Saltillo bei Canillas de Aceituno'>El Saltillo bei Canillas de Aceituno<\/a><\/h3><span class=\"blog-categories minor-meta\"><a href=\"https:\/\/www.andalusien-urlaub.eu\/blog\/category\/malaga-3\/malaga-provinz\/\" rel=\"tag\">M\u00e1laga - Provinz<\/a>, <a href=\"https:\/\/www.andalusien-urlaub.eu\/blog\/category\/wandern\/\" rel=\"tag\">Wandern<\/a> <\/span><span class=\"av-vertical-delimiter\"><\/span><\/header><div class='slide-entry-excerpt entry-content'  itemprop=\"text\" >El Saltillo: Dieser spektakul\u00e4re Wanderweg liegt in der Sierra Tejeda, in der Axarqu\u00eda, einer Bergregion \u00f6stlich von M\u00e1laga<\/div><\/div><footer class=\"entry-footer\"><div class=\"slide-meta\"><time class='slide-meta-time updated'  itemprop=\"datePublished\" datetime=\"2022-01-24T07:36:40+01:00\" >24. Januar 2022<\/time><div class=\"slide-meta-del\">\/<\/div><div class=\"slide-meta-comments\"><a href='https:\/\/www.andalusien-urlaub.eu\/blog\/wandern\/wanderweg-in-der-axarquiael-saltillobei-canillas-de-aceituno\/#respond'>0 Kommentare<\/a><\/div><\/div><\/footer><span class='hidden'>\n\t\t\t\t<span class='av-structured-data'  itemprop=\"image\" itemscope=\"itemscope\" itemtype=\"https:\/\/schema.org\/ImageObject\" >\n\t\t\t\t\t\t<span itemprop='url'>https:\/\/i0.wp.com\/www.andalusien-urlaub.eu\/blog\/wp-content\/uploads\/elsaltilloblog.jpeg?fit=1017%2C763&ssl=1<\/span>\n\t\t\t\t\t\t<span itemprop='height'>763<\/span>\n\t\t\t\t\t\t<span itemprop='width'>1017<\/span>\n\t\t\t\t<\/span>\n\t\t\t\t<span class='av-structured-data'  itemprop=\"publisher\" itemtype=\"https:\/\/schema.org\/Organization\" itemscope=\"itemscope\" >\n\t\t\t\t\t\t<span itemprop='name'>J\u00fcrgen<\/span>\n\t\t\t\t\t\t<span itemprop='logo' itemscope itemtype='https:\/\/schema.org\/ImageObject'>\n\t\t\t\t\t\t\t<span itemprop='url'>https:\/\/www.andalusien-urlaub.eu\/images\/andalusien-entdecken.png<\/span>\n\t\t\t\t\t\t<\/span>\n\t\t\t\t<\/span><span class='av-structured-data'  itemprop=\"author\" itemscope=\"itemscope\" itemtype=\"https:\/\/schema.org\/Person\" ><span itemprop='name'>J\u00fcrgen<\/span><\/span><span class='av-structured-data'  itemprop=\"datePublished\" datetime=\"2013-04-07T21:13:52+01:00\" >2022-01-24 07:36:40<\/span><span class='av-structured-data'  itemprop=\"dateModified\" itemtype=\"https:\/\/schema.org\/dateModified\" >2024-07-29 11:43:35<\/span><span class='av-structured-data'  itemprop=\"mainEntityOfPage\" itemtype=\"https:\/\/schema.org\/mainEntityOfPage\" ><span itemprop='name'>El Saltillo bei Canillas de Aceituno<\/span><\/span><\/span><\/article><article class='slide-entry flex_column  post-entry post-entry-5935 slide-entry-overview slide-loop-6 slide-parity-odd  post-entry-last  av_one_third  real-thumbnail posttype-post post-format-standard'  itemscope=\"itemscope\" itemtype=\"https:\/\/schema.org\/CreativeWork\" ><a href='https:\/\/www.andalusien-urlaub.eu\/blog\/granada\/der-digitale-alhambra-pass\/' data-rel='slide-1' class='slide-image' title='Der digitale Alhambra Pass'><img decoding=\"async\" fetchpriority=\"high\" width=\"495\" height=\"400\" src=\"https:\/\/i0.wp.com\/www.andalusien-urlaub.eu\/blog\/wp-content\/uploads\/alhambra-pass.jpg?resize=495%2C400&amp;ssl=1\" class=\"wp-image-5936 avia-img-lazy-loading-not-5936 attachment-portfolio size-portfolio wp-post-image\" alt=\"\" srcset=\"https:\/\/i0.wp.com\/www.andalusien-urlaub.eu\/blog\/wp-content\/uploads\/alhambra-pass.jpg?resize=495%2C400&amp;ssl=1 495w, https:\/\/i0.wp.com\/www.andalusien-urlaub.eu\/blog\/wp-content\/uploads\/alhambra-pass.jpg?resize=845%2C684&amp;ssl=1 845w, https:\/\/i0.wp.com\/www.andalusien-urlaub.eu\/blog\/wp-content\/uploads\/alhambra-pass.jpg?zoom=2&amp;resize=495%2C400&amp;ssl=1 990w\" sizes=\"(max-width: 495px) 100vw, 495px\" data-attachment-id=\"5936\" data-permalink=\"https:\/\/www.andalusien-urlaub.eu\/blog\/granada\/der-digitale-alhambra-pass\/attachment\/alhambra-pass\/\" data-orig-file=\"https:\/\/i0.wp.com\/www.andalusien-urlaub.eu\/blog\/wp-content\/uploads\/alhambra-pass.jpg?fit=1024%2C768&amp;ssl=1\" data-orig-size=\"1024,768\" data-comments-opened=\"1\" data-image-meta=\"{&quot;aperture&quot;:&quot;0&quot;,&quot;credit&quot;:&quot;&quot;,&quot;camera&quot;:&quot;&quot;,&quot;caption&quot;:&quot;&quot;,&quot;created_timestamp&quot;:&quot;0&quot;,&quot;copyright&quot;:&quot;&quot;,&quot;focal_length&quot;:&quot;0&quot;,&quot;iso&quot;:&quot;0&quot;,&quot;shutter_speed&quot;:&quot;0&quot;,&quot;title&quot;:&quot;&quot;,&quot;orientation&quot;:&quot;0&quot;}\" data-image-title=\"alhambra-pass\" data-image-description=\"\" data-image-caption=\"\" data-medium-file=\"https:\/\/i0.wp.com\/www.andalusien-urlaub.eu\/blog\/wp-content\/uploads\/alhambra-pass.jpg?fit=600%2C450&amp;ssl=1\" data-large-file=\"https:\/\/i0.wp.com\/www.andalusien-urlaub.eu\/blog\/wp-content\/uploads\/alhambra-pass.jpg?fit=1024%2C768&amp;ssl=1\" \/><\/a><div class=\"slide-content\"><header class=\"entry-content-header\" aria-label=\"Slide: Der digitale Alhambra Pass\"><h3 class='slide-entry-title entry-title '  itemprop=\"headline\" ><a href='https:\/\/www.andalusien-urlaub.eu\/blog\/granada\/der-digitale-alhambra-pass\/' title='Der digitale Alhambra Pass'>Der digitale Alhambra Pass<\/a><\/h3><span class=\"blog-categories minor-meta\"><a href=\"https:\/\/www.andalusien-urlaub.eu\/blog\/category\/granada\/\" rel=\"tag\">Granada<\/a> <\/span><span class=\"av-vertical-delimiter\"><\/span><\/header><div class='slide-entry-excerpt entry-content'  itemprop=\"text\" >\n\u00dcberarbeitete Version 17.07.2024\n\n\n\nDer digitale Alhambra Pass, beinhaltet:\n\n\n\n\nEintrittskarten f\u00fcr die Alhambra ohne Anstehen mit oder ohne Nasridenpal\u00e4ste\n\n\n\n1 Tag Hopp -on hopp-off Zug Granada mit Audioguide\n\n\n\nGranada City Audioguide\u2026<\/div><\/div><footer class=\"entry-footer\"><div class=\"slide-meta\"><time class='slide-meta-time updated'  itemprop=\"datePublished\" datetime=\"2021-08-24T12:45:29+01:00\" >24. August 2021<\/time><div class=\"slide-meta-del\">\/<\/div><div class=\"slide-meta-comments\"><a href='https:\/\/www.andalusien-urlaub.eu\/blog\/granada\/der-digitale-alhambra-pass\/#respond'>0 Kommentare<\/a><\/div><\/div><\/footer><span class='hidden'>\n\t\t\t\t<span class='av-structured-data'  itemprop=\"image\" itemscope=\"itemscope\" itemtype=\"https:\/\/schema.org\/ImageObject\" >\n\t\t\t\t\t\t<span itemprop='url'>https:\/\/i0.wp.com\/www.andalusien-urlaub.eu\/blog\/wp-content\/uploads\/alhambra-pass.jpg?fit=1024%2C768&ssl=1<\/span>\n\t\t\t\t\t\t<span itemprop='height'>768<\/span>\n\t\t\t\t\t\t<span itemprop='width'>1024<\/span>\n\t\t\t\t<\/span>\n\t\t\t\t<span class='av-structured-data'  itemprop=\"publisher\" itemtype=\"https:\/\/schema.org\/Organization\" itemscope=\"itemscope\" >\n\t\t\t\t\t\t<span itemprop='name'>J\u00fcrgen<\/span>\n\t\t\t\t\t\t<span itemprop='logo' itemscope itemtype='https:\/\/schema.org\/ImageObject'>\n\t\t\t\t\t\t\t<span itemprop='url'>https:\/\/www.andalusien-urlaub.eu\/images\/andalusien-entdecken.png<\/span>\n\t\t\t\t\t\t<\/span>\n\t\t\t\t<\/span><span class='av-structured-data'  itemprop=\"author\" itemscope=\"itemscope\" itemtype=\"https:\/\/schema.org\/Person\" ><span itemprop='name'>J\u00fcrgen<\/span><\/span><span class='av-structured-data'  itemprop=\"datePublished\" datetime=\"2013-04-07T21:13:52+01:00\" >2021-08-24 12:45:29<\/span><span class='av-structured-data'  itemprop=\"dateModified\" itemtype=\"https:\/\/schema.org\/dateModified\" >2024-07-25 11:48:32<\/span><span class='av-structured-data'  itemprop=\"mainEntityOfPage\" itemtype=\"https:\/\/schema.org\/mainEntityOfPage\" ><span itemprop='name'>Der digitale Alhambra Pass<\/span><\/span><\/span><\/article><\/div><\/div><div class='pagination-wrap pagination-slider'><nav class='pagination'><span class='pagination-meta'>Seite 1 von 14<\/span><span class='current'>1<\/span><a href='https:\/\/www.andalusien-urlaub.eu\/blog\/wp-json\/wp\/v2\/pages\/1336\/?avia-element-paging=2' class='inactive next_page' >2<\/a><a href='https:\/\/www.andalusien-urlaub.eu\/blog\/wp-json\/wp\/v2\/pages\/1336\/?avia-element-paging=3' class='inactive' >3<\/a><a href='https:\/\/www.andalusien-urlaub.eu\/blog\/wp-json\/wp\/v2\/pages\/1336\/?avia-element-paging=2'>&rsaquo;<\/a><a href='https:\/\/www.andalusien-urlaub.eu\/blog\/wp-json\/wp\/v2\/pages\/1336\/?avia-element-paging=14'>&raquo;<\/a><\/nav>\n<\/div><\/div>\n","protected":false},"excerpt":{"rendered":"","protected":false},"author":1,"featured_media":0,"parent":731,"menu_order":0,"comment_status":"open","ping_status":"open","template":"","meta":{"jetpack_post_was_ever_published":false,"footnotes":""},"class_list":["post-1336","page","type-page","status-publish","hentry"],"yoast_head":"<!-- This site is optimized with the Yoast SEO plugin v27.0 - https:\/\/yoast.com\/product\/yoast-seo-wordpress\/ -->\n<title>Blog Grid - Andalusien entdecken<\/title>\n<meta name=\"robots\" content=\"index, follow, max-snippet:-1, max-image-preview:large, max-video-preview:-1\" \/>\n<link rel=\"canonical\" href=\"https:\/\/www.andalusien-urlaub.eu\/blog\/blog\/blog-grid\/\" \/>\n<meta property=\"og:locale\" content=\"de_DE\" \/>\n<meta property=\"og:type\" content=\"article\" \/>\n<meta property=\"og:title\" content=\"Blog Grid - Andalusien entdecken\" \/>\n<meta property=\"og:url\" content=\"https:\/\/www.andalusien-urlaub.eu\/blog\/blog\/blog-grid\/\" \/>\n<meta property=\"og:site_name\" content=\"Andalusien entdecken\" \/>\n<meta property=\"article:publisher\" content=\"https:\/\/www.facebook.com\/abnachandalusien\" \/>\n<meta name=\"twitter:card\" content=\"summary_large_image\" \/>\n<meta name=\"twitter:site\" content=\"@granadareisen\" \/>\n<script type=\"application\/ld+json\" class=\"yoast-schema-graph\">{\"@context\":\"https:\/\/schema.org\",\"@graph\":[{\"@type\":\"WebPage\",\"@id\":\"https:\/\/www.andalusien-urlaub.eu\/blog\/blog\/blog-grid\/\",\"url\":\"https:\/\/www.andalusien-urlaub.eu\/blog\/blog\/blog-grid\/\",\"name\":\"Blog Grid - Andalusien entdecken\",\"isPartOf\":{\"@id\":\"https:\/\/www.andalusien-urlaub.eu\/blog\/#website\"},\"datePublished\":\"2013-04-07T21:13:52+00:00\",\"breadcrumb\":{\"@id\":\"https:\/\/www.andalusien-urlaub.eu\/blog\/blog\/blog-grid\/#breadcrumb\"},\"inLanguage\":\"de\",\"potentialAction\":[{\"@type\":\"ReadAction\",\"target\":[\"https:\/\/www.andalusien-urlaub.eu\/blog\/blog\/blog-grid\/\"]}]},{\"@type\":\"BreadcrumbList\",\"@id\":\"https:\/\/www.andalusien-urlaub.eu\/blog\/blog\/blog-grid\/#breadcrumb\",\"itemListElement\":[{\"@type\":\"ListItem\",\"position\":1,\"name\":\"Home\",\"item\":\"https:\/\/www.andalusien-urlaub.eu\/blog\/homepage\/\"},{\"@type\":\"ListItem\",\"position\":2,\"name\":\"Blog\",\"item\":\"https:\/\/www.andalusien-urlaub.eu\/blog\/blog\/\"},{\"@type\":\"ListItem\",\"position\":3,\"name\":\"Blog Grid\"}]},{\"@type\":\"WebSite\",\"@id\":\"https:\/\/www.andalusien-urlaub.eu\/blog\/#website\",\"url\":\"https:\/\/www.andalusien-urlaub.eu\/blog\/\",\"name\":\"Andalusien entdecken\",\"description\":\"Auf Entdeckungsreise in Andalusien\",\"publisher\":{\"@id\":\"https:\/\/www.andalusien-urlaub.eu\/blog\/#organization\"},\"potentialAction\":[{\"@type\":\"SearchAction\",\"target\":{\"@type\":\"EntryPoint\",\"urlTemplate\":\"https:\/\/www.andalusien-urlaub.eu\/blog\/?s={search_term_string}\"},\"query-input\":{\"@type\":\"PropertyValueSpecification\",\"valueRequired\":true,\"valueName\":\"search_term_string\"}}],\"inLanguage\":\"de\"},{\"@type\":\"Organization\",\"@id\":\"https:\/\/www.andalusien-urlaub.eu\/blog\/#organization\",\"name\":\"Andalusien entdecken\",\"url\":\"https:\/\/www.andalusien-urlaub.eu\/blog\/\",\"logo\":{\"@type\":\"ImageObject\",\"inLanguage\":\"de\",\"@id\":\"https:\/\/www.andalusien-urlaub.eu\/blog\/#\/schema\/logo\/image\/\",\"url\":\"https:\/\/i2.wp.com\/www.andalusien-urlaub.eu\/blog\/wp-content\/uploads\/Logo_Final_PNG_kl.png?fit=300%2C127&ssl=1\",\"contentUrl\":\"https:\/\/i2.wp.com\/www.andalusien-urlaub.eu\/blog\/wp-content\/uploads\/Logo_Final_PNG_kl.png?fit=300%2C127&ssl=1\",\"width\":300,\"height\":127,\"caption\":\"Andalusien entdecken\"},\"image\":{\"@id\":\"https:\/\/www.andalusien-urlaub.eu\/blog\/#\/schema\/logo\/image\/\"},\"sameAs\":[\"https:\/\/www.facebook.com\/abnachandalusien\",\"https:\/\/x.com\/granadareisen\"]}]}<\/script>\n<!-- \/ Yoast SEO plugin. -->","yoast_head_json":{"title":"Blog Grid - Andalusien entdecken","robots":{"index":"index","follow":"follow","max-snippet":"max-snippet:-1","max-image-preview":"max-image-preview:large","max-video-preview":"max-video-preview:-1"},"canonical":"https:\/\/www.andalusien-urlaub.eu\/blog\/blog\/blog-grid\/","og_locale":"de_DE","og_type":"article","og_title":"Blog Grid - Andalusien entdecken","og_url":"https:\/\/www.andalusien-urlaub.eu\/blog\/blog\/blog-grid\/","og_site_name":"Andalusien entdecken","article_publisher":"https:\/\/www.facebook.com\/abnachandalusien","twitter_card":"summary_large_image","twitter_site":"@granadareisen","schema":{"@context":"https:\/\/schema.org","@graph":[{"@type":"WebPage","@id":"https:\/\/www.andalusien-urlaub.eu\/blog\/blog\/blog-grid\/","url":"https:\/\/www.andalusien-urlaub.eu\/blog\/blog\/blog-grid\/","name":"Blog Grid - Andalusien entdecken","isPartOf":{"@id":"https:\/\/www.andalusien-urlaub.eu\/blog\/#website"},"datePublished":"2013-04-07T21:13:52+00:00","breadcrumb":{"@id":"https:\/\/www.andalusien-urlaub.eu\/blog\/blog\/blog-grid\/#breadcrumb"},"inLanguage":"de","potentialAction":[{"@type":"ReadAction","target":["https:\/\/www.andalusien-urlaub.eu\/blog\/blog\/blog-grid\/"]}]},{"@type":"BreadcrumbList","@id":"https:\/\/www.andalusien-urlaub.eu\/blog\/blog\/blog-grid\/#breadcrumb","itemListElement":[{"@type":"ListItem","position":1,"name":"Home","item":"https:\/\/www.andalusien-urlaub.eu\/blog\/homepage\/"},{"@type":"ListItem","position":2,"name":"Blog","item":"https:\/\/www.andalusien-urlaub.eu\/blog\/blog\/"},{"@type":"ListItem","position":3,"name":"Blog Grid"}]},{"@type":"WebSite","@id":"https:\/\/www.andalusien-urlaub.eu\/blog\/#website","url":"https:\/\/www.andalusien-urlaub.eu\/blog\/","name":"Andalusien entdecken","description":"Auf Entdeckungsreise in Andalusien","publisher":{"@id":"https:\/\/www.andalusien-urlaub.eu\/blog\/#organization"},"potentialAction":[{"@type":"SearchAction","target":{"@type":"EntryPoint","urlTemplate":"https:\/\/www.andalusien-urlaub.eu\/blog\/?s={search_term_string}"},"query-input":{"@type":"PropertyValueSpecification","valueRequired":true,"valueName":"search_term_string"}}],"inLanguage":"de"},{"@type":"Organization","@id":"https:\/\/www.andalusien-urlaub.eu\/blog\/#organization","name":"Andalusien entdecken","url":"https:\/\/www.andalusien-urlaub.eu\/blog\/","logo":{"@type":"ImageObject","inLanguage":"de","@id":"https:\/\/www.andalusien-urlaub.eu\/blog\/#\/schema\/logo\/image\/","url":"https:\/\/i2.wp.com\/www.andalusien-urlaub.eu\/blog\/wp-content\/uploads\/Logo_Final_PNG_kl.png?fit=300%2C127&ssl=1","contentUrl":"https:\/\/i2.wp.com\/www.andalusien-urlaub.eu\/blog\/wp-content\/uploads\/Logo_Final_PNG_kl.png?fit=300%2C127&ssl=1","width":300,"height":127,"caption":"Andalusien entdecken"},"image":{"@id":"https:\/\/www.andalusien-urlaub.eu\/blog\/#\/schema\/logo\/image\/"},"sameAs":["https:\/\/www.facebook.com\/abnachandalusien","https:\/\/x.com\/granadareisen"]}]}},"jetpack_shortlink":"https:\/\/wp.me\/P4SCDV-ly","jetpack_sharing_enabled":true,"_links":{"self":[{"href":"https:\/\/www.andalusien-urlaub.eu\/blog\/wp-json\/wp\/v2\/pages\/1336","targetHints":{"allow":["GET"]}}],"collection":[{"href":"https:\/\/www.andalusien-urlaub.eu\/blog\/wp-json\/wp\/v2\/pages"}],"about":[{"href":"https:\/\/www.andalusien-urlaub.eu\/blog\/wp-json\/wp\/v2\/types\/page"}],"author":[{"embeddable":true,"href":"https:\/\/www.andalusien-urlaub.eu\/blog\/wp-json\/wp\/v2\/users\/1"}],"replies":[{"embeddable":true,"href":"https:\/\/www.andalusien-urlaub.eu\/blog\/wp-json\/wp\/v2\/comments?post=1336"}],"version-history":[{"count":0,"href":"https:\/\/www.andalusien-urlaub.eu\/blog\/wp-json\/wp\/v2\/pages\/1336\/revisions"}],"up":[{"embeddable":true,"href":"https:\/\/www.andalusien-urlaub.eu\/blog\/wp-json\/wp\/v2\/pages\/731"}],"wp:attachment":[{"href":"https:\/\/www.andalusien-urlaub.eu\/blog\/wp-json\/wp\/v2\/media?parent=1336"}],"curies":[{"name":"wp","href":"https:\/\/api.w.org\/{rel}","templated":true}]}}