{"id":5519,"date":"2013-04-01T20:55:14","date_gmt":"2013-04-01T20:55:14","guid":{"rendered":"http:\/\/www.kriesi.at\/themes\/enfold\/?page_id=761"},"modified":"2013-04-01T20:55:14","modified_gmt":"2013-04-01T20:55:14","slug":"blog-element","status":"publish","type":"page","link":"https:\/\/www.andalusien-urlaub.eu\/blog\/shortcodes\/blog-element\/","title":{"rendered":"Blog Elements"},"content":{"rendered":"<div id='av_section_1'  class='avia-section av-av_section-1fe1dac132ba18de53e08e9beafa61a2 main_color avia-section-default avia-shadow  avia-builder-el-0  el_before_av_textblock  avia-builder-el-first  avia-bg-style-scroll container_wrap sidebar_right'  ><div class='container av-section-cont-open' ><main  role=\"main\" itemprop=\"mainContentOfPage\"  class='template-page content  av-content-small alpha units'><div class='post-entry post-entry-type-page post-entry-5519'><div class='entry-content-wrapper clearfix'>\n<div  class='flex_column av-av_one_half-2a9015ff38129c418a3f2eafba3e9512 av_one_half  avia-builder-el-1  el_before_av_one_half  avia-builder-el-first  first flex_column_div  '     ><section  class='av_textblock_section av-av_textblock-681fab0c2b6f1cf5a8726141282e5bbf '   itemscope=\"itemscope\" itemtype=\"https:\/\/schema.org\/CreativeWork\" ><div class='avia_textblock'  itemprop=\"text\" ><h3 style=\"text-align: left;\">Half Sized Blog Element\u00a0(Single Author Style)<\/h3>\n<\/div><\/section><\/div><div  class='flex_column av-av_one_half-1c47c10d9dd6b9bc0b68f292c1cf5942 av_one_half  avia-builder-el-3  el_after_av_one_half  el_before_av_hr  flex_column_div  '     ><section  class='av_textblock_section av-av_textblock-681fab0c2b6f1cf5a8726141282e5bbf '   itemscope=\"itemscope\" itemtype=\"https:\/\/schema.org\/CreativeWork\" ><div class='avia_textblock'  itemprop=\"text\" ><h3 style=\"text-align: left;\">Half Sized Blog Element (Multi Author Style)<\/h3>\n<\/div><\/section><\/div>\n<style type=\"text\/css\" data-created_by=\"avia_inline_auto\" id=\"style-css-av-av_hr-8d157cb69b9bac724b7b660688c74680\">\n#top .hr.hr-invisible.av-av_hr-8d157cb69b9bac724b7b660688c74680{\nheight:35px;\n}\n<\/style>\n<div  class='hr av-av_hr-8d157cb69b9bac724b7b660688c74680 hr-invisible  avia-builder-el-5  el_after_av_one_half  el_before_av_one_half '><span class='hr-inner '><span class=\"hr-inner-style\"><\/span><\/span><\/div>\n<div  class='flex_column av-av_one_half-2a9015ff38129c418a3f2eafba3e9512 av_one_half  avia-builder-el-6  el_after_av_hr  el_before_av_one_half  first flex_column_div  '     ><div  class='av-alb-blogposts template-blog  av-blog-meta-author-disabled '  itemscope=\"itemscope\" itemtype=\"https:\/\/schema.org\/Blog\" ><article class=\"post-entry post-entry-type-standard post-entry-6132 post-loop-1 post-parity-odd single-small with-slider post-6132 post type-post status-publish format-standard has-post-thumbnail hentry category-allgemein\"  itemscope=\"itemscope\" itemtype=\"https:\/\/schema.org\/BlogPosting\" ><div class=\"blog-meta\"><a href='https:\/\/www.andalusien-urlaub.eu\/blog\/allgemein\/wenn-der-strafzettel-aus-spanien-nach-hause-kommt\/' class='small-preview'  title=\"DSC01513\"   itemprop=\"image\" itemscope=\"itemscope\" itemtype=\"https:\/\/schema.org\/ImageObject\" ><img decoding=\"async\" loading=\"lazy\" width=\"180\" height=\"180\" src=\"https:\/\/i0.wp.com\/www.andalusien-urlaub.eu\/blog\/wp-content\/uploads\/DSC01513.jpg?resize=180%2C180&amp;ssl=1\" class=\"wp-image-6151 avia-img-lazy-loading-6151 attachment-square size-square wp-post-image\" alt=\"\" srcset=\"https:\/\/i0.wp.com\/www.andalusien-urlaub.eu\/blog\/wp-content\/uploads\/DSC01513.jpg?resize=36%2C36&amp;ssl=1 36w, https:\/\/i0.wp.com\/www.andalusien-urlaub.eu\/blog\/wp-content\/uploads\/DSC01513.jpg?resize=180%2C180&amp;ssl=1 180w, https:\/\/i0.wp.com\/www.andalusien-urlaub.eu\/blog\/wp-content\/uploads\/DSC01513.jpg?zoom=2&amp;resize=180%2C180&amp;ssl=1 360w, https:\/\/i0.wp.com\/www.andalusien-urlaub.eu\/blog\/wp-content\/uploads\/DSC01513.jpg?zoom=3&amp;resize=180%2C180&amp;ssl=1 540w\" sizes=\"auto, (max-width: 180px) 100vw, 180px\" data-attachment-id=\"6151\" data-permalink=\"https:\/\/www.andalusien-urlaub.eu\/blog\/allgemein\/wenn-der-strafzettel-aus-spanien-nach-hause-kommt\/attachment\/dsc01513\/\" data-orig-file=\"https:\/\/i0.wp.com\/www.andalusien-urlaub.eu\/blog\/wp-content\/uploads\/DSC01513.jpg?fit=1024%2C768&amp;ssl=1\" data-orig-size=\"1024,768\" data-comments-opened=\"1\" data-image-meta=\"{&quot;aperture&quot;:&quot;0&quot;,&quot;credit&quot;:&quot;&quot;,&quot;camera&quot;:&quot;&quot;,&quot;caption&quot;:&quot;&quot;,&quot;created_timestamp&quot;:&quot;1315067650&quot;,&quot;copyright&quot;:&quot;&quot;,&quot;focal_length&quot;:&quot;0&quot;,&quot;iso&quot;:&quot;0&quot;,&quot;shutter_speed&quot;:&quot;0&quot;,&quot;title&quot;:&quot;&quot;,&quot;orientation&quot;:&quot;1&quot;}\" data-image-title=\"DSC01513\" data-image-description=\"\" data-image-caption=\"\" data-medium-file=\"https:\/\/i0.wp.com\/www.andalusien-urlaub.eu\/blog\/wp-content\/uploads\/DSC01513.jpg?fit=600%2C450&amp;ssl=1\" data-large-file=\"https:\/\/i0.wp.com\/www.andalusien-urlaub.eu\/blog\/wp-content\/uploads\/DSC01513.jpg?fit=1024%2C768&amp;ssl=1\" \/><span class='iconfont avia-svg-icon avia-font-svg_entypo-fontello' data-av_svg_icon='pencil' data-av_iconset='svg_entypo-fontello' ><svg version=\"1.1\" xmlns=\"http:\/\/www.w3.org\/2000\/svg\" width=\"25\" height=\"32\" viewBox=\"0 0 25 32\" preserveAspectRatio=\"xMidYMid meet\" role=\"graphics-symbol\" aria-hidden=\"true\">\n<path d=\"M22.976 5.44q1.024 1.024 1.504 2.048t0.48 1.536v0.512l-8.064 8.064-9.28 9.216-7.616 1.664 1.6-7.68 9.28-9.216 8.064-8.064q1.728-0.384 4.032 1.92zM7.168 25.92l0.768-0.768q-0.064-1.408-1.664-3.008-0.704-0.704-1.44-1.12t-1.12-0.416l-0.448-0.064-0.704 0.768-0.576 2.56q0.896 0.512 1.472 1.088 0.768 0.768 1.152 1.536z\"><\/path>\n<\/svg><\/span><\/a><\/div><div class='entry-content-wrapper clearfix standard-content'><header class=\"entry-content-header\" aria-label=\"Post: Wenn der Strafzettel aus Spanien nach Hause kommt\"><div class=\"av-heading-wrapper\"><h2 class='post-title entry-title '  itemprop=\"headline\" ><a href=\"https:\/\/www.andalusien-urlaub.eu\/blog\/allgemein\/wenn-der-strafzettel-aus-spanien-nach-hause-kommt\/\" rel=\"bookmark\" title=\"Permanenter Link zu: Wenn der Strafzettel aus Spanien nach Hause kommt\">Wenn der Strafzettel aus Spanien nach Hause kommt<span class=\"post-format-icon minor-meta\"><\/span><\/a><\/h2><span class=\"blog-categories minor-meta\"><a href=\"https:\/\/www.andalusien-urlaub.eu\/blog\/category\/allgemein\/\" rel=\"tag\">Andalusien<\/a><\/span><\/div><\/header><span class=\"av-vertical-delimiter\"><\/span><div class=\"entry-content\"  itemprop=\"text\" ><div class=\"read-more-link\"><a href=\"https:\/\/www.andalusien-urlaub.eu\/blog\/allgemein\/wenn-der-strafzettel-aus-spanien-nach-hause-kommt\/\" class=\"more-link\">Weiterlesen<span class='more-link-arrow avia-svg-icon avia-font-svg_entypo-fontello' data-av_svg_icon='right-open-big' data-av_iconset='svg_entypo-fontello'><svg version=\"1.1\" xmlns=\"http:\/\/www.w3.org\/2000\/svg\" width=\"15\" height=\"32\" viewBox=\"0 0 15 32\" preserveAspectRatio=\"xMidYMid meet\" role=\"graphics-symbol\" aria-hidden=\"true\">\n<path d=\"M0.416 27.84l11.456-11.84-11.456-11.904q-0.832-0.832 0-1.536 0.832-0.832 1.536 0l12.544 12.608q0.768 0.832 0 1.6l-12.544 12.608q-0.704 0.832-1.536 0-0.832-0.704 0-1.536z\"><\/path>\n<\/svg><\/span><\/a><\/div>\n<\/div><span class=\"post-meta-infos\"><time class=\"date-container minor-meta updated\"  itemprop=\"datePublished\" datetime=\"2026-02-18T16:07:47+01:00\" >18. Februar 2026<\/time><span class=\"text-sep\">\/<\/span><span class=\"comment-container minor-meta\"><a href=\"https:\/\/www.andalusien-urlaub.eu\/blog\/allgemein\/wenn-der-strafzettel-aus-spanien-nach-hause-kommt\/#respond\" class=\"comments-link\" >0 Kommentare<\/a><\/span><\/span><footer class=\"entry-footer\"><\/footer><div class='post_delimiter'><\/div><\/div><div class=\"post_author_timeline\"><\/div><span class='hidden'>\n\t\t\t\t<span class='av-structured-data'  itemprop=\"image\" itemscope=\"itemscope\" itemtype=\"https:\/\/schema.org\/ImageObject\" >\n\t\t\t\t\t\t<span itemprop='url'>https:\/\/i0.wp.com\/www.andalusien-urlaub.eu\/blog\/wp-content\/uploads\/DSC01513.jpg?fit=1024%2C768&ssl=1<\/span>\n\t\t\t\t\t\t<span itemprop='height'>768<\/span>\n\t\t\t\t\t\t<span itemprop='width'>1024<\/span>\n\t\t\t\t<\/span>\n\t\t\t\t<span class='av-structured-data'  itemprop=\"publisher\" itemtype=\"https:\/\/schema.org\/Organization\" itemscope=\"itemscope\" >\n\t\t\t\t\t\t<span itemprop='name'>J\u00fcrgen<\/span>\n\t\t\t\t\t\t<span itemprop='logo' itemscope itemtype='https:\/\/schema.org\/ImageObject'>\n\t\t\t\t\t\t\t<span itemprop='url'>https:\/\/www.andalusien-urlaub.eu\/images\/andalusien-entdecken.png<\/span>\n\t\t\t\t\t\t<\/span>\n\t\t\t\t<\/span><span class='av-structured-data'  itemprop=\"author\" itemscope=\"itemscope\" itemtype=\"https:\/\/schema.org\/Person\" ><span itemprop='name'>J\u00fcrgen<\/span><\/span><span class='av-structured-data'  itemprop=\"datePublished\" datetime=\"2026-02-18T16:07:47+01:00\" >2026-02-18 16:07:47<\/span><span class='av-structured-data'  itemprop=\"dateModified\" itemtype=\"https:\/\/schema.org\/dateModified\" >2026-02-20 16:03:19<\/span><span class='av-structured-data'  itemprop=\"mainEntityOfPage\" itemtype=\"https:\/\/schema.org\/mainEntityOfPage\" ><span itemprop='name'>Wenn der Strafzettel aus Spanien nach Hause kommt<\/span><\/span><\/span><\/article><article class=\"post-entry post-entry-type-standard post-entry-6109 post-loop-2 post-parity-even post-entry-last single-small with-slider post-6109 post type-post status-publish format-standard has-post-thumbnail hentry category-allgemein category-malaga-3 category-malaga-stadt\"  itemscope=\"itemscope\" itemtype=\"https:\/\/schema.org\/BlogPosting\" ><div class=\"blog-meta\"><a href='https:\/\/www.andalusien-urlaub.eu\/blog\/malaga-3\/malaga-stadt\/historische-bauwerke-malagas\/' class='small-preview'  title=\"Blick auf die Kathedrale und die Alcazaba\"   itemprop=\"image\" itemscope=\"itemscope\" itemtype=\"https:\/\/schema.org\/ImageObject\" ><img decoding=\"async\" loading=\"lazy\" width=\"180\" height=\"180\" src=\"https:\/\/i0.wp.com\/www.andalusien-urlaub.eu\/blog\/wp-content\/uploads\/20250212_114432.jpg?resize=180%2C180&amp;ssl=1\" class=\"wp-image-6155 avia-img-lazy-loading-6155 attachment-square size-square wp-post-image\" alt=\"M\u00e1laga\" srcset=\"https:\/\/i0.wp.com\/www.andalusien-urlaub.eu\/blog\/wp-content\/uploads\/20250212_114432.jpg?resize=36%2C36&amp;ssl=1 36w, https:\/\/i0.wp.com\/www.andalusien-urlaub.eu\/blog\/wp-content\/uploads\/20250212_114432.jpg?resize=180%2C180&amp;ssl=1 180w, https:\/\/i0.wp.com\/www.andalusien-urlaub.eu\/blog\/wp-content\/uploads\/20250212_114432.jpg?zoom=2&amp;resize=180%2C180&amp;ssl=1 360w, https:\/\/i0.wp.com\/www.andalusien-urlaub.eu\/blog\/wp-content\/uploads\/20250212_114432.jpg?zoom=3&amp;resize=180%2C180&amp;ssl=1 540w\" sizes=\"auto, (max-width: 180px) 100vw, 180px\" data-attachment-id=\"6155\" data-permalink=\"https:\/\/www.andalusien-urlaub.eu\/blog\/?attachment_id=6155\" data-orig-file=\"https:\/\/i0.wp.com\/www.andalusien-urlaub.eu\/blog\/wp-content\/uploads\/20250212_114432.jpg?fit=1024%2C485&amp;ssl=1\" data-orig-size=\"1024,485\" data-comments-opened=\"1\" data-image-meta=\"{&quot;aperture&quot;:&quot;0&quot;,&quot;credit&quot;:&quot;&quot;,&quot;camera&quot;:&quot;&quot;,&quot;caption&quot;:&quot;&quot;,&quot;created_timestamp&quot;:&quot;1739360672&quot;,&quot;copyright&quot;:&quot;&quot;,&quot;focal_length&quot;:&quot;0&quot;,&quot;iso&quot;:&quot;0&quot;,&quot;shutter_speed&quot;:&quot;0&quot;,&quot;title&quot;:&quot;&quot;,&quot;orientation&quot;:&quot;1&quot;}\" data-image-title=\"20250212_114432\" data-image-description=\"\" data-image-caption=\"&lt;p&gt;Blick auf die Kathedrale und die Alcazaba&lt;\/p&gt;\n\" data-medium-file=\"https:\/\/i0.wp.com\/www.andalusien-urlaub.eu\/blog\/wp-content\/uploads\/20250212_114432.jpg?fit=600%2C284&amp;ssl=1\" data-large-file=\"https:\/\/i0.wp.com\/www.andalusien-urlaub.eu\/blog\/wp-content\/uploads\/20250212_114432.jpg?fit=1024%2C485&amp;ssl=1\" \/><span class='iconfont avia-svg-icon avia-font-svg_entypo-fontello' data-av_svg_icon='pencil' data-av_iconset='svg_entypo-fontello' ><svg version=\"1.1\" xmlns=\"http:\/\/www.w3.org\/2000\/svg\" width=\"25\" height=\"32\" viewBox=\"0 0 25 32\" preserveAspectRatio=\"xMidYMid meet\" role=\"graphics-symbol\" aria-hidden=\"true\">\n<path d=\"M22.976 5.44q1.024 1.024 1.504 2.048t0.48 1.536v0.512l-8.064 8.064-9.28 9.216-7.616 1.664 1.6-7.68 9.28-9.216 8.064-8.064q1.728-0.384 4.032 1.92zM7.168 25.92l0.768-0.768q-0.064-1.408-1.664-3.008-0.704-0.704-1.44-1.12t-1.12-0.416l-0.448-0.064-0.704 0.768-0.576 2.56q0.896 0.512 1.472 1.088 0.768 0.768 1.152 1.536z\"><\/path>\n<\/svg><\/span><\/a><\/div><div class='entry-content-wrapper clearfix standard-content'><header class=\"entry-content-header\" aria-label=\"Post: Historische Bauwerke M\u00e1lagas\"><div class=\"av-heading-wrapper\"><h2 class='post-title entry-title '  itemprop=\"headline\" ><a href=\"https:\/\/www.andalusien-urlaub.eu\/blog\/malaga-3\/malaga-stadt\/historische-bauwerke-malagas\/\" rel=\"bookmark\" title=\"Permanenter Link zu: Historische Bauwerke M\u00e1lagas\">Historische Bauwerke M\u00e1lagas<span class=\"post-format-icon minor-meta\"><\/span><\/a><\/h2><span class=\"blog-categories minor-meta\"><a href=\"https:\/\/www.andalusien-urlaub.eu\/blog\/category\/allgemein\/\" rel=\"tag\">Andalusien<\/a>, <a href=\"https:\/\/www.andalusien-urlaub.eu\/blog\/category\/malaga-3\/\" rel=\"tag\">M\u00e1laga<\/a>, <a href=\"https:\/\/www.andalusien-urlaub.eu\/blog\/category\/malaga-3\/malaga-stadt\/\" rel=\"tag\">M\u00e1laga Stadt<\/a><\/span><\/div><\/header><span class=\"av-vertical-delimiter\"><\/span><div class=\"entry-content\"  itemprop=\"text\" ><p>Die vier gr\u00f6\u00dften historischen Geb\u00e4ude M\u00e1lagas befinden sich alle sehr nah beieinander und mitten im Zentrum von M\u00e1laga. Santa Iglesia Catedral Bas\u00edlica de la Encarnaci\u00f3n &#8211; Die Kathedrale von M\u00e1laga Im Renaissance Stil auf den Ruinen einer ehemaligen Moschee ab 1528 erbaut, ist die Kathedrale von M\u00e1laga bis heute unvollendet, da 1782 das Budget der [&hellip;]<\/p>\n<\/div><span class=\"post-meta-infos\"><time class=\"date-container minor-meta updated\"  itemprop=\"datePublished\" datetime=\"2025-02-07T17:37:57+01:00\" >7. Februar 2025<\/time><span class=\"text-sep\">\/<\/span><span class=\"comment-container minor-meta\"><a href=\"https:\/\/www.andalusien-urlaub.eu\/blog\/malaga-3\/malaga-stadt\/historische-bauwerke-malagas\/#respond\" class=\"comments-link\" >0 Kommentare<\/a><\/span><\/span><footer class=\"entry-footer\"><\/footer><div class='post_delimiter'><\/div><\/div><div class=\"post_author_timeline\"><\/div><span class='hidden'>\n\t\t\t\t<span class='av-structured-data'  itemprop=\"image\" itemscope=\"itemscope\" itemtype=\"https:\/\/schema.org\/ImageObject\" >\n\t\t\t\t\t\t<span itemprop='url'>https:\/\/i0.wp.com\/www.andalusien-urlaub.eu\/blog\/wp-content\/uploads\/20250212_114432.jpg?fit=1024%2C485&ssl=1<\/span>\n\t\t\t\t\t\t<span itemprop='height'>485<\/span>\n\t\t\t\t\t\t<span itemprop='width'>1024<\/span>\n\t\t\t\t<\/span>\n\t\t\t\t<span class='av-structured-data'  itemprop=\"publisher\" itemtype=\"https:\/\/schema.org\/Organization\" itemscope=\"itemscope\" >\n\t\t\t\t\t\t<span itemprop='name'>Karina Heitmann<\/span>\n\t\t\t\t\t\t<span itemprop='logo' itemscope itemtype='https:\/\/schema.org\/ImageObject'>\n\t\t\t\t\t\t\t<span itemprop='url'>https:\/\/www.andalusien-urlaub.eu\/images\/andalusien-entdecken.png<\/span>\n\t\t\t\t\t\t<\/span>\n\t\t\t\t<\/span><span class='av-structured-data'  itemprop=\"author\" itemscope=\"itemscope\" itemtype=\"https:\/\/schema.org\/Person\" ><span itemprop='name'>Karina Heitmann<\/span><\/span><span class='av-structured-data'  itemprop=\"datePublished\" datetime=\"2025-02-07T17:37:57+01:00\" >2025-02-07 17:37:57<\/span><span class='av-structured-data'  itemprop=\"dateModified\" itemtype=\"https:\/\/schema.org\/dateModified\" >2026-04-13 14:56:27<\/span><span class='av-structured-data'  itemprop=\"mainEntityOfPage\" itemtype=\"https:\/\/schema.org\/mainEntityOfPage\" ><span itemprop='name'>Historische Bauwerke M\u00e1lagas<\/span><\/span><\/span><\/article><div class='single-small'><nav class='pagination'><span class='pagination-meta'>Seite 1 von 42<\/span><span class='current'>1<\/span><a href='https:\/\/www.andalusien-urlaub.eu\/blog\/wp-json\/wp\/v2\/pages\/5519\/page\/2\/' class='inactive next_page' >2<\/a><a href='https:\/\/www.andalusien-urlaub.eu\/blog\/wp-json\/wp\/v2\/pages\/5519\/page\/3\/' class='inactive' >3<\/a><a href='https:\/\/www.andalusien-urlaub.eu\/blog\/wp-json\/wp\/v2\/pages\/5519\/page\/2\/'>&rsaquo;<\/a><a href='https:\/\/www.andalusien-urlaub.eu\/blog\/wp-json\/wp\/v2\/pages\/5519\/page\/42\/'>&raquo;<\/a><\/nav>\n<\/div><\/div><\/div><div  class='flex_column av-av_one_half-1c47c10d9dd6b9bc0b68f292c1cf5942 av_one_half flex_column_div  '     ><div  class='av-alb-blogposts template-blog  av-blog-meta-author-disabled '  itemscope=\"itemscope\" itemtype=\"https:\/\/schema.org\/Blog\" ><article class=\"post-entry post-entry-type-standard post-entry-6132 post-loop-3 post-parity-odd multi-big with-slider post-6132 post type-post status-publish format-standard has-post-thumbnail hentry category-allgemein\"  itemscope=\"itemscope\" itemtype=\"https:\/\/schema.org\/BlogPosting\" ><div class=\"blog-meta\"><a href='https:\/\/www.andalusien-urlaub.eu\/blog\/author\/jamal\/' class='post-author-format-type'><span class='rounded-container'><img loading=\"lazy\" decoding=\"async\" alt='J\u00fcrgen' src=\"https:\/\/secure.gravatar.com\/avatar\/4d994b0f3a6eb417aae9a837d0e606617f5fd7ba92f306bb2028b6b5fb9d3d07?s=81&#038;d=blank&#038;r=g\" srcset='https:\/\/secure.gravatar.com\/avatar\/4d994b0f3a6eb417aae9a837d0e606617f5fd7ba92f306bb2028b6b5fb9d3d07?s=162&#038;d=blank&#038;r=g 2x' class='avatar avatar-81 photo' height=\"81\" width=\"81\" \/><span class='iconfont avia-svg-icon avia-font-svg_entypo-fontello' data-av_svg_icon='pencil' data-av_iconset='svg_entypo-fontello' ><svg version=\"1.1\" xmlns=\"http:\/\/www.w3.org\/2000\/svg\" width=\"25\" height=\"32\" viewBox=\"0 0 25 32\" preserveAspectRatio=\"xMidYMid meet\" role=\"graphics-symbol\" aria-hidden=\"true\">\n<path d=\"M22.976 5.44q1.024 1.024 1.504 2.048t0.48 1.536v0.512l-8.064 8.064-9.28 9.216-7.616 1.664 1.6-7.68 9.28-9.216 8.064-8.064q1.728-0.384 4.032 1.92zM7.168 25.92l0.768-0.768q-0.064-1.408-1.664-3.008-0.704-0.704-1.44-1.12t-1.12-0.416l-0.448-0.064-0.704 0.768-0.576 2.56q0.896 0.512 1.472 1.088 0.768 0.768 1.152 1.536z\"><\/path>\n<\/svg><\/span><\/span><\/a><\/div><div class='entry-content-wrapper clearfix standard-content'><header class=\"entry-content-header\" aria-label=\"Post: Wenn der Strafzettel aus Spanien nach Hause kommt\"><div class=\"av-heading-wrapper\"><h2 class='post-title entry-title '  itemprop=\"headline\" ><a href=\"https:\/\/www.andalusien-urlaub.eu\/blog\/allgemein\/wenn-der-strafzettel-aus-spanien-nach-hause-kommt\/\" rel=\"bookmark\" title=\"Permanenter Link zu: Wenn der Strafzettel aus Spanien nach Hause kommt\">Wenn der Strafzettel aus Spanien nach Hause kommt<span class=\"post-format-icon minor-meta\"><\/span><\/a><\/h2><span class=\"blog-categories minor-meta\"><a href=\"https:\/\/www.andalusien-urlaub.eu\/blog\/category\/allgemein\/\" rel=\"tag\">Andalusien<\/a><\/span><\/div><\/header><span class=\"av-vertical-delimiter\"><\/span><div class=\"big-preview multi-big\"  itemprop=\"image\" itemscope=\"itemscope\" itemtype=\"https:\/\/schema.org\/ImageObject\" ><a href=\"https:\/\/www.andalusien-urlaub.eu\/blog\/allgemein\/wenn-der-strafzettel-aus-spanien-nach-hause-kommt\/\"  title=\"DSC01513\" ><img decoding=\"async\" loading=\"lazy\" width=\"845\" height=\"321\" src=\"https:\/\/i0.wp.com\/www.andalusien-urlaub.eu\/blog\/wp-content\/uploads\/DSC01513.jpg?resize=845%2C321&amp;ssl=1\" class=\"wp-image-6151 avia-img-lazy-loading-6151 attachment-entry_with_sidebar size-entry_with_sidebar wp-post-image\" alt=\"\" data-attachment-id=\"6151\" data-permalink=\"https:\/\/www.andalusien-urlaub.eu\/blog\/allgemein\/wenn-der-strafzettel-aus-spanien-nach-hause-kommt\/attachment\/dsc01513\/\" data-orig-file=\"https:\/\/i0.wp.com\/www.andalusien-urlaub.eu\/blog\/wp-content\/uploads\/DSC01513.jpg?fit=1024%2C768&amp;ssl=1\" data-orig-size=\"1024,768\" data-comments-opened=\"1\" data-image-meta=\"{&quot;aperture&quot;:&quot;0&quot;,&quot;credit&quot;:&quot;&quot;,&quot;camera&quot;:&quot;&quot;,&quot;caption&quot;:&quot;&quot;,&quot;created_timestamp&quot;:&quot;1315067650&quot;,&quot;copyright&quot;:&quot;&quot;,&quot;focal_length&quot;:&quot;0&quot;,&quot;iso&quot;:&quot;0&quot;,&quot;shutter_speed&quot;:&quot;0&quot;,&quot;title&quot;:&quot;&quot;,&quot;orientation&quot;:&quot;1&quot;}\" data-image-title=\"DSC01513\" data-image-description=\"\" data-image-caption=\"\" data-medium-file=\"https:\/\/i0.wp.com\/www.andalusien-urlaub.eu\/blog\/wp-content\/uploads\/DSC01513.jpg?fit=600%2C450&amp;ssl=1\" data-large-file=\"https:\/\/i0.wp.com\/www.andalusien-urlaub.eu\/blog\/wp-content\/uploads\/DSC01513.jpg?fit=1024%2C768&amp;ssl=1\" \/><\/a><\/div><div class=\"entry-content\"  itemprop=\"text\" ><div class=\"read-more-link\"><a href=\"https:\/\/www.andalusien-urlaub.eu\/blog\/allgemein\/wenn-der-strafzettel-aus-spanien-nach-hause-kommt\/\" class=\"more-link\">Weiterlesen<span class='more-link-arrow avia-svg-icon avia-font-svg_entypo-fontello' data-av_svg_icon='right-open-big' data-av_iconset='svg_entypo-fontello'><svg version=\"1.1\" xmlns=\"http:\/\/www.w3.org\/2000\/svg\" width=\"15\" height=\"32\" viewBox=\"0 0 15 32\" preserveAspectRatio=\"xMidYMid meet\" role=\"graphics-symbol\" aria-hidden=\"true\">\n<path d=\"M0.416 27.84l11.456-11.84-11.456-11.904q-0.832-0.832 0-1.536 0.832-0.832 1.536 0l12.544 12.608q0.768 0.832 0 1.6l-12.544 12.608q-0.704 0.832-1.536 0-0.832-0.704 0-1.536z\"><\/path>\n<\/svg><\/span><\/a><\/div>\n<\/div><span class=\"post-meta-infos\"><time class=\"date-container minor-meta updated\"  itemprop=\"datePublished\" datetime=\"2026-02-18T16:07:47+01:00\" >18. Februar 2026<\/time><span class=\"text-sep\">\/<\/span><span class=\"comment-container minor-meta\"><a href=\"https:\/\/www.andalusien-urlaub.eu\/blog\/allgemein\/wenn-der-strafzettel-aus-spanien-nach-hause-kommt\/#respond\" class=\"comments-link\" >0 Kommentare<\/a><\/span><\/span><footer class=\"entry-footer\"><\/footer><div class='post_delimiter'><\/div><\/div><div class=\"post_author_timeline\"><\/div><span class='hidden'>\n\t\t\t\t<span class='av-structured-data'  itemprop=\"image\" itemscope=\"itemscope\" itemtype=\"https:\/\/schema.org\/ImageObject\" >\n\t\t\t\t\t\t<span itemprop='url'>https:\/\/i0.wp.com\/www.andalusien-urlaub.eu\/blog\/wp-content\/uploads\/DSC01513.jpg?fit=1024%2C768&ssl=1<\/span>\n\t\t\t\t\t\t<span itemprop='height'>768<\/span>\n\t\t\t\t\t\t<span itemprop='width'>1024<\/span>\n\t\t\t\t<\/span>\n\t\t\t\t<span class='av-structured-data'  itemprop=\"publisher\" itemtype=\"https:\/\/schema.org\/Organization\" itemscope=\"itemscope\" >\n\t\t\t\t\t\t<span itemprop='name'>J\u00fcrgen<\/span>\n\t\t\t\t\t\t<span itemprop='logo' itemscope itemtype='https:\/\/schema.org\/ImageObject'>\n\t\t\t\t\t\t\t<span itemprop='url'>https:\/\/www.andalusien-urlaub.eu\/images\/andalusien-entdecken.png<\/span>\n\t\t\t\t\t\t<\/span>\n\t\t\t\t<\/span><span class='av-structured-data'  itemprop=\"author\" itemscope=\"itemscope\" itemtype=\"https:\/\/schema.org\/Person\" ><span itemprop='name'>J\u00fcrgen<\/span><\/span><span class='av-structured-data'  itemprop=\"datePublished\" datetime=\"2026-02-18T16:07:47+01:00\" >2026-02-18 16:07:47<\/span><span class='av-structured-data'  itemprop=\"dateModified\" itemtype=\"https:\/\/schema.org\/dateModified\" >2026-02-20 16:03:19<\/span><span class='av-structured-data'  itemprop=\"mainEntityOfPage\" itemtype=\"https:\/\/schema.org\/mainEntityOfPage\" ><span itemprop='name'>Wenn der Strafzettel aus Spanien nach Hause kommt<\/span><\/span><\/span><\/article><article class=\"post-entry post-entry-type-standard post-entry-6109 post-loop-4 post-parity-even multi-big with-slider post-6109 post type-post status-publish format-standard has-post-thumbnail hentry category-allgemein category-malaga-3 category-malaga-stadt\"  itemscope=\"itemscope\" itemtype=\"https:\/\/schema.org\/BlogPosting\" ><div class=\"blog-meta\"><a href='https:\/\/www.andalusien-urlaub.eu\/blog\/author\/karina\/' class='post-author-format-type'><span class='rounded-container'><img loading=\"lazy\" decoding=\"async\" alt='Karina Heitmann' src=\"https:\/\/secure.gravatar.com\/avatar\/ee0e52b677ff2c4e334c9ef1d071d688b2e5323dab4e87258ce1449993c0b7b8?s=81&#038;d=blank&#038;r=g\" srcset='https:\/\/secure.gravatar.com\/avatar\/ee0e52b677ff2c4e334c9ef1d071d688b2e5323dab4e87258ce1449993c0b7b8?s=162&#038;d=blank&#038;r=g 2x' class='avatar avatar-81 photo' height=\"81\" width=\"81\" \/><span class='iconfont avia-svg-icon avia-font-svg_entypo-fontello' data-av_svg_icon='pencil' data-av_iconset='svg_entypo-fontello' ><svg version=\"1.1\" xmlns=\"http:\/\/www.w3.org\/2000\/svg\" width=\"25\" height=\"32\" viewBox=\"0 0 25 32\" preserveAspectRatio=\"xMidYMid meet\" role=\"graphics-symbol\" aria-hidden=\"true\">\n<path d=\"M22.976 5.44q1.024 1.024 1.504 2.048t0.48 1.536v0.512l-8.064 8.064-9.28 9.216-7.616 1.664 1.6-7.68 9.28-9.216 8.064-8.064q1.728-0.384 4.032 1.92zM7.168 25.92l0.768-0.768q-0.064-1.408-1.664-3.008-0.704-0.704-1.44-1.12t-1.12-0.416l-0.448-0.064-0.704 0.768-0.576 2.56q0.896 0.512 1.472 1.088 0.768 0.768 1.152 1.536z\"><\/path>\n<\/svg><\/span><\/span><\/a><\/div><div class='entry-content-wrapper clearfix standard-content'><header class=\"entry-content-header\" aria-label=\"Post: Historische Bauwerke M\u00e1lagas\"><div class=\"av-heading-wrapper\"><h2 class='post-title entry-title '  itemprop=\"headline\" ><a href=\"https:\/\/www.andalusien-urlaub.eu\/blog\/malaga-3\/malaga-stadt\/historische-bauwerke-malagas\/\" rel=\"bookmark\" title=\"Permanenter Link zu: Historische Bauwerke M\u00e1lagas\">Historische Bauwerke M\u00e1lagas<span class=\"post-format-icon minor-meta\"><\/span><\/a><\/h2><span class=\"blog-categories minor-meta\"><a href=\"https:\/\/www.andalusien-urlaub.eu\/blog\/category\/allgemein\/\" rel=\"tag\">Andalusien<\/a>, <a href=\"https:\/\/www.andalusien-urlaub.eu\/blog\/category\/malaga-3\/\" rel=\"tag\">M\u00e1laga<\/a>, <a href=\"https:\/\/www.andalusien-urlaub.eu\/blog\/category\/malaga-3\/malaga-stadt\/\" rel=\"tag\">M\u00e1laga Stadt<\/a><\/span><\/div><\/header><span class=\"av-vertical-delimiter\"><\/span><div class=\"big-preview multi-big\"  itemprop=\"image\" itemscope=\"itemscope\" itemtype=\"https:\/\/schema.org\/ImageObject\" ><a href=\"https:\/\/www.andalusien-urlaub.eu\/blog\/malaga-3\/malaga-stadt\/historische-bauwerke-malagas\/\"  title=\"Blick auf die Kathedrale und die Alcazaba\" ><img decoding=\"async\" loading=\"lazy\" width=\"845\" height=\"321\" src=\"https:\/\/i0.wp.com\/www.andalusien-urlaub.eu\/blog\/wp-content\/uploads\/20250212_114432.jpg?resize=845%2C321&amp;ssl=1\" class=\"wp-image-6155 avia-img-lazy-loading-6155 attachment-entry_with_sidebar size-entry_with_sidebar wp-post-image\" alt=\"M\u00e1laga\" data-attachment-id=\"6155\" data-permalink=\"https:\/\/www.andalusien-urlaub.eu\/blog\/?attachment_id=6155\" data-orig-file=\"https:\/\/i0.wp.com\/www.andalusien-urlaub.eu\/blog\/wp-content\/uploads\/20250212_114432.jpg?fit=1024%2C485&amp;ssl=1\" data-orig-size=\"1024,485\" data-comments-opened=\"1\" data-image-meta=\"{&quot;aperture&quot;:&quot;0&quot;,&quot;credit&quot;:&quot;&quot;,&quot;camera&quot;:&quot;&quot;,&quot;caption&quot;:&quot;&quot;,&quot;created_timestamp&quot;:&quot;1739360672&quot;,&quot;copyright&quot;:&quot;&quot;,&quot;focal_length&quot;:&quot;0&quot;,&quot;iso&quot;:&quot;0&quot;,&quot;shutter_speed&quot;:&quot;0&quot;,&quot;title&quot;:&quot;&quot;,&quot;orientation&quot;:&quot;1&quot;}\" data-image-title=\"20250212_114432\" data-image-description=\"\" data-image-caption=\"&lt;p&gt;Blick auf die Kathedrale und die Alcazaba&lt;\/p&gt;\n\" data-medium-file=\"https:\/\/i0.wp.com\/www.andalusien-urlaub.eu\/blog\/wp-content\/uploads\/20250212_114432.jpg?fit=600%2C284&amp;ssl=1\" data-large-file=\"https:\/\/i0.wp.com\/www.andalusien-urlaub.eu\/blog\/wp-content\/uploads\/20250212_114432.jpg?fit=1024%2C485&amp;ssl=1\" \/><\/a><\/div><div class=\"entry-content\"  itemprop=\"text\" ><p>Die vier gr\u00f6\u00dften historischen Geb\u00e4ude M\u00e1lagas befinden sich alle sehr nah beieinander und mitten im Zentrum von M\u00e1laga. Santa Iglesia Catedral Bas\u00edlica de la Encarnaci\u00f3n &#8211; Die Kathedrale von M\u00e1laga Im Renaissance Stil auf den Ruinen einer ehemaligen Moschee ab 1528 erbaut, ist die Kathedrale von M\u00e1laga bis heute unvollendet, da 1782 das Budget der [&hellip;]<\/p>\n<\/div><span class=\"post-meta-infos\"><time class=\"date-container minor-meta updated\"  itemprop=\"datePublished\" datetime=\"2025-02-07T17:37:57+01:00\" >7. Februar 2025<\/time><span class=\"text-sep\">\/<\/span><span class=\"comment-container minor-meta\"><a href=\"https:\/\/www.andalusien-urlaub.eu\/blog\/malaga-3\/malaga-stadt\/historische-bauwerke-malagas\/#respond\" class=\"comments-link\" >0 Kommentare<\/a><\/span><\/span><footer class=\"entry-footer\"><\/footer><div class='post_delimiter'><\/div><\/div><div class=\"post_author_timeline\"><\/div><span class='hidden'>\n\t\t\t\t<span class='av-structured-data'  itemprop=\"image\" itemscope=\"itemscope\" itemtype=\"https:\/\/schema.org\/ImageObject\" >\n\t\t\t\t\t\t<span itemprop='url'>https:\/\/i0.wp.com\/www.andalusien-urlaub.eu\/blog\/wp-content\/uploads\/20250212_114432.jpg?fit=1024%2C485&ssl=1<\/span>\n\t\t\t\t\t\t<span itemprop='height'>485<\/span>\n\t\t\t\t\t\t<span itemprop='width'>1024<\/span>\n\t\t\t\t<\/span>\n\t\t\t\t<span class='av-structured-data'  itemprop=\"publisher\" itemtype=\"https:\/\/schema.org\/Organization\" itemscope=\"itemscope\" >\n\t\t\t\t\t\t<span itemprop='name'>Karina Heitmann<\/span>\n\t\t\t\t\t\t<span itemprop='logo' itemscope itemtype='https:\/\/schema.org\/ImageObject'>\n\t\t\t\t\t\t\t<span itemprop='url'>https:\/\/www.andalusien-urlaub.eu\/images\/andalusien-entdecken.png<\/span>\n\t\t\t\t\t\t<\/span>\n\t\t\t\t<\/span><span class='av-structured-data'  itemprop=\"author\" itemscope=\"itemscope\" itemtype=\"https:\/\/schema.org\/Person\" ><span itemprop='name'>Karina Heitmann<\/span><\/span><span class='av-structured-data'  itemprop=\"datePublished\" datetime=\"2025-02-07T17:37:57+01:00\" >2025-02-07 17:37:57<\/span><span class='av-structured-data'  itemprop=\"dateModified\" itemtype=\"https:\/\/schema.org\/dateModified\" >2026-04-13 14:56:27<\/span><span class='av-structured-data'  itemprop=\"mainEntityOfPage\" itemtype=\"https:\/\/schema.org\/mainEntityOfPage\" ><span itemprop='name'>Historische Bauwerke M\u00e1lagas<\/span><\/span><\/span><\/article><div class='multi-big'><nav class='pagination'><span class='pagination-meta'>Seite 1 von 42<\/span><span class='current'>1<\/span><a href='https:\/\/www.andalusien-urlaub.eu\/blog\/wp-json\/wp\/v2\/pages\/5519\/page\/2\/' class='inactive next_page' >2<\/a><a href='https:\/\/www.andalusien-urlaub.eu\/blog\/wp-json\/wp\/v2\/pages\/5519\/page\/3\/' class='inactive' >3<\/a><a href='https:\/\/www.andalusien-urlaub.eu\/blog\/wp-json\/wp\/v2\/pages\/5519\/page\/2\/'>&rsaquo;<\/a><a href='https:\/\/www.andalusien-urlaub.eu\/blog\/wp-json\/wp\/v2\/pages\/5519\/page\/42\/'>&raquo;<\/a><\/nav>\n<\/div><\/div><\/div>\n<\/div><\/div><\/main><!-- close content main element --><\/div><\/div><div id='after_section_1'  class='main_color av_default_container_wrap container_wrap sidebar_right'  ><div class='container av-section-cont-open' ><div class='template-page content  av-content-small alpha units'><div class='post-entry post-entry-type-page post-entry-5519'><div class='entry-content-wrapper clearfix'>\n<section  class='av_textblock_section av-av_textblock-681fab0c2b6f1cf5a8726141282e5bbf '   itemscope=\"itemscope\" itemtype=\"https:\/\/schema.org\/BlogPosting\" itemprop=\"blogPost\" ><div class='avia_textblock'  itemprop=\"text\" ><h3>Full Sized Blog Element (Big Preview Pic)<\/h3>\n<\/div><\/section>\n<div  class='av-alb-blogposts template-blog  av-blog-meta-author-disabled '  itemscope=\"itemscope\" itemtype=\"https:\/\/schema.org\/Blog\" ><article class=\"post-entry post-entry-type-standard post-entry-6132 post-loop-5 post-parity-odd single-big with-slider post-6132 post type-post status-publish format-standard has-post-thumbnail hentry category-allgemein\"  itemscope=\"itemscope\" itemtype=\"https:\/\/schema.org\/BlogPosting\" ><div class=\"blog-meta\"><\/div><div class='entry-content-wrapper clearfix standard-content'><header class=\"entry-content-header\" aria-label=\"Post: Wenn der Strafzettel aus Spanien nach Hause kommt\"><div class=\"av-heading-wrapper\"><h2 class='post-title entry-title '  itemprop=\"headline\" ><a href=\"https:\/\/www.andalusien-urlaub.eu\/blog\/allgemein\/wenn-der-strafzettel-aus-spanien-nach-hause-kommt\/\" rel=\"bookmark\" title=\"Permanenter Link zu: Wenn der Strafzettel aus Spanien nach Hause kommt\">Wenn der Strafzettel aus Spanien nach Hause kommt<span class=\"post-format-icon minor-meta\"><\/span><\/a><\/h2><span class=\"blog-categories minor-meta\"><a href=\"https:\/\/www.andalusien-urlaub.eu\/blog\/category\/allgemein\/\" rel=\"tag\">Andalusien<\/a><\/span><\/div><\/header><span class=\"av-vertical-delimiter\"><\/span><div class=\"big-preview single-big\"  itemprop=\"image\" itemscope=\"itemscope\" itemtype=\"https:\/\/schema.org\/ImageObject\" ><a href=\"https:\/\/www.andalusien-urlaub.eu\/blog\/allgemein\/wenn-der-strafzettel-aus-spanien-nach-hause-kommt\/\"  title=\"DSC01513\" ><img decoding=\"async\" loading=\"lazy\" width=\"845\" height=\"321\" src=\"https:\/\/i0.wp.com\/www.andalusien-urlaub.eu\/blog\/wp-content\/uploads\/DSC01513.jpg?resize=845%2C321&amp;ssl=1\" class=\"wp-image-6151 avia-img-lazy-loading-6151 attachment-entry_with_sidebar size-entry_with_sidebar wp-post-image\" alt=\"\" data-attachment-id=\"6151\" data-permalink=\"https:\/\/www.andalusien-urlaub.eu\/blog\/allgemein\/wenn-der-strafzettel-aus-spanien-nach-hause-kommt\/attachment\/dsc01513\/\" data-orig-file=\"https:\/\/i0.wp.com\/www.andalusien-urlaub.eu\/blog\/wp-content\/uploads\/DSC01513.jpg?fit=1024%2C768&amp;ssl=1\" data-orig-size=\"1024,768\" data-comments-opened=\"1\" data-image-meta=\"{&quot;aperture&quot;:&quot;0&quot;,&quot;credit&quot;:&quot;&quot;,&quot;camera&quot;:&quot;&quot;,&quot;caption&quot;:&quot;&quot;,&quot;created_timestamp&quot;:&quot;1315067650&quot;,&quot;copyright&quot;:&quot;&quot;,&quot;focal_length&quot;:&quot;0&quot;,&quot;iso&quot;:&quot;0&quot;,&quot;shutter_speed&quot;:&quot;0&quot;,&quot;title&quot;:&quot;&quot;,&quot;orientation&quot;:&quot;1&quot;}\" data-image-title=\"DSC01513\" data-image-description=\"\" data-image-caption=\"\" data-medium-file=\"https:\/\/i0.wp.com\/www.andalusien-urlaub.eu\/blog\/wp-content\/uploads\/DSC01513.jpg?fit=600%2C450&amp;ssl=1\" data-large-file=\"https:\/\/i0.wp.com\/www.andalusien-urlaub.eu\/blog\/wp-content\/uploads\/DSC01513.jpg?fit=1024%2C768&amp;ssl=1\" \/><\/a><\/div><div class=\"entry-content\"  itemprop=\"text\" ><div class=\"read-more-link\"><a href=\"https:\/\/www.andalusien-urlaub.eu\/blog\/allgemein\/wenn-der-strafzettel-aus-spanien-nach-hause-kommt\/\" class=\"more-link\">Weiterlesen<span class='more-link-arrow avia-svg-icon avia-font-svg_entypo-fontello' data-av_svg_icon='right-open-big' data-av_iconset='svg_entypo-fontello'><svg version=\"1.1\" xmlns=\"http:\/\/www.w3.org\/2000\/svg\" width=\"15\" height=\"32\" viewBox=\"0 0 15 32\" preserveAspectRatio=\"xMidYMid meet\" role=\"graphics-symbol\" aria-hidden=\"true\">\n<path d=\"M0.416 27.84l11.456-11.84-11.456-11.904q-0.832-0.832 0-1.536 0.832-0.832 1.536 0l12.544 12.608q0.768 0.832 0 1.6l-12.544 12.608q-0.704 0.832-1.536 0-0.832-0.704 0-1.536z\"><\/path>\n<\/svg><\/span><\/a><\/div>\n<\/div><span class=\"post-meta-infos\"><time class=\"date-container minor-meta updated\"  itemprop=\"datePublished\" datetime=\"2026-02-18T16:07:47+01:00\" >18. Februar 2026<\/time><span class=\"text-sep\">\/<\/span><span class=\"comment-container minor-meta\"><a href=\"https:\/\/www.andalusien-urlaub.eu\/blog\/allgemein\/wenn-der-strafzettel-aus-spanien-nach-hause-kommt\/#respond\" class=\"comments-link\" >0 Kommentare<\/a><\/span><\/span><footer class=\"entry-footer\"><\/footer><div class='post_delimiter'><\/div><\/div><div class=\"post_author_timeline\"><\/div><span class='hidden'>\n\t\t\t\t<span class='av-structured-data'  itemprop=\"image\" itemscope=\"itemscope\" itemtype=\"https:\/\/schema.org\/ImageObject\" >\n\t\t\t\t\t\t<span itemprop='url'>https:\/\/i0.wp.com\/www.andalusien-urlaub.eu\/blog\/wp-content\/uploads\/DSC01513.jpg?fit=1024%2C768&ssl=1<\/span>\n\t\t\t\t\t\t<span itemprop='height'>768<\/span>\n\t\t\t\t\t\t<span itemprop='width'>1024<\/span>\n\t\t\t\t<\/span>\n\t\t\t\t<span class='av-structured-data'  itemprop=\"publisher\" itemtype=\"https:\/\/schema.org\/Organization\" itemscope=\"itemscope\" >\n\t\t\t\t\t\t<span itemprop='name'>J\u00fcrgen<\/span>\n\t\t\t\t\t\t<span itemprop='logo' itemscope itemtype='https:\/\/schema.org\/ImageObject'>\n\t\t\t\t\t\t\t<span itemprop='url'>https:\/\/www.andalusien-urlaub.eu\/images\/andalusien-entdecken.png<\/span>\n\t\t\t\t\t\t<\/span>\n\t\t\t\t<\/span><span class='av-structured-data'  itemprop=\"author\" itemscope=\"itemscope\" itemtype=\"https:\/\/schema.org\/Person\" ><span itemprop='name'>J\u00fcrgen<\/span><\/span><span class='av-structured-data'  itemprop=\"datePublished\" datetime=\"2026-02-18T16:07:47+01:00\" >2026-02-18 16:07:47<\/span><span class='av-structured-data'  itemprop=\"dateModified\" itemtype=\"https:\/\/schema.org\/dateModified\" >2026-02-20 16:03:19<\/span><span class='av-structured-data'  itemprop=\"mainEntityOfPage\" itemtype=\"https:\/\/schema.org\/mainEntityOfPage\" ><span itemprop='name'>Wenn der Strafzettel aus Spanien nach Hause kommt<\/span><\/span><\/span><\/article><article class=\"post-entry post-entry-type-standard post-entry-6109 post-loop-6 post-parity-even single-big with-slider post-6109 post type-post status-publish format-standard has-post-thumbnail hentry category-allgemein category-malaga-3 category-malaga-stadt\"  itemscope=\"itemscope\" itemtype=\"https:\/\/schema.org\/BlogPosting\" ><div class=\"blog-meta\"><\/div><div class='entry-content-wrapper clearfix standard-content'><header class=\"entry-content-header\" aria-label=\"Post: Historische Bauwerke M\u00e1lagas\"><div class=\"av-heading-wrapper\"><h2 class='post-title entry-title '  itemprop=\"headline\" ><a href=\"https:\/\/www.andalusien-urlaub.eu\/blog\/malaga-3\/malaga-stadt\/historische-bauwerke-malagas\/\" rel=\"bookmark\" title=\"Permanenter Link zu: Historische Bauwerke M\u00e1lagas\">Historische Bauwerke M\u00e1lagas<span class=\"post-format-icon minor-meta\"><\/span><\/a><\/h2><span class=\"blog-categories minor-meta\"><a href=\"https:\/\/www.andalusien-urlaub.eu\/blog\/category\/allgemein\/\" rel=\"tag\">Andalusien<\/a>, <a href=\"https:\/\/www.andalusien-urlaub.eu\/blog\/category\/malaga-3\/\" rel=\"tag\">M\u00e1laga<\/a>, <a href=\"https:\/\/www.andalusien-urlaub.eu\/blog\/category\/malaga-3\/malaga-stadt\/\" rel=\"tag\">M\u00e1laga Stadt<\/a><\/span><\/div><\/header><span class=\"av-vertical-delimiter\"><\/span><div class=\"big-preview single-big\"  itemprop=\"image\" itemscope=\"itemscope\" itemtype=\"https:\/\/schema.org\/ImageObject\" ><a href=\"https:\/\/www.andalusien-urlaub.eu\/blog\/malaga-3\/malaga-stadt\/historische-bauwerke-malagas\/\"  title=\"Blick auf die Kathedrale und die Alcazaba\" ><img decoding=\"async\" loading=\"lazy\" width=\"845\" height=\"321\" src=\"https:\/\/i0.wp.com\/www.andalusien-urlaub.eu\/blog\/wp-content\/uploads\/20250212_114432.jpg?resize=845%2C321&amp;ssl=1\" class=\"wp-image-6155 avia-img-lazy-loading-6155 attachment-entry_with_sidebar size-entry_with_sidebar wp-post-image\" alt=\"M\u00e1laga\" data-attachment-id=\"6155\" data-permalink=\"https:\/\/www.andalusien-urlaub.eu\/blog\/?attachment_id=6155\" data-orig-file=\"https:\/\/i0.wp.com\/www.andalusien-urlaub.eu\/blog\/wp-content\/uploads\/20250212_114432.jpg?fit=1024%2C485&amp;ssl=1\" data-orig-size=\"1024,485\" data-comments-opened=\"1\" data-image-meta=\"{&quot;aperture&quot;:&quot;0&quot;,&quot;credit&quot;:&quot;&quot;,&quot;camera&quot;:&quot;&quot;,&quot;caption&quot;:&quot;&quot;,&quot;created_timestamp&quot;:&quot;1739360672&quot;,&quot;copyright&quot;:&quot;&quot;,&quot;focal_length&quot;:&quot;0&quot;,&quot;iso&quot;:&quot;0&quot;,&quot;shutter_speed&quot;:&quot;0&quot;,&quot;title&quot;:&quot;&quot;,&quot;orientation&quot;:&quot;1&quot;}\" data-image-title=\"20250212_114432\" data-image-description=\"\" data-image-caption=\"&lt;p&gt;Blick auf die Kathedrale und die Alcazaba&lt;\/p&gt;\n\" data-medium-file=\"https:\/\/i0.wp.com\/www.andalusien-urlaub.eu\/blog\/wp-content\/uploads\/20250212_114432.jpg?fit=600%2C284&amp;ssl=1\" data-large-file=\"https:\/\/i0.wp.com\/www.andalusien-urlaub.eu\/blog\/wp-content\/uploads\/20250212_114432.jpg?fit=1024%2C485&amp;ssl=1\" \/><\/a><\/div><div class=\"entry-content\"  itemprop=\"text\" >\n<p>Die vier gr\u00f6\u00dften historischen Geb\u00e4ude M\u00e1lagas befinden sich alle sehr nah beieinander und mitten im Zentrum von M\u00e1laga.<\/p>\n\n\n\n<h3 class=\"wp-block-heading\">Santa Iglesia Catedral Bas\u00edlica de la Encarnaci\u00f3n &#8211; Die Kathedrale von M\u00e1laga<\/h3>\n\n\n\n<p>Im Renaissance Stil auf den Ruinen einer ehemaligen Moschee ab 1528 erbaut, ist die <a href=\"https:\/\/malagacatedral.com\/cultural-visit\/\">Kathedrale von M\u00e1laga<\/a> bis heute unvollendet, da 1782 das Budget der Stadt ersch\u00f6pft war und der s\u00fcdliche Turm der Kathedrale nicht vollendet werden konnte. Die Bewohner M\u00e1lagas benannten sie daher mit der Verniedlichungsform von &#8222;die Einarmige&#8220; : La Manquita.&nbsp;&nbsp;<\/p>\n\n\n\n<figure class=\"wp-block-image size-full\"><img data-recalc-dims=\"1\" loading=\"lazy\" decoding=\"async\" width=\"376\" height=\"600\" data-attachment-id=\"6128\" data-permalink=\"https:\/\/www.andalusien-urlaub.eu\/blog\/malaga-3\/malaga-stadt\/historische-bauwerke-malagas\/attachment\/katerdrale-4\/\" data-orig-file=\"https:\/\/i0.wp.com\/www.andalusien-urlaub.eu\/blog\/wp-content\/uploads\/Katerdrale-1-2.jpg?fit=376%2C600&amp;ssl=1\" data-orig-size=\"376,600\" data-comments-opened=\"1\" data-image-meta=\"{&quot;aperture&quot;:&quot;2.4&quot;,&quot;credit&quot;:&quot;Picasa&quot;,&quot;camera&quot;:&quot;SM-G973F&quot;,&quot;caption&quot;:&quot;&quot;,&quot;created_timestamp&quot;:&quot;1739366052&quot;,&quot;copyright&quot;:&quot;&quot;,&quot;focal_length&quot;:&quot;4.32&quot;,&quot;iso&quot;:&quot;50&quot;,&quot;shutter_speed&quot;:&quot;0.0015290519877676&quot;,&quot;title&quot;:&quot;&quot;,&quot;orientation&quot;:&quot;0&quot;}\" data-image-title=\"Katerdrale-\" data-image-description=\"\" data-image-caption=\"\" data-medium-file=\"https:\/\/i0.wp.com\/www.andalusien-urlaub.eu\/blog\/wp-content\/uploads\/Katerdrale-1-2.jpg?fit=376%2C600&amp;ssl=1\" data-large-file=\"https:\/\/i0.wp.com\/www.andalusien-urlaub.eu\/blog\/wp-content\/uploads\/Katerdrale-1-2.jpg?fit=376%2C600&amp;ssl=1\" src=\"https:\/\/i0.wp.com\/www.andalusien-urlaub.eu\/blog\/wp-content\/uploads\/Katerdrale-1-2.jpg?resize=376%2C600&#038;ssl=1\" alt=\"\" class=\"wp-image-6128\" srcset=\"https:\/\/i0.wp.com\/www.andalusien-urlaub.eu\/blog\/wp-content\/uploads\/Katerdrale-1-2.jpg?w=376&amp;ssl=1 376w, https:\/\/i0.wp.com\/www.andalusien-urlaub.eu\/blog\/wp-content\/uploads\/Katerdrale-1-2.jpg?resize=50%2C80&amp;ssl=1 50w\" sizes=\"auto, (max-width: 376px) 100vw, 376px\" \/><\/figure>\n\n\n\n<p>Adresse: Calle Molina Lario, 9 \u2013 im Zentrum<\/p>\n\n\n\n<p>Ge\u00f6ffnet: Mo \u2013 Fr 10:00 \u2013 20 h, Sa 10:00 \u2013 18:00 h und So: 14:00 \u2013 18:00 h<\/p>\n\n\n\n<p>Eintritt 2024 inklusive Audioguide: 10,- Euro, Senioren 9,- Euro<\/p>\n\n\n\n<h3 class=\"wp-block-heading\"><strong>&nbsp;Die Alcazaba, die ehemalige Festung M\u00e1lagas<\/strong><\/h3>\n\n\n\n<figure class=\"wp-block-image size-full is-resized\"><img data-recalc-dims=\"1\" loading=\"lazy\" decoding=\"async\" width=\"1024\" height=\"484\" data-attachment-id=\"6120\" data-permalink=\"https:\/\/www.andalusien-urlaub.eu\/blog\/malaga-3\/malaga-stadt\/historische-bauwerke-malagas\/attachment\/alcazaba\/\" data-orig-file=\"https:\/\/i0.wp.com\/www.andalusien-urlaub.eu\/blog\/wp-content\/uploads\/Alcazaba.jpg?fit=1024%2C484&amp;ssl=1\" data-orig-size=\"1024,484\" data-comments-opened=\"1\" data-image-meta=\"{&quot;aperture&quot;:&quot;2.4&quot;,&quot;credit&quot;:&quot;&quot;,&quot;camera&quot;:&quot;SM-G973F&quot;,&quot;caption&quot;:&quot;&quot;,&quot;created_timestamp&quot;:&quot;1739360678&quot;,&quot;copyright&quot;:&quot;&quot;,&quot;focal_length&quot;:&quot;4.32&quot;,&quot;iso&quot;:&quot;50&quot;,&quot;shutter_speed&quot;:&quot;0.00059665871121718&quot;,&quot;title&quot;:&quot;&quot;,&quot;orientation&quot;:&quot;1&quot;}\" data-image-title=\"Alcazaba\" data-image-description=\"\" data-image-caption=\"\" data-medium-file=\"https:\/\/i0.wp.com\/www.andalusien-urlaub.eu\/blog\/wp-content\/uploads\/Alcazaba.jpg?fit=600%2C284&amp;ssl=1\" data-large-file=\"https:\/\/i0.wp.com\/www.andalusien-urlaub.eu\/blog\/wp-content\/uploads\/Alcazaba.jpg?fit=1024%2C484&amp;ssl=1\" src=\"https:\/\/i0.wp.com\/www.andalusien-urlaub.eu\/blog\/wp-content\/uploads\/Alcazaba.jpg?resize=1024%2C484&#038;ssl=1\" alt=\"\" class=\"wp-image-6120\" style=\"width:800px;height:auto\" srcset=\"https:\/\/i0.wp.com\/www.andalusien-urlaub.eu\/blog\/wp-content\/uploads\/Alcazaba.jpg?w=1024&amp;ssl=1 1024w, https:\/\/i0.wp.com\/www.andalusien-urlaub.eu\/blog\/wp-content\/uploads\/Alcazaba.jpg?resize=600%2C284&amp;ssl=1 600w, https:\/\/i0.wp.com\/www.andalusien-urlaub.eu\/blog\/wp-content\/uploads\/Alcazaba.jpg?resize=80%2C38&amp;ssl=1 80w, https:\/\/i0.wp.com\/www.andalusien-urlaub.eu\/blog\/wp-content\/uploads\/Alcazaba.jpg?resize=768%2C363&amp;ssl=1 768w, https:\/\/i0.wp.com\/www.andalusien-urlaub.eu\/blog\/wp-content\/uploads\/Alcazaba.jpg?resize=705%2C333&amp;ssl=1 705w\" sizes=\"auto, (max-width: 1024px) 100vw, 1024px\" \/><\/figure>\n\n\n\n<p>Die <a href=\"https:\/\/alcazabaygibralfaro.malaga.eu\/de\/visitas\/alcazaba\/\"><strong>Alcazaba <\/strong><\/a>wurde w\u00e4hrend der Regierungszeit des Maurensultans B\u0101d\u012bs errichtet. Als ehemalige Festung wurde sie zwischen dem 11. und 15. Jahrhundert auf den Resten einer ph\u00f6nizischen Burg erbaut. Heute befindet sich in der Burg ein Saal, in dem Keramiken aus der islamischen Zeit M\u00e1lagas ausgestellt sind.<\/p>\n\n\n\n<p><a href=\"https:\/\/maps.app.goo.gl\/hw1McYim1CHVondu8\">Adresse<\/a>: C\/ Alcazabilla, 2 \u2013 im Zentrum<\/p>\n\n\n\n<p>\u00d6ffnungszeiten:<\/p>\n\n\n\n<p>Vom 01. November bis zum 31.M\u00e4rz  Mo \u2013 Fr 09:00 \u2013 18:00 Uhr, letzter Einlass um 17:15 Uhr<\/p>\n\n\n\n<p>Vom 01. April bis zum 31. Oktober von 09:00 bis 20:00 Uhr, letzter Einlass um 19:15 Uhr<\/p>\n\n\n\n<p>Eintrittspreis Normaltarif 2025: 3,50 Euro<\/p>\n\n\n\n<h4 class=\"wp-block-heading\">Die <strong>Alcazaba<\/strong> geh\u00f6rt zusammen mit der <strong>Burg Gibralfaro <\/strong>(<strong>\u201eCastillo de Gibralfaro\u201c<\/strong>) und dem <strong>r\u00f6mischen Theater (\u201eTeatro Romano\u201c)<\/strong> zu den wichtigsten Denkm\u00e4lern der Stadt.<\/h4>\n\n\n\n<p><\/p>\n\n\n\n<h3 class=\"wp-block-heading\">Castillo del Gibralfaro &#8211; die Burg Gibralfaro<\/h3>\n\n\n\n<p>Die <strong><a href=\"https:\/\/alcazabaygibralfaro.malaga.eu\/de\/die-burg-von-gibralfaro\/geschichte\/\">Burg Gibralfaro<\/a><\/strong> befindet sich oberhalb der Alcazaba wurde 1998 im Geb\u00e4ude der ehemaligen Pulverkammer ein <a href=\"https:\/\/alcazabaygibralfaro.malaga.eu\/de\/die-burg-von-gibralfaro\/interpretationszentrum\/\">Interpretationszentrum<\/a> er\u00f6ffnet, in dem das Leben in der Burg als Milit\u00e4rquartier und K\u00fcstenwache zwischen 1487 bis 1925 erkl\u00e4rt wird.<\/p>\n\n\n\n<figure class=\"wp-block-image size-large\"><img data-recalc-dims=\"1\" loading=\"lazy\" decoding=\"async\" width=\"1030\" height=\"543\" data-attachment-id=\"6122\" data-permalink=\"https:\/\/www.andalusien-urlaub.eu\/blog\/malaga-3\/malaga-stadt\/historische-bauwerke-malagas\/attachment\/gibralfaro\/\" data-orig-file=\"https:\/\/i0.wp.com\/www.andalusien-urlaub.eu\/blog\/wp-content\/uploads\/Gibralfaro.jpg?fit=2309%2C1217&amp;ssl=1\" data-orig-size=\"2309,1217\" data-comments-opened=\"1\" data-image-meta=\"{&quot;aperture&quot;:&quot;2.4&quot;,&quot;credit&quot;:&quot;&quot;,&quot;camera&quot;:&quot;SM-G973F&quot;,&quot;caption&quot;:&quot;&quot;,&quot;created_timestamp&quot;:&quot;1739360090&quot;,&quot;copyright&quot;:&quot;&quot;,&quot;focal_length&quot;:&quot;6&quot;,&quot;iso&quot;:&quot;50&quot;,&quot;shutter_speed&quot;:&quot;0.0020703933747412&quot;,&quot;title&quot;:&quot;&quot;,&quot;orientation&quot;:&quot;1&quot;}\" data-image-title=\"Gibralfaro\" data-image-description=\"\" data-image-caption=\"\" data-medium-file=\"https:\/\/i0.wp.com\/www.andalusien-urlaub.eu\/blog\/wp-content\/uploads\/Gibralfaro.jpg?fit=600%2C316&amp;ssl=1\" data-large-file=\"https:\/\/i0.wp.com\/www.andalusien-urlaub.eu\/blog\/wp-content\/uploads\/Gibralfaro.jpg?fit=1030%2C543&amp;ssl=1\" src=\"https:\/\/i0.wp.com\/www.andalusien-urlaub.eu\/blog\/wp-content\/uploads\/Gibralfaro.jpg?resize=1030%2C543&#038;ssl=1\" alt=\"\" class=\"wp-image-6122\" srcset=\"https:\/\/i0.wp.com\/www.andalusien-urlaub.eu\/blog\/wp-content\/uploads\/Gibralfaro.jpg?resize=1030%2C543&amp;ssl=1 1030w, https:\/\/i0.wp.com\/www.andalusien-urlaub.eu\/blog\/wp-content\/uploads\/Gibralfaro.jpg?resize=600%2C316&amp;ssl=1 600w, https:\/\/i0.wp.com\/www.andalusien-urlaub.eu\/blog\/wp-content\/uploads\/Gibralfaro.jpg?resize=80%2C42&amp;ssl=1 80w, https:\/\/i0.wp.com\/www.andalusien-urlaub.eu\/blog\/wp-content\/uploads\/Gibralfaro.jpg?resize=768%2C405&amp;ssl=1 768w, https:\/\/i0.wp.com\/www.andalusien-urlaub.eu\/blog\/wp-content\/uploads\/Gibralfaro.jpg?resize=1536%2C810&amp;ssl=1 1536w, https:\/\/i0.wp.com\/www.andalusien-urlaub.eu\/blog\/wp-content\/uploads\/Gibralfaro.jpg?resize=2048%2C1079&amp;ssl=1 2048w, https:\/\/i0.wp.com\/www.andalusien-urlaub.eu\/blog\/wp-content\/uploads\/Gibralfaro.jpg?resize=1500%2C791&amp;ssl=1 1500w, https:\/\/i0.wp.com\/www.andalusien-urlaub.eu\/blog\/wp-content\/uploads\/Gibralfaro.jpg?resize=710%2C375&amp;ssl=1 710w, https:\/\/i0.wp.com\/www.andalusien-urlaub.eu\/blog\/wp-content\/uploads\/Gibralfaro.jpg?resize=705%2C372&amp;ssl=1 705w\" sizes=\"auto, (max-width: 1030px) 100vw, 1030px\" \/><\/figure>\n\n\n\n<p>Vom <a href=\"https:\/\/www.google.es\/maps\/dir\/Paseo+del+Parque,+Distrito+Centro,+M%C3%A1laga\/Castillo+de+Gibralfaro,+Camino+Gibralfaro,+M%C3%A1laga\/@36.7198037,-4.4162912,16z\/data=!3m1!5s0xd72f7c2426518c7:0x9f41d2c3fa6e5847!4m14!4m13!1m5!1m1!1s0xd72f7eae347e9bd:0x9f1f4beefe71c327!2m2!1d-4.4159281!2d36.7195135!1m5!1m1!1s0xd72f7c2d298c359:0xc4350594f8ef2191!2m2!1d-4.410563!2d36.7235379!3e3?hl=es&amp;entry=ttu\">Paseo del Parque<\/a> k\u00f6nnen Sie die Buslinie 35 zur Burg nehmen.<\/p>\n\n\n\n<p>Eintritt: 3,50 Euro <\/p>\n\n\n\n<p>Wenn Sie innerhalb von 48 Stunden die Alcazaba und auch die Burg Gibralfaro besuchen m\u00f6chten, kostet das Kombi-Ticket f\u00fcr beide Besuche 5,50 Euro. F\u00fcr Senioren: 1,50 \/ 2,50 Euro<\/p>\n\n\n\n<p><a href=\"https:\/\/maps.app.goo.gl\/aH7tbQ3dWaSgMVNg9\">Adresse<\/a>: C\/ Alcazabilla, 2 &#8211; im Zentrum<\/p>\n\n\n\n<p>\u00d6ffnungszeiten:<\/p>\n\n\n\n<p>Vom 01. November bis zum 31.M\u00e4rz  Mo \u2013 Fr 09:00 \u2013 18:00 Uhr, letzter Einlass um 17:15 Uhr<\/p>\n\n\n\n<div class=\"wp-block-group is-nowrap is-layout-flex wp-container-core-group-is-layout-ad2f72ca wp-block-group-is-layout-flex\">\n<p>Vom 01. April bis zum 31. Oktober von 09:00 bis 20:00 Uhr, letzter Einlass um 19:15 Uhr<\/p>\n<\/div>\n\n\n\n<p>Weitere Informationen auf Deutsch und fantastische Fotos von der Alcazaba und der Burg Gibralfaro finden Sie auf der Website der Stadtverwaltung<strong> <a href=\"https:\/\/alcazabaygibralfaro.malaga.eu\/de\/multimedia\/galerie-der-bilder\/?pageimagegallery=1\">Ayuntamiento de M\u00e1laga<\/a><\/strong><\/p>\n\n\n\n<h3 class=\"wp-block-heading\">Das r\u00f6mische Theater<\/h3>\n\n\n\n<p>Das <a href=\"https:\/\/www.juntadeandalucia.es\/cultura\/enclaves\/sites\/default\/files\/EA%20TEATRO%20ROMANO%20M%C3%81LAGA%20a4%20de%20ALEMAN.pdf\">r\u00f6mische Theater<\/a> besteht aus den Resten des Theaters der antiken Stadt Malaka und ist Zeugnis der r\u00f6mischen Pr\u00e4senz in M\u00e1laga. Es befindet sich im historischen Zentrum der Stadt am Fu\u00df des H\u00fcgels der Alcazaba.<\/p>\n\n\n\n<figure class=\"wp-block-gallery has-nested-images columns-default is-cropped wp-block-gallery-1 is-layout-flex wp-block-gallery-is-layout-flex\">\n<figure class=\"wp-block-image size-large\"><img data-recalc-dims=\"1\" loading=\"lazy\" decoding=\"async\" width=\"1024\" height=\"484\" data-attachment-id=\"6129\" data-permalink=\"https:\/\/www.andalusien-urlaub.eu\/blog\/malaga-3\/malaga-stadt\/historische-bauwerke-malagas\/attachment\/teatro2\/\" data-orig-file=\"https:\/\/i0.wp.com\/www.andalusien-urlaub.eu\/blog\/wp-content\/uploads\/Teatro2.jpg?fit=1024%2C484&amp;ssl=1\" data-orig-size=\"1024,484\" data-comments-opened=\"1\" data-image-meta=\"{&quot;aperture&quot;:&quot;2.4&quot;,&quot;credit&quot;:&quot;&quot;,&quot;camera&quot;:&quot;SM-G973F&quot;,&quot;caption&quot;:&quot;&quot;,&quot;created_timestamp&quot;:&quot;1739359353&quot;,&quot;copyright&quot;:&quot;&quot;,&quot;focal_length&quot;:&quot;4.32&quot;,&quot;iso&quot;:&quot;50&quot;,&quot;shutter_speed&quot;:&quot;0.0014577259475219&quot;,&quot;title&quot;:&quot;&quot;,&quot;orientation&quot;:&quot;1&quot;}\" data-image-title=\"Teatro2\" data-image-description=\"\" data-image-caption=\"\" data-medium-file=\"https:\/\/i0.wp.com\/www.andalusien-urlaub.eu\/blog\/wp-content\/uploads\/Teatro2.jpg?fit=600%2C284&amp;ssl=1\" data-large-file=\"https:\/\/i0.wp.com\/www.andalusien-urlaub.eu\/blog\/wp-content\/uploads\/Teatro2.jpg?fit=1024%2C484&amp;ssl=1\" data-id=\"6129\" src=\"https:\/\/i0.wp.com\/www.andalusien-urlaub.eu\/blog\/wp-content\/uploads\/Teatro2.jpg?resize=1024%2C484&#038;ssl=1\" alt=\"\" class=\"wp-image-6129\" srcset=\"https:\/\/i0.wp.com\/www.andalusien-urlaub.eu\/blog\/wp-content\/uploads\/Teatro2.jpg?w=1024&amp;ssl=1 1024w, https:\/\/i0.wp.com\/www.andalusien-urlaub.eu\/blog\/wp-content\/uploads\/Teatro2.jpg?resize=600%2C284&amp;ssl=1 600w, https:\/\/i0.wp.com\/www.andalusien-urlaub.eu\/blog\/wp-content\/uploads\/Teatro2.jpg?resize=80%2C38&amp;ssl=1 80w, https:\/\/i0.wp.com\/www.andalusien-urlaub.eu\/blog\/wp-content\/uploads\/Teatro2.jpg?resize=768%2C363&amp;ssl=1 768w, https:\/\/i0.wp.com\/www.andalusien-urlaub.eu\/blog\/wp-content\/uploads\/Teatro2.jpg?resize=705%2C333&amp;ssl=1 705w\" sizes=\"auto, (max-width: 1024px) 100vw, 1024px\" \/><\/figure>\n<\/figure>\n\n\n\n<p><\/p>\n\n\n\n<p><a href=\"https:\/\/maps.app.goo.gl\/auZojCfwQwu9rLbL6\">Adresse<\/a>: Calle Alcazabilla &#8211; im Zentrum<\/p>\n\n\n\n<p>\u00d6ffnungszeiten: <\/p>\n\n\n\n<p>dienstags bis samstags von 10:00 bis 18:00 Uhr,<\/p>\n\n\n\n<p>An Sonn- und Feiertagen von 10:00 Uhr bis 16:00 Uhr<\/p>\n\n\n\n<p>freier Eintritt<\/p>\n\n\n\n<p><\/p>\n<\/div><span class=\"post-meta-infos\"><time class=\"date-container minor-meta updated\"  itemprop=\"datePublished\" datetime=\"2025-02-07T17:37:57+01:00\" >7. Februar 2025<\/time><span class=\"text-sep\">\/<\/span><span class=\"comment-container minor-meta\"><a href=\"https:\/\/www.andalusien-urlaub.eu\/blog\/malaga-3\/malaga-stadt\/historische-bauwerke-malagas\/#respond\" class=\"comments-link\" >0 Kommentare<\/a><\/span><\/span><footer class=\"entry-footer\"><\/footer><div class='post_delimiter'><\/div><\/div><div class=\"post_author_timeline\"><\/div><span class='hidden'>\n\t\t\t\t<span class='av-structured-data'  itemprop=\"image\" itemscope=\"itemscope\" itemtype=\"https:\/\/schema.org\/ImageObject\" >\n\t\t\t\t\t\t<span itemprop='url'>https:\/\/i0.wp.com\/www.andalusien-urlaub.eu\/blog\/wp-content\/uploads\/20250212_114432.jpg?fit=1024%2C485&ssl=1<\/span>\n\t\t\t\t\t\t<span itemprop='height'>485<\/span>\n\t\t\t\t\t\t<span itemprop='width'>1024<\/span>\n\t\t\t\t<\/span>\n\t\t\t\t<span class='av-structured-data'  itemprop=\"publisher\" itemtype=\"https:\/\/schema.org\/Organization\" itemscope=\"itemscope\" >\n\t\t\t\t\t\t<span itemprop='name'>Karina Heitmann<\/span>\n\t\t\t\t\t\t<span itemprop='logo' itemscope itemtype='https:\/\/schema.org\/ImageObject'>\n\t\t\t\t\t\t\t<span itemprop='url'>https:\/\/www.andalusien-urlaub.eu\/images\/andalusien-entdecken.png<\/span>\n\t\t\t\t\t\t<\/span>\n\t\t\t\t<\/span><span class='av-structured-data'  itemprop=\"author\" itemscope=\"itemscope\" itemtype=\"https:\/\/schema.org\/Person\" ><span itemprop='name'>Karina Heitmann<\/span><\/span><span class='av-structured-data'  itemprop=\"datePublished\" datetime=\"2025-02-07T17:37:57+01:00\" >2025-02-07 17:37:57<\/span><span class='av-structured-data'  itemprop=\"dateModified\" itemtype=\"https:\/\/schema.org\/dateModified\" >2026-04-13 14:56:27<\/span><span class='av-structured-data'  itemprop=\"mainEntityOfPage\" itemtype=\"https:\/\/schema.org\/mainEntityOfPage\" ><span itemprop='name'>Historische Bauwerke M\u00e1lagas<\/span><\/span><\/span><\/article><div class='single-big'><nav class='pagination'><span class='pagination-meta'>Seite 1 von 42<\/span><span class='current'>1<\/span><a href='https:\/\/www.andalusien-urlaub.eu\/blog\/wp-json\/wp\/v2\/pages\/5519\/page\/2\/' class='inactive next_page' >2<\/a><a href='https:\/\/www.andalusien-urlaub.eu\/blog\/wp-json\/wp\/v2\/pages\/5519\/page\/3\/' class='inactive' >3<\/a><a href='https:\/\/www.andalusien-urlaub.eu\/blog\/wp-json\/wp\/v2\/pages\/5519\/page\/2\/'>&rsaquo;<\/a><a href='https:\/\/www.andalusien-urlaub.eu\/blog\/wp-json\/wp\/v2\/pages\/5519\/page\/42\/'>&raquo;<\/a><\/nav>\n<\/div><\/div>\n","protected":false},"excerpt":{"rendered":"","protected":false},"author":1,"featured_media":0,"parent":750,"menu_order":0,"comment_status":"open","ping_status":"open","template":"","meta":{"jetpack_post_was_ever_published":false,"footnotes":""},"class_list":["post-5519","page","type-page","status-publish","hentry"],"yoast_head":"<!-- This site is optimized with the Yoast SEO plugin v27.0 - https:\/\/yoast.com\/product\/yoast-seo-wordpress\/ -->\n<title>Blog Elements - Andalusien entdecken<\/title>\n<meta name=\"robots\" content=\"index, follow, max-snippet:-1, max-image-preview:large, max-video-preview:-1\" \/>\n<link rel=\"canonical\" href=\"https:\/\/www.andalusien-urlaub.eu\/blog\/shortcodes\/blog-element\/\" \/>\n<meta property=\"og:locale\" content=\"de_DE\" \/>\n<meta property=\"og:type\" content=\"article\" \/>\n<meta property=\"og:title\" content=\"Blog Elements - Andalusien entdecken\" \/>\n<meta property=\"og:url\" content=\"https:\/\/www.andalusien-urlaub.eu\/blog\/shortcodes\/blog-element\/\" \/>\n<meta property=\"og:site_name\" content=\"Andalusien entdecken\" \/>\n<meta property=\"article:publisher\" content=\"https:\/\/www.facebook.com\/abnachandalusien\" \/>\n<meta name=\"twitter:card\" content=\"summary_large_image\" \/>\n<meta name=\"twitter:site\" content=\"@granadareisen\" \/>\n<meta name=\"twitter:label1\" content=\"Gesch\u00e4tzte Lesezeit\" \/>\n\t<meta name=\"twitter:data1\" content=\"1\u00a0Minute\" \/>\n<script type=\"application\/ld+json\" class=\"yoast-schema-graph\">{\"@context\":\"https:\/\/schema.org\",\"@graph\":[{\"@type\":\"WebPage\",\"@id\":\"https:\/\/www.andalusien-urlaub.eu\/blog\/shortcodes\/blog-element\/\",\"url\":\"https:\/\/www.andalusien-urlaub.eu\/blog\/shortcodes\/blog-element\/\",\"name\":\"Blog Elements - Andalusien entdecken\",\"isPartOf\":{\"@id\":\"https:\/\/www.andalusien-urlaub.eu\/blog\/#website\"},\"datePublished\":\"2013-04-01T20:55:14+00:00\",\"breadcrumb\":{\"@id\":\"https:\/\/www.andalusien-urlaub.eu\/blog\/shortcodes\/blog-element\/#breadcrumb\"},\"inLanguage\":\"de\",\"potentialAction\":[{\"@type\":\"ReadAction\",\"target\":[\"https:\/\/www.andalusien-urlaub.eu\/blog\/shortcodes\/blog-element\/\"]}]},{\"@type\":\"BreadcrumbList\",\"@id\":\"https:\/\/www.andalusien-urlaub.eu\/blog\/shortcodes\/blog-element\/#breadcrumb\",\"itemListElement\":[{\"@type\":\"ListItem\",\"position\":1,\"name\":\"Home\",\"item\":\"https:\/\/www.andalusien-urlaub.eu\/blog\/homepage\/\"},{\"@type\":\"ListItem\",\"position\":2,\"name\":\"Shortcodes\",\"item\":\"https:\/\/www.andalusien-urlaub.eu\/blog\/shortcodes\/\"},{\"@type\":\"ListItem\",\"position\":3,\"name\":\"Blog Elements\"}]},{\"@type\":\"WebSite\",\"@id\":\"https:\/\/www.andalusien-urlaub.eu\/blog\/#website\",\"url\":\"https:\/\/www.andalusien-urlaub.eu\/blog\/\",\"name\":\"Andalusien entdecken\",\"description\":\"Auf Entdeckungsreise in Andalusien\",\"publisher\":{\"@id\":\"https:\/\/www.andalusien-urlaub.eu\/blog\/#organization\"},\"potentialAction\":[{\"@type\":\"SearchAction\",\"target\":{\"@type\":\"EntryPoint\",\"urlTemplate\":\"https:\/\/www.andalusien-urlaub.eu\/blog\/?s={search_term_string}\"},\"query-input\":{\"@type\":\"PropertyValueSpecification\",\"valueRequired\":true,\"valueName\":\"search_term_string\"}}],\"inLanguage\":\"de\"},{\"@type\":\"Organization\",\"@id\":\"https:\/\/www.andalusien-urlaub.eu\/blog\/#organization\",\"name\":\"Andalusien entdecken\",\"url\":\"https:\/\/www.andalusien-urlaub.eu\/blog\/\",\"logo\":{\"@type\":\"ImageObject\",\"inLanguage\":\"de\",\"@id\":\"https:\/\/www.andalusien-urlaub.eu\/blog\/#\/schema\/logo\/image\/\",\"url\":\"https:\/\/i2.wp.com\/www.andalusien-urlaub.eu\/blog\/wp-content\/uploads\/Logo_Final_PNG_kl.png?fit=300%2C127&ssl=1\",\"contentUrl\":\"https:\/\/i2.wp.com\/www.andalusien-urlaub.eu\/blog\/wp-content\/uploads\/Logo_Final_PNG_kl.png?fit=300%2C127&ssl=1\",\"width\":300,\"height\":127,\"caption\":\"Andalusien entdecken\"},\"image\":{\"@id\":\"https:\/\/www.andalusien-urlaub.eu\/blog\/#\/schema\/logo\/image\/\"},\"sameAs\":[\"https:\/\/www.facebook.com\/abnachandalusien\",\"https:\/\/x.com\/granadareisen\"]}]}<\/script>\n<!-- \/ Yoast SEO plugin. -->","yoast_head_json":{"title":"Blog Elements - Andalusien entdecken","robots":{"index":"index","follow":"follow","max-snippet":"max-snippet:-1","max-image-preview":"max-image-preview:large","max-video-preview":"max-video-preview:-1"},"canonical":"https:\/\/www.andalusien-urlaub.eu\/blog\/shortcodes\/blog-element\/","og_locale":"de_DE","og_type":"article","og_title":"Blog Elements - Andalusien entdecken","og_url":"https:\/\/www.andalusien-urlaub.eu\/blog\/shortcodes\/blog-element\/","og_site_name":"Andalusien entdecken","article_publisher":"https:\/\/www.facebook.com\/abnachandalusien","twitter_card":"summary_large_image","twitter_site":"@granadareisen","twitter_misc":{"Gesch\u00e4tzte Lesezeit":"1\u00a0Minute"},"schema":{"@context":"https:\/\/schema.org","@graph":[{"@type":"WebPage","@id":"https:\/\/www.andalusien-urlaub.eu\/blog\/shortcodes\/blog-element\/","url":"https:\/\/www.andalusien-urlaub.eu\/blog\/shortcodes\/blog-element\/","name":"Blog Elements - Andalusien entdecken","isPartOf":{"@id":"https:\/\/www.andalusien-urlaub.eu\/blog\/#website"},"datePublished":"2013-04-01T20:55:14+00:00","breadcrumb":{"@id":"https:\/\/www.andalusien-urlaub.eu\/blog\/shortcodes\/blog-element\/#breadcrumb"},"inLanguage":"de","potentialAction":[{"@type":"ReadAction","target":["https:\/\/www.andalusien-urlaub.eu\/blog\/shortcodes\/blog-element\/"]}]},{"@type":"BreadcrumbList","@id":"https:\/\/www.andalusien-urlaub.eu\/blog\/shortcodes\/blog-element\/#breadcrumb","itemListElement":[{"@type":"ListItem","position":1,"name":"Home","item":"https:\/\/www.andalusien-urlaub.eu\/blog\/homepage\/"},{"@type":"ListItem","position":2,"name":"Shortcodes","item":"https:\/\/www.andalusien-urlaub.eu\/blog\/shortcodes\/"},{"@type":"ListItem","position":3,"name":"Blog Elements"}]},{"@type":"WebSite","@id":"https:\/\/www.andalusien-urlaub.eu\/blog\/#website","url":"https:\/\/www.andalusien-urlaub.eu\/blog\/","name":"Andalusien entdecken","description":"Auf Entdeckungsreise in Andalusien","publisher":{"@id":"https:\/\/www.andalusien-urlaub.eu\/blog\/#organization"},"potentialAction":[{"@type":"SearchAction","target":{"@type":"EntryPoint","urlTemplate":"https:\/\/www.andalusien-urlaub.eu\/blog\/?s={search_term_string}"},"query-input":{"@type":"PropertyValueSpecification","valueRequired":true,"valueName":"search_term_string"}}],"inLanguage":"de"},{"@type":"Organization","@id":"https:\/\/www.andalusien-urlaub.eu\/blog\/#organization","name":"Andalusien entdecken","url":"https:\/\/www.andalusien-urlaub.eu\/blog\/","logo":{"@type":"ImageObject","inLanguage":"de","@id":"https:\/\/www.andalusien-urlaub.eu\/blog\/#\/schema\/logo\/image\/","url":"https:\/\/i2.wp.com\/www.andalusien-urlaub.eu\/blog\/wp-content\/uploads\/Logo_Final_PNG_kl.png?fit=300%2C127&ssl=1","contentUrl":"https:\/\/i2.wp.com\/www.andalusien-urlaub.eu\/blog\/wp-content\/uploads\/Logo_Final_PNG_kl.png?fit=300%2C127&ssl=1","width":300,"height":127,"caption":"Andalusien entdecken"},"image":{"@id":"https:\/\/www.andalusien-urlaub.eu\/blog\/#\/schema\/logo\/image\/"},"sameAs":["https:\/\/www.facebook.com\/abnachandalusien","https:\/\/x.com\/granadareisen"]}]}},"jetpack_shortlink":"https:\/\/wp.me\/P4SCDV-1r1","jetpack_sharing_enabled":true,"_links":{"self":[{"href":"https:\/\/www.andalusien-urlaub.eu\/blog\/wp-json\/wp\/v2\/pages\/5519","targetHints":{"allow":["GET"]}}],"collection":[{"href":"https:\/\/www.andalusien-urlaub.eu\/blog\/wp-json\/wp\/v2\/pages"}],"about":[{"href":"https:\/\/www.andalusien-urlaub.eu\/blog\/wp-json\/wp\/v2\/types\/page"}],"author":[{"embeddable":true,"href":"https:\/\/www.andalusien-urlaub.eu\/blog\/wp-json\/wp\/v2\/users\/1"}],"replies":[{"embeddable":true,"href":"https:\/\/www.andalusien-urlaub.eu\/blog\/wp-json\/wp\/v2\/comments?post=5519"}],"version-history":[{"count":0,"href":"https:\/\/www.andalusien-urlaub.eu\/blog\/wp-json\/wp\/v2\/pages\/5519\/revisions"}],"up":[{"embeddable":true,"href":"https:\/\/www.andalusien-urlaub.eu\/blog\/wp-json\/wp\/v2\/pages\/750"}],"wp:attachment":[{"href":"https:\/\/www.andalusien-urlaub.eu\/blog\/wp-json\/wp\/v2\/media?parent=5519"}],"curies":[{"name":"wp","href":"https:\/\/api.w.org\/{rel}","templated":true}]}}